{"id":5070,"date":"2023-03-29T13:36:00","date_gmt":"2023-03-29T13:36:00","guid":{"rendered":"https:\/\/lericimusicfestival.org\/aug-2-double-dream\/"},"modified":"2023-07-26T16:12:40","modified_gmt":"2023-07-26T16:12:40","slug":"aug-2-double-dream","status":"publish","type":"page","link":"https:\/\/lericimusicfestival.org\/en\/aug-2-double-dream\/","title":{"rendered":"August 2 DOUBLE DREAM"},"content":{"rendered":"\t\t<div data-elementor-type=\"wp-page\" data-elementor-id=\"5070\" class=\"elementor elementor-5070 elementor-2921\" data-elementor-post-type=\"page\">\n\t\t\t\t\t\t<section class=\"elementor-section elementor-top-section elementor-element elementor-element-498c19b elementor-section-height-min-height elementor-section-boxed elementor-section-height-default elementor-section-items-middle\" data-id=\"498c19b\" data-element_type=\"section\" data-settings=\"{&quot;background_background&quot;:&quot;classic&quot;}\">\n\t\t\t\t\t\t\t<div class=\"elementor-background-overlay\"><\/div>\n\t\t\t\t\t\t\t<div class=\"elementor-container elementor-column-gap-default\">\n\t\t\t\t\t<div class=\"elementor-column elementor-col-33 elementor-top-column elementor-element elementor-element-1b28ac89\" data-id=\"1b28ac89\" data-element_type=\"column\">\n\t\t\t<div class=\"elementor-widget-wrap\">\n\t\t\t\t\t\t\t<\/div>\n\t\t<\/div>\n\t\t\t\t<div class=\"elementor-column elementor-col-33 elementor-top-column elementor-element elementor-element-f76b906\" data-id=\"f76b906\" data-element_type=\"column\">\n\t\t\t<div class=\"elementor-widget-wrap elementor-element-populated\">\n\t\t\t\t\t\t<div class=\"elementor-element elementor-element-f739da8 elementor-widget elementor-widget-spacer\" data-id=\"f739da8\" data-element_type=\"widget\" data-widget_type=\"spacer.default\">\n\t\t\t\t<div class=\"elementor-widget-container\">\n\t\t\t\t\t\t\t<div class=\"elementor-spacer\">\n\t\t\t<div class=\"elementor-spacer-inner\"><\/div>\n\t\t<\/div>\n\t\t\t\t\t\t<\/div>\n\t\t\t\t<\/div>\n\t\t\t\t<div class=\"elementor-element elementor-element-bfed10f elementor-widget elementor-widget-spacer\" data-id=\"bfed10f\" data-element_type=\"widget\" data-widget_type=\"spacer.default\">\n\t\t\t\t<div class=\"elementor-widget-container\">\n\t\t\t\t\t\t\t<div class=\"elementor-spacer\">\n\t\t\t<div class=\"elementor-spacer-inner\"><\/div>\n\t\t<\/div>\n\t\t\t\t\t\t<\/div>\n\t\t\t\t<\/div>\n\t\t\t\t<div class=\"elementor-element elementor-element-5e3c925 elementor-widget elementor-widget-heading\" data-id=\"5e3c925\" data-element_type=\"widget\" data-widget_type=\"heading.default\">\n\t\t\t\t<div class=\"elementor-widget-container\">\n\t\t\t\t\t<h1 class=\"elementor-heading-title elementor-size-default\">DOUBLE... DREAM <\/h1>\t\t\t\t<\/div>\n\t\t\t\t<\/div>\n\t\t\t\t<div class=\"elementor-element elementor-element-5092162 elementor-widget elementor-widget-spacer\" data-id=\"5092162\" data-element_type=\"widget\" data-widget_type=\"spacer.default\">\n\t\t\t\t<div class=\"elementor-widget-container\">\n\t\t\t\t\t\t\t<div class=\"elementor-spacer\">\n\t\t\t<div class=\"elementor-spacer-inner\"><\/div>\n\t\t<\/div>\n\t\t\t\t\t\t<\/div>\n\t\t\t\t<\/div>\n\t\t\t\t\t<\/div>\n\t\t<\/div>\n\t\t\t\t<div class=\"elementor-column elementor-col-33 elementor-top-column elementor-element elementor-element-dbb539f\" data-id=\"dbb539f\" data-element_type=\"column\">\n\t\t\t<div class=\"elementor-widget-wrap\">\n\t\t\t\t\t\t\t<\/div>\n\t\t<\/div>\n\t\t\t\t\t<\/div>\n\t\t<\/section>\n\t\t\t\t<section class=\"elementor-section elementor-top-section elementor-element elementor-element-3c23474 elementor-section-boxed elementor-section-height-default elementor-section-height-default\" data-id=\"3c23474\" data-element_type=\"section\" data-settings=\"{&quot;background_background&quot;:&quot;classic&quot;}\">\n\t\t\t\t\t\t<div class=\"elementor-container elementor-column-gap-default\">\n\t\t\t\t\t<div class=\"elementor-column elementor-col-66 elementor-top-column elementor-element elementor-element-b76d54f\" data-id=\"b76d54f\" data-element_type=\"column\">\n\t\t\t<div class=\"elementor-widget-wrap elementor-element-populated\">\n\t\t\t\t\t\t<section class=\"elementor-section elementor-inner-section elementor-element elementor-element-b7dbf50 elementor-section-boxed elementor-section-height-default elementor-section-height-default\" data-id=\"b7dbf50\" data-element_type=\"section\">\n\t\t\t\t\t\t<div class=\"elementor-container elementor-column-gap-default\">\n\t\t\t\t\t<div class=\"elementor-column elementor-col-50 elementor-inner-column elementor-element elementor-element-09e0f5d\" data-id=\"09e0f5d\" data-element_type=\"column\">\n\t\t\t<div class=\"elementor-widget-wrap\">\n\t\t\t\t\t\t\t<\/div>\n\t\t<\/div>\n\t\t\t\t<div class=\"elementor-column elementor-col-50 elementor-inner-column elementor-element elementor-element-bd8bc80\" data-id=\"bd8bc80\" data-element_type=\"column\">\n\t\t\t<div class=\"elementor-widget-wrap elementor-element-populated\">\n\t\t\t\t\t\t<div class=\"elementor-element elementor-element-18216d16 elementor-widget-divider--view-line_text elementor-widget-divider--element-align-left elementor-widget elementor-widget-divider\" data-id=\"18216d16\" data-element_type=\"widget\" data-widget_type=\"divider.default\">\n\t\t\t\t<div class=\"elementor-widget-container\">\n\t\t\t\t\t\t\t<div class=\"elementor-divider\">\n\t\t\t<span class=\"elementor-divider-separator\">\n\t\t\t\t\t\t\t<h6 class=\"elementor-divider__text elementor-divider__element\">\n\t\t\t\t<b>THE CONCERT<\/b>\t\t\t\t<\/h6>\n\t\t\t\t\t\t<\/span>\n\t\t<\/div>\n\t\t\t\t\t\t<\/div>\n\t\t\t\t<\/div>\n\t\t\t\t<div class=\"elementor-element elementor-element-649a33d elementor-widget elementor-widget-heading\" data-id=\"649a33d\" data-element_type=\"widget\" data-widget_type=\"heading.default\">\n\t\t\t\t<div class=\"elementor-widget-container\">\n\t\t\t\t\t<h1 class=\"elementor-heading-title elementor-size-default\">Double... dream<\/h1>\t\t\t\t<\/div>\n\t\t\t\t<\/div>\n\t\t\t\t<div class=\"elementor-element elementor-element-1de79f9 elementor-widget elementor-widget-heading\" data-id=\"1de79f9\" data-element_type=\"widget\" data-widget_type=\"heading.default\">\n\t\t\t\t<div class=\"elementor-widget-container\">\n\t\t\t\t\t<h1 class=\"elementor-heading-title elementor-size-default\">Elly Suh, <i>violin<\/i><br>Miriam Prandi, <i>cello<\/i><br>ORT-Orchestra della Toscana <br>Arseni Shkaptsov, <i>conductor<\/i><\/h1>\t\t\t\t<\/div>\n\t\t\t\t<\/div>\n\t\t\t\t<div class=\"elementor-element elementor-element-9ec529b elementor-widget elementor-widget-text-editor\" data-id=\"9ec529b\" data-element_type=\"widget\" data-widget_type=\"text-editor.default\">\n\t\t\t\t<div class=\"elementor-widget-container\">\n\t\t\t\t\t\t\t\t\t<p>Aug. 2, 9:15 p.m.<br \/>Rotonda Vassallo &#8211; Lerici<\/p>\n\t\t\t\t\t\t\t\t<\/div>\n\t\t\t\t<\/div>\n\t\t\t\t<div class=\"elementor-element elementor-element-b3bcf9e elementor-widget-divider--view-line_text elementor-widget-divider--element-align-left elementor-widget elementor-widget-divider\" data-id=\"b3bcf9e\" data-element_type=\"widget\" data-widget_type=\"divider.default\">\n\t\t\t\t<div class=\"elementor-widget-container\">\n\t\t\t\t\t\t\t<div class=\"elementor-divider\">\n\t\t\t<span class=\"elementor-divider-separator\">\n\t\t\t\t\t\t\t<h6 class=\"elementor-divider__text elementor-divider__element\">\n\t\t\t\t<b>THE PROGRAM<\/b>\t\t\t\t<\/h6>\n\t\t\t\t\t\t<\/span>\n\t\t<\/div>\n\t\t\t\t\t\t<\/div>\n\t\t\t\t<\/div>\n\t\t\t\t<div class=\"elementor-element elementor-element-79688d5 elementor-widget elementor-widget-text-editor\" data-id=\"79688d5\" data-element_type=\"widget\" data-widget_type=\"text-editor.default\">\n\t\t\t\t<div class=\"elementor-widget-container\">\n\t\t\t\t\t\t\t\t\t<p><b>Johannes Brahms (1833-1897)<\/b><br \/>Double Concerto in A minor for violin, cello and orchestra, op. 102<br \/>I<i>. Allegro <br \/>II. Andante<br \/>III. Vivace non troppo<\/i><\/p>\n<p><b>Ludwig van Beethoven (1770-1827)<\/b><br \/>Symphony no. 7 in A major, op. 92 <i><br \/>I. Poco sostenuto &#8211; Vivace<br \/>II. Allegretto <br \/>III. Scherzo: Presto &#8211; Trio: Assai meno presto<br \/>IV. Allegro con brio<\/i><\/p>\n\t\t\t\t\t\t\t\t<\/div>\n\t\t\t\t<\/div>\n\t\t\t\t\t<\/div>\n\t\t<\/div>\n\t\t\t\t\t<\/div>\n\t\t<\/section>\n\t\t\t\t\t<\/div>\n\t\t<\/div>\n\t\t\t\t<div class=\"elementor-column elementor-col-33 elementor-top-column elementor-element elementor-element-99035bc\" data-id=\"99035bc\" data-element_type=\"column\">\n\t\t\t<div class=\"elementor-widget-wrap elementor-element-populated\">\n\t\t\t\t\t\t<section class=\"elementor-section elementor-inner-section elementor-element elementor-element-0eb8de5 elementor-section-boxed elementor-section-height-default elementor-section-height-default\" data-id=\"0eb8de5\" data-element_type=\"section\" data-settings=\"{&quot;background_background&quot;:&quot;classic&quot;}\">\n\t\t\t\t\t\t<div class=\"elementor-container elementor-column-gap-extended\">\n\t\t\t\t\t<div class=\"elementor-column elementor-col-100 elementor-inner-column elementor-element elementor-element-415e043\" data-id=\"415e043\" data-element_type=\"column\">\n\t\t\t<div class=\"elementor-widget-wrap elementor-element-populated\">\n\t\t\t\t\t\t<div class=\"elementor-element elementor-element-893bf03 elementor-widget-divider--view-line_text elementor-widget-divider--element-align-left elementor-widget elementor-widget-divider\" data-id=\"893bf03\" data-element_type=\"widget\" data-widget_type=\"divider.default\">\n\t\t\t\t<div class=\"elementor-widget-container\">\n\t\t\t\t\t\t\t<div class=\"elementor-divider\">\n\t\t\t<span class=\"elementor-divider-separator\">\n\t\t\t\t\t\t\t<h6 class=\"elementor-divider__text elementor-divider__element\">\n\t\t\t\tINFO\t\t\t\t<\/h6>\n\t\t\t\t\t\t<\/span>\n\t\t<\/div>\n\t\t\t\t\t\t<\/div>\n\t\t\t\t<\/div>\n\t\t\t\t<div class=\"elementor-element elementor-element-1b5bf42 e-grid-align-left elementor-shape-rounded elementor-grid-0 elementor-widget elementor-widget-global elementor-global-4128 elementor-widget-social-icons\" data-id=\"1b5bf42\" data-element_type=\"widget\" data-widget_type=\"social-icons.default\">\n\t\t\t\t<div class=\"elementor-widget-container\">\n\t\t\t\t\t\t\t<div class=\"elementor-social-icons-wrapper elementor-grid\" role=\"list\">\n\t\t\t\t\t\t\t<span class=\"elementor-grid-item\" role=\"listitem\">\n\t\t\t\t\t<a class=\"elementor-icon elementor-social-icon elementor-social-icon-facebook elementor-repeater-item-4d4f44d\" href=\"https:\/\/www.facebook.com\/lericimusicfestival\" target=\"_blank\">\n\t\t\t\t\t\t<span class=\"elementor-screen-only\">Facebook<\/span>\n\t\t\t\t\t\t<i class=\"fab fa-facebook\"><\/i>\t\t\t\t\t<\/a>\n\t\t\t\t<\/span>\n\t\t\t\t\t\t\t<span class=\"elementor-grid-item\" role=\"listitem\">\n\t\t\t\t\t<a class=\"elementor-icon elementor-social-icon elementor-social-icon-instagram elementor-repeater-item-54037cb\" href=\"https:\/\/www.instagram.com\/lericimusicfestival\/\" target=\"_blank\">\n\t\t\t\t\t\t<span class=\"elementor-screen-only\">Instagram<\/span>\n\t\t\t\t\t\t<i class=\"fab fa-instagram\"><\/i>\t\t\t\t\t<\/a>\n\t\t\t\t<\/span>\n\t\t\t\t\t\t\t<span class=\"elementor-grid-item\" role=\"listitem\">\n\t\t\t\t\t<a class=\"elementor-icon elementor-social-icon elementor-social-icon-youtube elementor-repeater-item-a5d2fe4\" href=\"https:\/\/www.youtube.com\/@lericimusicfestival327\/videos\" target=\"_blank\">\n\t\t\t\t\t\t<span class=\"elementor-screen-only\">Youtube<\/span>\n\t\t\t\t\t\t<i class=\"fab fa-youtube\"><\/i>\t\t\t\t\t<\/a>\n\t\t\t\t<\/span>\n\t\t\t\t\t<\/div>\n\t\t\t\t\t\t<\/div>\n\t\t\t\t<\/div>\n\t\t\t\t<div class=\"elementor-element elementor-element-3e65458 elementor-widget elementor-widget-text-editor\" data-id=\"3e65458\" data-element_type=\"widget\" data-widget_type=\"text-editor.default\">\n\t\t\t\t<div class=\"elementor-widget-container\">\n\t\t\t\t\t\t\t\t\t<p><b>CONCERT START<br \/><\/b>The concert is scheduled to begin at <b>9:15<\/b> pm.&nbsp; The kind audience is advised to arrive early to take their seats.<\/p>\n\t\t\t\t\t\t\t\t<\/div>\n\t\t\t\t<\/div>\n\t\t\t\t<div class=\"elementor-element elementor-element-934be0d elementor-widget elementor-widget-text-editor\" data-id=\"934be0d\" data-element_type=\"widget\" data-widget_type=\"text-editor.default\">\n\t\t\t\t<div class=\"elementor-widget-container\">\n\t\t\t\t\t\t\t\t\t<p><b>HOW TO GET THERE<br \/><span style=\"color: #b3735a;\"><a style=\"color: #b3735a;\" href=\"https:\/\/goo.gl\/maps\/Ue5ovbn1Jb6K3wt17\"><b>Google Map<\/b><\/a><\/span><br \/><\/b><\/p>\n\t\t\t\t\t\t\t\t<\/div>\n\t\t\t\t<\/div>\n\t\t\t\t<div class=\"elementor-element elementor-element-93fc6e3 elementor-align-left elementor-icon-list--layout-traditional elementor-list-item-link-full_width elementor-widget elementor-widget-icon-list\" data-id=\"93fc6e3\" data-element_type=\"widget\" data-widget_type=\"icon-list.default\">\n\t\t\t\t<div class=\"elementor-widget-container\">\n\t\t\t\t\t\t\t<ul class=\"elementor-icon-list-items\">\n\t\t\t\t\t\t\t<li class=\"elementor-icon-list-item\">\n\t\t\t\t\t\t\t\t\t\t\t<span class=\"elementor-icon-list-icon\">\n\t\t\t\t\t\t\t<i aria-hidden=\"true\" class=\"fas fa-chair\"><\/i>\t\t\t\t\t\t<\/span>\n\t\t\t\t\t\t\t\t\t\t<span class=\"elementor-icon-list-text\">No. SEATS 200<\/span>\n\t\t\t\t\t\t\t\t\t<\/li>\n\t\t\t\t\t\t\t\t<li class=\"elementor-icon-list-item\">\n\t\t\t\t\t\t\t\t\t\t\t<a href=\"https:\/\/lericimusicfestival.org\/wp-content\/uploads\/2023\/04\/2.jpg\" target=\"_blank\">\n\n\t\t\t\t\t\t\t\t\t\t\t\t<span class=\"elementor-icon-list-icon\">\n\t\t\t\t\t\t\t<i aria-hidden=\"true\" class=\"fas fa-theater-masks\"><\/i>\t\t\t\t\t\t<\/span>\n\t\t\t\t\t\t\t\t\t\t<span class=\"elementor-icon-list-text\">SEAT MAP<\/span>\n\t\t\t\t\t\t\t\t\t\t\t<\/a>\n\t\t\t\t\t\t\t\t\t<\/li>\n\t\t\t\t\t\t\t\t<li class=\"elementor-icon-list-item\">\n\t\t\t\t\t\t\t\t\t\t\t<a href=\"https:\/\/lericimusicfestival.org\/en\/box-office\/\" target=\"_blank\">\n\n\t\t\t\t\t\t\t\t\t\t\t\t<span class=\"elementor-icon-list-icon\">\n\t\t\t\t\t\t\t<i aria-hidden=\"true\" class=\"fas fa-info-circle\"><\/i>\t\t\t\t\t\t<\/span>\n\t\t\t\t\t\t\t\t\t\t<span class=\"elementor-icon-list-text\">INFO AND BOX OFFICE<\/span>\n\t\t\t\t\t\t\t\t\t\t\t<\/a>\n\t\t\t\t\t\t\t\t\t<\/li>\n\t\t\t\t\t\t\t\t<li class=\"elementor-icon-list-item\">\n\t\t\t\t\t\t\t\t\t\t\t<span class=\"elementor-icon-list-icon\">\n\t\t\t\t\t\t\t<i aria-hidden=\"true\" class=\"fas fa-phone-alt\"><\/i>\t\t\t\t\t\t<\/span>\n\t\t\t\t\t\t\t\t\t\t<span class=\"elementor-icon-list-text\">  +39 379 1379677<\/span>\n\t\t\t\t\t\t\t\t\t<\/li>\n\t\t\t\t\t\t<\/ul>\n\t\t\t\t\t\t<\/div>\n\t\t\t\t<\/div>\n\t\t\t\t<div class=\"elementor-element elementor-element-9e99153 elementor-widget elementor-widget-spacer\" data-id=\"9e99153\" data-element_type=\"widget\" data-widget_type=\"spacer.default\">\n\t\t\t\t<div class=\"elementor-widget-container\">\n\t\t\t\t\t\t\t<div class=\"elementor-spacer\">\n\t\t\t<div class=\"elementor-spacer-inner\"><\/div>\n\t\t<\/div>\n\t\t\t\t\t\t<\/div>\n\t\t\t\t<\/div>\n\t\t\t\t<div class=\"elementor-element elementor-element-469369d elementor-align-left elementor-icon-list--layout-traditional elementor-list-item-link-full_width elementor-widget elementor-widget-icon-list\" data-id=\"469369d\" data-element_type=\"widget\" data-widget_type=\"icon-list.default\">\n\t\t\t\t<div class=\"elementor-widget-container\">\n\t\t\t\t\t\t\t<ul class=\"elementor-icon-list-items\">\n\t\t\t\t\t\t\t<li class=\"elementor-icon-list-item\">\n\t\t\t\t\t\t\t\t\t\t\t<span class=\"elementor-icon-list-icon\">\n\t\t\t\t\t\t\t<i aria-hidden=\"true\" class=\"fas fa-euro-sign\"><\/i>\t\t\t\t\t\t<\/span>\n\t\t\t\t\t\t\t\t\t\t<span class=\"elementor-icon-list-text\">TICKET PRICES<\/span>\n\t\t\t\t\t\t\t\t\t<\/li>\n\t\t\t\t\t\t\t\t<li class=\"elementor-icon-list-item\">\n\t\t\t\t\t\t\t\t\t\t\t<span class=\"elementor-icon-list-icon\">\n\t\t\t\t\t\t\t<svg xmlns=\"http:\/\/www.w3.org\/2000\/svg\" xmlns:xlink=\"http:\/\/www.w3.org\/1999\/xlink\" width=\"100\" viewBox=\"0 0 75 74.999997\" height=\"100\" preserveAspectRatio=\"xMidYMid meet\"><rect x=\"-7.5\" width=\"90\" fill=\"#ffffff\" y=\"-7.5\" height=\"89.999996\" fill-opacity=\"1\"><\/rect><rect x=\"-7.5\" width=\"90\" fill=\"#ffffff\" y=\"-7.5\" height=\"89.999996\" fill-opacity=\"1\"><\/rect><rect x=\"-7.5\" width=\"90\" fill=\"#ffffff\" y=\"-7.5\" height=\"89.999996\" fill-opacity=\"1\"><\/rect><rect x=\"-7.5\" width=\"90\" fill=\"#aa81dc\" y=\"-7.5\" height=\"89.999996\" fill-opacity=\"1\"><\/rect><\/svg>\t\t\t\t\t\t<\/span>\n\t\t\t\t\t\t\t\t\t\t<span class=\"elementor-icon-list-text\">SECTION A - EUR 35.00<\/span>\n\t\t\t\t\t\t\t\t\t<\/li>\n\t\t\t\t\t\t\t\t<li class=\"elementor-icon-list-item\">\n\t\t\t\t\t\t\t\t\t\t\t<span class=\"elementor-icon-list-icon\">\n\t\t\t\t\t\t\t<svg xmlns=\"http:\/\/www.w3.org\/2000\/svg\" xmlns:xlink=\"http:\/\/www.w3.org\/1999\/xlink\" width=\"100\" viewBox=\"0 0 75 74.999997\" height=\"100\" preserveAspectRatio=\"xMidYMid meet\"><rect x=\"-7.5\" width=\"90\" fill=\"#ffffff\" y=\"-7.5\" height=\"89.999996\" fill-opacity=\"1\"><\/rect><rect x=\"-7.5\" width=\"90\" fill=\"#ffffff\" y=\"-7.5\" height=\"89.999996\" fill-opacity=\"1\"><\/rect><rect x=\"-7.5\" width=\"90\" fill=\"#f5982d\" y=\"-7.5\" height=\"89.999996\" fill-opacity=\"1\"><\/rect><\/svg>\t\t\t\t\t\t<\/span>\n\t\t\t\t\t\t\t\t\t\t<span class=\"elementor-icon-list-text\">SECTION B - EUR 25.00<\/span>\n\t\t\t\t\t\t\t\t\t<\/li>\n\t\t\t\t\t\t\t\t<li class=\"elementor-icon-list-item\">\n\t\t\t\t\t\t\t\t\t\t\t<span class=\"elementor-icon-list-icon\">\n\t\t\t\t\t\t\t<svg xmlns=\"http:\/\/www.w3.org\/2000\/svg\" xmlns:xlink=\"http:\/\/www.w3.org\/1999\/xlink\" width=\"100\" viewBox=\"0 0 75 74.999997\" height=\"100\" preserveAspectRatio=\"xMidYMid meet\"><rect x=\"-7.5\" width=\"90\" fill=\"#ffffff\" y=\"-7.5\" height=\"89.999996\" fill-opacity=\"1\"><\/rect><rect x=\"-7.5\" width=\"90\" fill=\"#34cc99\" y=\"-7.5\" height=\"89.999996\" fill-opacity=\"1\"><\/rect><rect x=\"-7.5\" width=\"90\" fill=\"#34cc99\" y=\"-7.5\" height=\"89.999996\" fill-opacity=\"1\"><\/rect><\/svg>\t\t\t\t\t\t<\/span>\n\t\t\t\t\t\t\t\t\t\t<span class=\"elementor-icon-list-text\">SECTION C - EUR 15.00<\/span>\n\t\t\t\t\t\t\t\t\t<\/li>\n\t\t\t\t\t\t<\/ul>\n\t\t\t\t\t\t<\/div>\n\t\t\t\t<\/div>\n\t\t\t\t<div class=\"elementor-element elementor-element-1567fad elementor-widget elementor-widget-spacer\" data-id=\"1567fad\" data-element_type=\"widget\" data-widget_type=\"spacer.default\">\n\t\t\t\t<div class=\"elementor-widget-container\">\n\t\t\t\t\t\t\t<div class=\"elementor-spacer\">\n\t\t\t<div class=\"elementor-spacer-inner\"><\/div>\n\t\t<\/div>\n\t\t\t\t\t\t<\/div>\n\t\t\t\t<\/div>\n\t\t\t\t<div class=\"elementor-element elementor-element-eda4800 elementor-align-center elementor-widget elementor-widget-button\" data-id=\"eda4800\" data-element_type=\"widget\" data-widget_type=\"button.default\">\n\t\t\t\t<div class=\"elementor-widget-container\">\n\t\t\t\t\t\t\t\t\t<div class=\"elementor-button-wrapper\">\n\t\t\t\t\t<a class=\"elementor-button elementor-button-link elementor-size-sm\" href=\"https:\/\/www.vivaticket.com\/it\/ticket\/doppio-sogno\/203974\">\n\t\t\t\t\t\t<span class=\"elementor-button-content-wrapper\">\n\t\t\t\t\t\t\t\t\t<span class=\"elementor-button-text\">BUY TICKETS<\/span>\n\t\t\t\t\t<\/span>\n\t\t\t\t\t<\/a>\n\t\t\t\t<\/div>\n\t\t\t\t\t\t\t\t<\/div>\n\t\t\t\t<\/div>\n\t\t\t\t<div class=\"elementor-element elementor-element-c035192 elementor-widget elementor-widget-spacer\" data-id=\"c035192\" data-element_type=\"widget\" data-widget_type=\"spacer.default\">\n\t\t\t\t<div class=\"elementor-widget-container\">\n\t\t\t\t\t\t\t<div class=\"elementor-spacer\">\n\t\t\t<div class=\"elementor-spacer-inner\"><\/div>\n\t\t<\/div>\n\t\t\t\t\t\t<\/div>\n\t\t\t\t<\/div>\n\t\t\t\t\t<\/div>\n\t\t<\/div>\n\t\t\t\t\t<\/div>\n\t\t<\/section>\n\t\t\t\t\t<\/div>\n\t\t<\/div>\n\t\t\t\t\t<\/div>\n\t\t<\/section>\n\t\t\t\t<section class=\"elementor-section elementor-top-section elementor-element elementor-element-d31ef0b elementor-section-boxed elementor-section-height-default elementor-section-height-default\" data-id=\"d31ef0b\" data-element_type=\"section\" data-settings=\"{&quot;background_background&quot;:&quot;classic&quot;}\">\n\t\t\t\t\t\t<div class=\"elementor-container elementor-column-gap-default\">\n\t\t\t\t\t<div class=\"elementor-column elementor-col-66 elementor-top-column elementor-element elementor-element-2f6a28c\" data-id=\"2f6a28c\" data-element_type=\"column\">\n\t\t\t<div class=\"elementor-widget-wrap elementor-element-populated\">\n\t\t\t\t\t\t<section class=\"elementor-section elementor-inner-section elementor-element elementor-element-c5b1df7 elementor-section-boxed elementor-section-height-default elementor-section-height-default\" data-id=\"c5b1df7\" data-element_type=\"section\">\n\t\t\t\t\t\t<div class=\"elementor-container elementor-column-gap-default\">\n\t\t\t\t\t<div class=\"elementor-column elementor-col-50 elementor-inner-column elementor-element elementor-element-27ca9d8\" data-id=\"27ca9d8\" data-element_type=\"column\">\n\t\t\t<div class=\"elementor-widget-wrap\">\n\t\t\t\t\t\t\t<\/div>\n\t\t<\/div>\n\t\t\t\t<div class=\"elementor-column elementor-col-50 elementor-inner-column elementor-element elementor-element-a595ccd\" data-id=\"a595ccd\" data-element_type=\"column\">\n\t\t\t<div class=\"elementor-widget-wrap elementor-element-populated\">\n\t\t\t\t\t\t<div class=\"elementor-element elementor-element-62e5b8b elementor-widget-divider--view-line_text elementor-widget-divider--element-align-left elementor-widget elementor-widget-divider\" data-id=\"62e5b8b\" data-element_type=\"widget\" data-widget_type=\"divider.default\">\n\t\t\t\t<div class=\"elementor-widget-container\">\n\t\t\t\t\t\t\t<div class=\"elementor-divider\">\n\t\t\t<span class=\"elementor-divider-separator\">\n\t\t\t\t\t\t\t<h6 class=\"elementor-divider__text elementor-divider__element\">\n\t\t\t\t<b>THE INTERPRETERS<\/b>\t\t\t\t<\/h6>\n\t\t\t\t\t\t<\/span>\n\t\t<\/div>\n\t\t\t\t\t\t<\/div>\n\t\t\t\t<\/div>\n\t\t\t\t<div class=\"elementor-element elementor-element-193d90e elementor-widget elementor-widget-text-editor\" data-id=\"193d90e\" data-element_type=\"widget\" data-widget_type=\"text-editor.default\">\n\t\t\t\t<div class=\"elementor-widget-container\">\n\t\t\t\t\t\t\t\t\t<p><b>Elly Suh, violin<\/b><br \/>Praised as \u201ca sensitive and absorbing interpreter\u201d (Musical America), violinist Elly Suh has received numerous prizes at international competitions including the Naumburg, Moscow David Oistrakh, Premio Paganini, Indianapolis, Michael Hill, and Leipzig Bach Competition, amongst others. Recent and forthcoming highlights include performances with the Orchestra della Toscana, Orchestra della Magna Grecia, Berliner Symphoniker, Korean Chamber Orchestra, Leipzig Pauliner Ensemble, NY Classical Players, and the Lviv Philharmonic. She has appeared on such stages as Carnegie Hall, Lincoln Center, Seoul Arts Center, Lotte Concert Hall, and performed at the Salzburger Festspiele, Al Bustan Festival, and Lerici Festival. Elly Suh studied at The Juilliard School in New York and the Mozarteum University of Salzburg under the guidance of Pierre Amoyal, Robert Mann, Joel Smirnoff, and Sally Thomas. She plays on a Guarneri del Ges\u00f9 violin, through the kind assistance of Florian Leonhard Fine Violins.<\/p>\n<p><b>Miriam Prandi, cello<br \/><\/b>Italian cellist Miriam Prandi is recognized as one of the fastest rising stars of her generation, winning praise for her passionate performances and deep rich tone. Ms. Prandi is the winner of the 2014 Rahn Musikpreis in Z\u00fcrich, personally awarded by Chairman Sol Gabetta. Following her performance of the Dvo\u0159\u00e1k Cello Concerto at Zurich Tonhalle, she was praised by the Schweizer Musikzeitung for her \u201csincerity of expression which is surprising for her young age\u201d and that \u201cone gets the impression that the cellist lives only within her playing.\u201d More recent highlights include celebrated debuts at the Milan&#8217;s Teatro alla Scala with Accademia della Scala Orchestra conducted by Vladimir Fedoseyev for the MITO Festival, At the Firenze Opera for Festival del Maggio Musicale Fiorentino, l\u2019Auditorium Rai for Unione Musicale di Torino, Gstaad Menuhin Festival, Tonhalle Zurich e in veste di solista ha collaborato con direttori come Neeme J\u00e4rvi, Andris Poga, Vladimir Fedoseyev, Michele Mariotti, Gianluca Marcian\u00f2. As pupil of Natalia Gutman in Fiesole and Vienna Ms. Prandi received her Soloist Master degree from the Hochschule der Kuenste Bern where she was a student of Antonio Meneses. She is also strongly influenced by her further studies with Ivan Monighetti. In addition to her activities as a solo cellist and pianist, Ms. Prandi is an avid chamber musician performing throughout Europe in such prestigious venues as Berlin Philharmonie, Konzerthaus Berlin, Rheingau Music Festival, Konzerthaus Vienna, among others. 2016-2018 she has been member of the delian::quartett and has recorded the entire Bach \u2018Art of Fugue\u2019 at the Deutschlandfunk K\u00f6ln for the label Oehms Classics. Miriam Prandi performs on a cello by Giovanni Grancino (Milan, 1712), a generous loan from Fondazione Pro Canale Onlus.<\/p>\n<p><b>Arseni Shkaptsov, conductor<\/b><br \/>&#8220;Secure and smooth, Arseniy Shkaptsov&#8217;s conducting shows great mastery of the difficult repertoire, guiding the orchestra through sudden changes in tempo and dynamics without leaving any room for mistakes and creating a wonderful dialogue with the piano in a balanced conversation&#8221; (from: Cremona Evening). Arseniy Shkaptsov was recently appointed assistant director to Vladimir Fedoseev (Tchaikovsky Symphony Orchestra in Moscow and artistic director of the United Soloists Orchestra in Switzerland). The highlights of the 2022\/23 season include his debut with the Athens Camerata in Greece. Among his mentors are personalities such as Paavo and Neeme J\u00e4rvi, Daniele Gatti, and Vladimir Fedoseev. His symphonic activity includes Orchestra della Svizzera Italiana (Switzerland), Karlovy Vary Symphony Orchestra (Czech Republic), Rousse Philharmonic Orchestra (Bulgaria), Tchaikovsky Symphony Orchestra (Russia), Italian Youth Orchestra, Baltic Sea Philharmonic (Germany), Orchestra del Teatro Comunale San Teodoro (Italy), and the Estonian Youth Orchestra. He has collaborated with extraordinary musicians such as Kurt Masur, Valery Gergiev, Vladimir Ashkenazy, Mario Venzago, Arturo Tamayo, Ennio Morricone, Martha Argerich, Mikhail Pletnev, Stefano Bollani, Jiulia Fischer, and Gidon Kremer.<\/p>\n\t\t\t\t\t\t\t\t<\/div>\n\t\t\t\t<\/div>\n\t\t\t\t<div class=\"elementor-element elementor-element-5323558 elementor-align-left elementor-widget elementor-widget-button\" data-id=\"5323558\" data-element_type=\"widget\" data-widget_type=\"button.default\">\n\t\t\t\t<div class=\"elementor-widget-container\">\n\t\t\t\t\t\t\t\t\t<div class=\"elementor-button-wrapper\">\n\t\t\t\t\t<a class=\"elementor-button elementor-button-link elementor-size-sm\" href=\"https:\/\/lericimusicfestival.org\/wp-content\/uploads\/2023\/07\/WEB-Libretto-Sala-2023-Lerici-Music-Festival.pdf\">\n\t\t\t\t\t\t<span class=\"elementor-button-content-wrapper\">\n\t\t\t\t\t\t\t\t\t<span class=\"elementor-button-text\">DOWNLOAD THE PROGRAM NOTES<\/span>\n\t\t\t\t\t<\/span>\n\t\t\t\t\t<\/a>\n\t\t\t\t<\/div>\n\t\t\t\t\t\t\t\t<\/div>\n\t\t\t\t<\/div>\n\t\t\t\t\t<\/div>\n\t\t<\/div>\n\t\t\t\t\t<\/div>\n\t\t<\/section>\n\t\t\t\t\t<\/div>\n\t\t<\/div>\n\t\t\t\t<div class=\"elementor-column elementor-col-33 elementor-top-column elementor-element elementor-element-eacdacb\" data-id=\"eacdacb\" data-element_type=\"column\">\n\t\t\t<div class=\"elementor-widget-wrap\">\n\t\t\t\t\t\t\t<\/div>\n\t\t<\/div>\n\t\t\t\t\t<\/div>\n\t\t<\/section>\n\t\t\t\t<section class=\"elementor-section elementor-top-section elementor-element elementor-element-1c293c53 elementor-section-content-top elementor-section-boxed elementor-section-height-default elementor-section-height-default\" data-id=\"1c293c53\" data-element_type=\"section\" data-settings=\"{&quot;background_background&quot;:&quot;classic&quot;}\">\n\t\t\t\t\t\t<div class=\"elementor-container elementor-column-gap-narrow\">\n\t\t\t\t\t<div class=\"elementor-column elementor-col-100 elementor-top-column elementor-element elementor-element-4e59321a\" data-id=\"4e59321a\" data-element_type=\"column\">\n\t\t\t<div class=\"elementor-widget-wrap elementor-element-populated\">\n\t\t\t\t\t\t<div class=\"elementor-element elementor-element-bba7e06 elementor-widget elementor-widget-gallery\" data-id=\"bba7e06\" data-element_type=\"widget\" data-settings=\"{&quot;aspect_ratio&quot;:&quot;1:1&quot;,&quot;gap&quot;:{&quot;unit&quot;:&quot;px&quot;,&quot;size&quot;:0,&quot;sizes&quot;:[]},&quot;columns&quot;:3,&quot;lazyload&quot;:&quot;yes&quot;,&quot;gallery_layout&quot;:&quot;grid&quot;,&quot;columns_tablet&quot;:2,&quot;columns_mobile&quot;:1,&quot;gap_tablet&quot;:{&quot;unit&quot;:&quot;px&quot;,&quot;size&quot;:10,&quot;sizes&quot;:[]},&quot;gap_mobile&quot;:{&quot;unit&quot;:&quot;px&quot;,&quot;size&quot;:10,&quot;sizes&quot;:[]},&quot;link_to&quot;:&quot;file&quot;,&quot;overlay_background&quot;:&quot;yes&quot;,&quot;content_hover_animation&quot;:&quot;fade-in&quot;}\" data-widget_type=\"gallery.default\">\n\t\t\t\t<div class=\"elementor-widget-container\">\n\t\t\t\t\t\t\t<div class=\"elementor-gallery__container\">\n\t\t\t\t\t\t\t<a class=\"e-gallery-item elementor-gallery-item elementor-animated-content\" href=\"https:\/\/lericimusicfestival.org\/wp-content\/uploads\/2023\/03\/20230802-Arseni_Shkaptsov-1-scaled.jpeg\" data-elementor-open-lightbox=\"yes\" data-elementor-lightbox-slideshow=\"bba7e06\" data-elementor-lightbox-title=\"20230802 Arseni_Shkaptsov (1)\" data-elementor-lightbox-description=\"20230802 Arseni_Shkaptsov\" data-e-action-hash=\"#elementor-action%3Aaction%3Dlightbox%26settings%3DeyJpZCI6NDg3OCwidXJsIjoiaHR0cHM6XC9cL2xlcmljaW11c2ljZmVzdGl2YWwub3JnXC93cC1jb250ZW50XC91cGxvYWRzXC8yMDIzXC8wM1wvMjAyMzA4MDItQXJzZW5pX1Noa2FwdHNvdi0xLXNjYWxlZC5qcGVnIiwic2xpZGVzaG93IjoiYmJhN2UwNiJ9\">\n\t\t\t\t\t<div class=\"e-gallery-image elementor-gallery-item__image\" data-thumbnail=\"https:\/\/lericimusicfestival.org\/wp-content\/uploads\/2023\/03\/20230802-Arseni_Shkaptsov-1-1025x1536.jpeg\" data-width=\"1025\" data-height=\"1536\" aria-label=\"\" role=\"img\" ><\/div>\n\t\t\t\t\t\t\t\t\t\t\t<div class=\"elementor-gallery-item__overlay\"><\/div>\n\t\t\t\t\t\t\t\t\t\t\t\t\t\t<\/a>\n\t\t\t\t\t\t\t<a class=\"e-gallery-item elementor-gallery-item elementor-animated-content\" href=\"https:\/\/lericimusicfestival.org\/wp-content\/uploads\/2023\/03\/20230727-Miriam_Prandi_photo-w-by-Ariadna_Krylova_.jpg\" data-elementor-open-lightbox=\"yes\" data-elementor-lightbox-slideshow=\"bba7e06\" data-elementor-lightbox-title=\"20230727 Miriam_Prandi_photo w by Ariadna_Krylova_\" data-elementor-lightbox-description=\"20230727 Miriam_Prandi_photo w by Ariadna_Krylova_\" data-e-action-hash=\"#elementor-action%3Aaction%3Dlightbox%26settings%3DeyJpZCI6NDg2NCwidXJsIjoiaHR0cHM6XC9cL2xlcmljaW11c2ljZmVzdGl2YWwub3JnXC93cC1jb250ZW50XC91cGxvYWRzXC8yMDIzXC8wM1wvMjAyMzA3MjctTWlyaWFtX1ByYW5kaV9waG90by13LWJ5LUFyaWFkbmFfS3J5bG92YV8uanBnIiwic2xpZGVzaG93IjoiYmJhN2UwNiJ9\">\n\t\t\t\t\t<div class=\"e-gallery-image elementor-gallery-item__image\" data-thumbnail=\"https:\/\/lericimusicfestival.org\/wp-content\/uploads\/2023\/03\/20230727-Miriam_Prandi_photo-w-by-Ariadna_Krylova_-1536x1536.jpg\" data-width=\"1536\" data-height=\"1536\" aria-label=\"\" role=\"img\" ><\/div>\n\t\t\t\t\t\t\t\t\t\t\t<div class=\"elementor-gallery-item__overlay\"><\/div>\n\t\t\t\t\t\t\t\t\t\t\t\t\t\t<\/a>\n\t\t\t\t\t\t\t<a class=\"e-gallery-item elementor-gallery-item elementor-animated-content\" href=\"https:\/\/lericimusicfestival.org\/wp-content\/uploads\/2023\/03\/20230726-Elly_Suh_photo-by-Peter_Adamik.jpg\" data-elementor-open-lightbox=\"yes\" data-elementor-lightbox-slideshow=\"bba7e06\" data-elementor-lightbox-title=\"Violinist Elly Suh \u00a9 Peter Adamik\" data-elementor-lightbox-description=\"Violinist Elly Suh \u00a9 Peter Adamik\" data-e-action-hash=\"#elementor-action%3Aaction%3Dlightbox%26settings%3DeyJpZCI6NDg2MSwidXJsIjoiaHR0cHM6XC9cL2xlcmljaW11c2ljZmVzdGl2YWwub3JnXC93cC1jb250ZW50XC91cGxvYWRzXC8yMDIzXC8wM1wvMjAyMzA3MjYtRWxseV9TdWhfcGhvdG8tYnktUGV0ZXJfQWRhbWlrLmpwZyIsInNsaWRlc2hvdyI6ImJiYTdlMDYifQ%3D%3D\">\n\t\t\t\t\t<div class=\"e-gallery-image elementor-gallery-item__image\" data-thumbnail=\"https:\/\/lericimusicfestival.org\/wp-content\/uploads\/2023\/03\/20230726-Elly_Suh_photo-by-Peter_Adamik-1536x1150.jpg\" data-width=\"1536\" data-height=\"1150\" aria-label=\"\" role=\"img\" ><\/div>\n\t\t\t\t\t\t\t\t\t\t\t<div class=\"elementor-gallery-item__overlay\"><\/div>\n\t\t\t\t\t\t\t\t\t\t\t\t\t\t<\/a>\n\t\t\t\t\t<\/div>\n\t\t\t\t\t<\/div>\n\t\t\t\t<\/div>\n\t\t\t\t\t<\/div>\n\t\t<\/div>\n\t\t\t\t\t<\/div>\n\t\t<\/section>\n\t\t\t\t<\/div>\n\t\t","protected":false},"excerpt":{"rendered":"<p>DOUBLE&#8230; DREAM THE CONCERT Double&#8230; dream Elly Suh, violinMiriam Prandi, celloORT-Orchestra della Toscana Arseni Shkaptsov, conductor Aug. 2, 9:15 p.m.Rotonda Vassallo &#8211; Lerici THE PROGRAM Johannes Brahms (1833-1897)Double Concerto in A minor for violin, cello and orchestra, op. 102I. Allegro II. AndanteIII. Vivace non troppo Ludwig van Beethoven (1770-1827)Symphony no. 7 in A major, op. [&hellip;]<\/p>\n","protected":false},"author":4,"featured_media":0,"parent":0,"menu_order":0,"comment_status":"closed","ping_status":"closed","template":"","meta":{"_monsterinsights_skip_tracking":false,"_monsterinsights_sitenote_active":false,"_monsterinsights_sitenote_note":"","_monsterinsights_sitenote_category":0,"footnotes":""},"class_list":["post-5070","page","type-page","status-publish","hentry"],"yoast_head":"<!-- This site is optimized with the Yoast SEO plugin v25.6 - https:\/\/yoast.com\/wordpress\/plugins\/seo\/ -->\n<title>August 2 DOUBLE DREAM - Lerici Music Festival<\/title>\n<meta name=\"robots\" content=\"index, follow, max-snippet:-1, max-image-preview:large, max-video-preview:-1\" \/>\n<link rel=\"canonical\" href=\"https:\/\/lericimusicfestival.org\/en\/aug-2-double-dream\/\" \/>\n<meta property=\"og:locale\" content=\"en_US\" \/>\n<meta property=\"og:type\" content=\"article\" \/>\n<meta property=\"og:title\" content=\"August 2 DOUBLE DREAM - Lerici Music Festival\" \/>\n<meta property=\"og:description\" content=\"DOUBLE&#8230; DREAM THE CONCERT Double&#8230; dream Elly Suh, violinMiriam Prandi, celloORT-Orchestra della Toscana Arseni Shkaptsov, conductor Aug. 2, 9:15 p.m.Rotonda Vassallo &#8211; Lerici THE PROGRAM Johannes Brahms (1833-1897)Double Concerto in A minor for violin, cello and orchestra, op. 102I. Allegro II. AndanteIII. Vivace non troppo Ludwig van Beethoven (1770-1827)Symphony no. 7 in A major, op. [&hellip;]\" \/>\n<meta property=\"og:url\" content=\"https:\/\/lericimusicfestival.org\/en\/aug-2-double-dream\/\" \/>\n<meta property=\"og:site_name\" content=\"Lerici Music Festival\" \/>\n<meta property=\"article:publisher\" content=\"https:\/\/www.facebook.com\/lericimusicfestival\" \/>\n<meta property=\"article:modified_time\" content=\"2023-07-26T16:12:40+00:00\" \/>\n<meta name=\"twitter:card\" content=\"summary_large_image\" \/>\n<meta name=\"twitter:label1\" content=\"Est. reading time\" \/>\n\t<meta name=\"twitter:data1\" content=\"4 minutes\" \/>\n<script type=\"application\/ld+json\" class=\"yoast-schema-graph\">{\"@context\":\"https:\/\/schema.org\",\"@graph\":[{\"@type\":\"WebPage\",\"@id\":\"https:\/\/lericimusicfestival.org\/en\/aug-2-double-dream\/\",\"url\":\"https:\/\/lericimusicfestival.org\/en\/aug-2-double-dream\/\",\"name\":\"August 2 DOUBLE DREAM - Lerici Music Festival\",\"isPartOf\":{\"@id\":\"https:\/\/lericimusicfestival.org\/en\/#website\"},\"datePublished\":\"2023-03-29T13:36:00+00:00\",\"dateModified\":\"2023-07-26T16:12:40+00:00\",\"breadcrumb\":{\"@id\":\"https:\/\/lericimusicfestival.org\/en\/aug-2-double-dream\/#breadcrumb\"},\"inLanguage\":\"en-US\",\"potentialAction\":[{\"@type\":\"ReadAction\",\"target\":[\"https:\/\/lericimusicfestival.org\/en\/aug-2-double-dream\/\"]}]},{\"@type\":\"BreadcrumbList\",\"@id\":\"https:\/\/lericimusicfestival.org\/en\/aug-2-double-dream\/#breadcrumb\",\"itemListElement\":[{\"@type\":\"ListItem\",\"position\":1,\"name\":\"Home\",\"item\":\"https:\/\/lericimusicfestival.org\/en\/\"},{\"@type\":\"ListItem\",\"position\":2,\"name\":\"August 2 DOUBLE DREAM\"}]},{\"@type\":\"WebSite\",\"@id\":\"https:\/\/lericimusicfestival.org\/en\/#website\",\"url\":\"https:\/\/lericimusicfestival.org\/en\/\",\"name\":\"Lerici Music Festival\",\"description\":\"Officiall website for the Lerici Music Festival\",\"publisher\":{\"@id\":\"https:\/\/lericimusicfestival.org\/en\/#organization\"},\"potentialAction\":[{\"@type\":\"SearchAction\",\"target\":{\"@type\":\"EntryPoint\",\"urlTemplate\":\"https:\/\/lericimusicfestival.org\/en\/?s={search_term_string}\"},\"query-input\":{\"@type\":\"PropertyValueSpecification\",\"valueRequired\":true,\"valueName\":\"search_term_string\"}}],\"inLanguage\":\"en-US\"},{\"@type\":\"Organization\",\"@id\":\"https:\/\/lericimusicfestival.org\/en\/#organization\",\"name\":\"Lerici Music Festival\",\"url\":\"https:\/\/lericimusicfestival.org\/en\/\",\"logo\":{\"@type\":\"ImageObject\",\"inLanguage\":\"en-US\",\"@id\":\"https:\/\/lericimusicfestival.org\/en\/#\/schema\/logo\/image\/\",\"url\":\"https:\/\/lericimusicfestival.org\/wp-content\/uploads\/2023\/03\/LERICI-FESTIVAL-FAVICON.png\",\"contentUrl\":\"https:\/\/lericimusicfestival.org\/wp-content\/uploads\/2023\/03\/LERICI-FESTIVAL-FAVICON.png\",\"width\":500,\"height\":325,\"caption\":\"Lerici Music Festival\"},\"image\":{\"@id\":\"https:\/\/lericimusicfestival.org\/en\/#\/schema\/logo\/image\/\"},\"sameAs\":[\"https:\/\/www.facebook.com\/lericimusicfestival\",\"https:\/\/www.instagram.com\/lericimusicfestival\/\"]}]}<\/script>\n<!-- \/ Yoast SEO plugin. -->","yoast_head_json":{"title":"August 2 DOUBLE DREAM - Lerici Music Festival","robots":{"index":"index","follow":"follow","max-snippet":"max-snippet:-1","max-image-preview":"max-image-preview:large","max-video-preview":"max-video-preview:-1"},"canonical":"https:\/\/lericimusicfestival.org\/en\/aug-2-double-dream\/","og_locale":"en_US","og_type":"article","og_title":"August 2 DOUBLE DREAM - Lerici Music Festival","og_description":"DOUBLE&#8230; DREAM THE CONCERT Double&#8230; dream Elly Suh, violinMiriam Prandi, celloORT-Orchestra della Toscana Arseni Shkaptsov, conductor Aug. 2, 9:15 p.m.Rotonda Vassallo &#8211; Lerici THE PROGRAM Johannes Brahms (1833-1897)Double Concerto in A minor for violin, cello and orchestra, op. 102I. Allegro II. AndanteIII. Vivace non troppo Ludwig van Beethoven (1770-1827)Symphony no. 7 in A major, op. [&hellip;]","og_url":"https:\/\/lericimusicfestival.org\/en\/aug-2-double-dream\/","og_site_name":"Lerici Music Festival","article_publisher":"https:\/\/www.facebook.com\/lericimusicfestival","article_modified_time":"2023-07-26T16:12:40+00:00","twitter_card":"summary_large_image","twitter_misc":{"Est. reading time":"4 minutes"},"schema":{"@context":"https:\/\/schema.org","@graph":[{"@type":"WebPage","@id":"https:\/\/lericimusicfestival.org\/en\/aug-2-double-dream\/","url":"https:\/\/lericimusicfestival.org\/en\/aug-2-double-dream\/","name":"August 2 DOUBLE DREAM - Lerici Music Festival","isPartOf":{"@id":"https:\/\/lericimusicfestival.org\/en\/#website"},"datePublished":"2023-03-29T13:36:00+00:00","dateModified":"2023-07-26T16:12:40+00:00","breadcrumb":{"@id":"https:\/\/lericimusicfestival.org\/en\/aug-2-double-dream\/#breadcrumb"},"inLanguage":"en-US","potentialAction":[{"@type":"ReadAction","target":["https:\/\/lericimusicfestival.org\/en\/aug-2-double-dream\/"]}]},{"@type":"BreadcrumbList","@id":"https:\/\/lericimusicfestival.org\/en\/aug-2-double-dream\/#breadcrumb","itemListElement":[{"@type":"ListItem","position":1,"name":"Home","item":"https:\/\/lericimusicfestival.org\/en\/"},{"@type":"ListItem","position":2,"name":"August 2 DOUBLE DREAM"}]},{"@type":"WebSite","@id":"https:\/\/lericimusicfestival.org\/en\/#website","url":"https:\/\/lericimusicfestival.org\/en\/","name":"Lerici Music Festival","description":"Officiall website for the Lerici Music Festival","publisher":{"@id":"https:\/\/lericimusicfestival.org\/en\/#organization"},"potentialAction":[{"@type":"SearchAction","target":{"@type":"EntryPoint","urlTemplate":"https:\/\/lericimusicfestival.org\/en\/?s={search_term_string}"},"query-input":{"@type":"PropertyValueSpecification","valueRequired":true,"valueName":"search_term_string"}}],"inLanguage":"en-US"},{"@type":"Organization","@id":"https:\/\/lericimusicfestival.org\/en\/#organization","name":"Lerici Music Festival","url":"https:\/\/lericimusicfestival.org\/en\/","logo":{"@type":"ImageObject","inLanguage":"en-US","@id":"https:\/\/lericimusicfestival.org\/en\/#\/schema\/logo\/image\/","url":"https:\/\/lericimusicfestival.org\/wp-content\/uploads\/2023\/03\/LERICI-FESTIVAL-FAVICON.png","contentUrl":"https:\/\/lericimusicfestival.org\/wp-content\/uploads\/2023\/03\/LERICI-FESTIVAL-FAVICON.png","width":500,"height":325,"caption":"Lerici Music Festival"},"image":{"@id":"https:\/\/lericimusicfestival.org\/en\/#\/schema\/logo\/image\/"},"sameAs":["https:\/\/www.facebook.com\/lericimusicfestival","https:\/\/www.instagram.com\/lericimusicfestival\/"]}]}},"_links":{"self":[{"href":"https:\/\/lericimusicfestival.org\/en\/wp-json\/wp\/v2\/pages\/5070","targetHints":{"allow":["GET"]}}],"collection":[{"href":"https:\/\/lericimusicfestival.org\/en\/wp-json\/wp\/v2\/pages"}],"about":[{"href":"https:\/\/lericimusicfestival.org\/en\/wp-json\/wp\/v2\/types\/page"}],"author":[{"embeddable":true,"href":"https:\/\/lericimusicfestival.org\/en\/wp-json\/wp\/v2\/users\/4"}],"replies":[{"embeddable":true,"href":"https:\/\/lericimusicfestival.org\/en\/wp-json\/wp\/v2\/comments?post=5070"}],"version-history":[{"count":20,"href":"https:\/\/lericimusicfestival.org\/en\/wp-json\/wp\/v2\/pages\/5070\/revisions"}],"predecessor-version":[{"id":5413,"href":"https:\/\/lericimusicfestival.org\/en\/wp-json\/wp\/v2\/pages\/5070\/revisions\/5413"}],"wp:attachment":[{"href":"https:\/\/lericimusicfestival.org\/en\/wp-json\/wp\/v2\/media?parent=5070"}],"curies":[{"name":"wp","href":"https:\/\/api.w.org\/{rel}","templated":true}]}}