{"id":5102,"date":"2023-03-29T14:11:52","date_gmt":"2023-03-29T14:11:52","guid":{"rendered":"https:\/\/lericimusicfestival.org\/july-31-the-opera-world\/"},"modified":"2023-06-17T22:43:37","modified_gmt":"2023-06-17T22:43:37","slug":"july-31-the-opera-world","status":"publish","type":"page","link":"https:\/\/lericimusicfestival.org\/en\/july-31-the-opera-world\/","title":{"rendered":"July 31 THE OPERA WORLD"},"content":{"rendered":"\t\t<div data-elementor-type=\"wp-page\" data-elementor-id=\"5102\" class=\"elementor elementor-5102 elementor-2945\" data-elementor-post-type=\"page\">\n\t\t\t\t\t\t<section class=\"elementor-section elementor-top-section elementor-element elementor-element-498c19b elementor-section-height-min-height elementor-section-boxed elementor-section-height-default elementor-section-items-middle\" data-id=\"498c19b\" data-element_type=\"section\" data-settings=\"{&quot;background_background&quot;:&quot;classic&quot;}\">\n\t\t\t\t\t\t\t<div class=\"elementor-background-overlay\"><\/div>\n\t\t\t\t\t\t\t<div class=\"elementor-container elementor-column-gap-default\">\n\t\t\t\t\t<div class=\"elementor-column elementor-col-33 elementor-top-column elementor-element elementor-element-1b28ac89\" data-id=\"1b28ac89\" data-element_type=\"column\">\n\t\t\t<div class=\"elementor-widget-wrap\">\n\t\t\t\t\t\t\t<\/div>\n\t\t<\/div>\n\t\t\t\t<div class=\"elementor-column elementor-col-33 elementor-top-column elementor-element elementor-element-f76b906\" data-id=\"f76b906\" data-element_type=\"column\">\n\t\t\t<div class=\"elementor-widget-wrap elementor-element-populated\">\n\t\t\t\t\t\t<div class=\"elementor-element elementor-element-f739da8 elementor-widget elementor-widget-spacer\" data-id=\"f739da8\" data-element_type=\"widget\" data-widget_type=\"spacer.default\">\n\t\t\t\t<div class=\"elementor-widget-container\">\n\t\t\t\t\t\t\t<div class=\"elementor-spacer\">\n\t\t\t<div class=\"elementor-spacer-inner\"><\/div>\n\t\t<\/div>\n\t\t\t\t\t\t<\/div>\n\t\t\t\t<\/div>\n\t\t\t\t<div class=\"elementor-element elementor-element-5e3c925 elementor-widget elementor-widget-heading\" data-id=\"5e3c925\" data-element_type=\"widget\" data-widget_type=\"heading.default\">\n\t\t\t\t<div class=\"elementor-widget-container\">\n\t\t\t\t\t<h1 class=\"elementor-heading-title elementor-size-default\">31\/07<br>The Opera World<br><i>presented by <br>Hugh Canning<\/i><\/h1>\t\t\t\t<\/div>\n\t\t\t\t<\/div>\n\t\t\t\t\t<\/div>\n\t\t<\/div>\n\t\t\t\t<div class=\"elementor-column elementor-col-33 elementor-top-column elementor-element elementor-element-dbb539f\" data-id=\"dbb539f\" data-element_type=\"column\">\n\t\t\t<div class=\"elementor-widget-wrap\">\n\t\t\t\t\t\t\t<\/div>\n\t\t<\/div>\n\t\t\t\t\t<\/div>\n\t\t<\/section>\n\t\t\t\t<section class=\"elementor-section elementor-top-section elementor-element elementor-element-3c23474 elementor-section-boxed elementor-section-height-default elementor-section-height-default\" data-id=\"3c23474\" data-element_type=\"section\" data-settings=\"{&quot;background_background&quot;:&quot;classic&quot;}\">\n\t\t\t\t\t\t<div class=\"elementor-container elementor-column-gap-default\">\n\t\t\t\t\t<div class=\"elementor-column elementor-col-66 elementor-top-column elementor-element elementor-element-b76d54f\" data-id=\"b76d54f\" data-element_type=\"column\">\n\t\t\t<div class=\"elementor-widget-wrap elementor-element-populated\">\n\t\t\t\t\t\t<section class=\"elementor-section elementor-inner-section elementor-element elementor-element-b7dbf50 elementor-section-boxed elementor-section-height-default elementor-section-height-default\" data-id=\"b7dbf50\" data-element_type=\"section\">\n\t\t\t\t\t\t<div class=\"elementor-container elementor-column-gap-default\">\n\t\t\t\t\t<div class=\"elementor-column elementor-col-50 elementor-inner-column elementor-element elementor-element-09e0f5d\" data-id=\"09e0f5d\" data-element_type=\"column\">\n\t\t\t<div class=\"elementor-widget-wrap\">\n\t\t\t\t\t\t\t<\/div>\n\t\t<\/div>\n\t\t\t\t<div class=\"elementor-column elementor-col-50 elementor-inner-column elementor-element elementor-element-bd8bc80\" data-id=\"bd8bc80\" data-element_type=\"column\">\n\t\t\t<div class=\"elementor-widget-wrap elementor-element-populated\">\n\t\t\t\t\t\t<div class=\"elementor-element elementor-element-6b10038 elementor-widget-divider--view-line_text elementor-widget-divider--element-align-left elementor-widget elementor-widget-divider\" data-id=\"6b10038\" data-element_type=\"widget\" data-widget_type=\"divider.default\">\n\t\t\t\t<div class=\"elementor-widget-container\">\n\t\t\t\t\t\t\t<div class=\"elementor-divider\">\n\t\t\t<span class=\"elementor-divider-separator\">\n\t\t\t\t\t\t\t<h6 class=\"elementor-divider__text elementor-divider__element\">\n\t\t\t\t<b>THE CONCERT<\/b>\t\t\t\t<\/h6>\n\t\t\t\t\t\t<\/span>\n\t\t<\/div>\n\t\t\t\t\t\t<\/div>\n\t\t\t\t<\/div>\n\t\t\t\t<div class=\"elementor-element elementor-element-649a33d elementor-widget elementor-widget-heading\" data-id=\"649a33d\" data-element_type=\"widget\" data-widget_type=\"heading.default\">\n\t\t\t\t<div class=\"elementor-widget-container\">\n\t\t\t\t\t<h1 class=\"elementor-heading-title elementor-size-default\">The Opera World<br><i>Presented by Hugh Canning<\/i><br>Opera Stories and Arias<\/h1>\t\t\t\t<\/div>\n\t\t\t\t<\/div>\n\t\t\t\t<div class=\"elementor-element elementor-element-fac2d23 elementor-widget elementor-widget-heading\" data-id=\"fac2d23\" data-element_type=\"widget\" data-widget_type=\"heading.default\">\n\t\t\t\t<div class=\"elementor-widget-container\">\n\t\t\t\t\t<h1 class=\"elementor-heading-title elementor-size-default\">Carmen Giannattasio, <i>soprano<\/i> <br>Joseph Calleja,&nbsp; <i>tenor<\/i><br>Sir Bryn Terfel, &nbsp;<i>baritone<\/i><\/h1>\t\t\t\t<\/div>\n\t\t\t\t<\/div>\n\t\t\t\t<div class=\"elementor-element elementor-element-959361a elementor-widget elementor-widget-heading\" data-id=\"959361a\" data-element_type=\"widget\" data-widget_type=\"heading.default\">\n\t\t\t\t<div class=\"elementor-widget-container\">\n\t\t\t\t\t<h1 class=\"elementor-heading-title elementor-size-default\">Voice students of the Conservatory \"G. Puccini\" <br>of La Spezia<br><br>Claudia Belluomini, <i>soprano<\/i><br>Michelangelo Ferri, <i>baritone<\/i><br>Zhao Zhihe, <i>piano<\/i><\/h1>\t\t\t\t<\/div>\n\t\t\t\t<\/div>\n\t\t\t\t<div class=\"elementor-element elementor-element-7f41278 elementor-widget elementor-widget-heading\" data-id=\"7f41278\" data-element_type=\"widget\" data-widget_type=\"heading.default\">\n\t\t\t\t<div class=\"elementor-widget-container\">\n\t\t\t\t\t<h1 class=\"elementor-heading-title elementor-size-default\">July 31, 9:15 p.m.<br>Sala del Consiglio - Comune di Lerici<\/h1>\t\t\t\t<\/div>\n\t\t\t\t<\/div>\n\t\t\t\t<div class=\"elementor-element elementor-element-ab00984 elementor-widget-divider--view-line_text elementor-widget-divider--element-align-left elementor-widget elementor-widget-divider\" data-id=\"ab00984\" data-element_type=\"widget\" data-widget_type=\"divider.default\">\n\t\t\t\t<div class=\"elementor-widget-container\">\n\t\t\t\t\t\t\t<div class=\"elementor-divider\">\n\t\t\t<span class=\"elementor-divider-separator\">\n\t\t\t\t\t\t\t<h6 class=\"elementor-divider__text elementor-divider__element\">\n\t\t\t\t<b>THE PROGRAM<\/b>\t\t\t\t<\/h6>\n\t\t\t\t\t\t<\/span>\n\t\t<\/div>\n\t\t\t\t\t\t<\/div>\n\t\t\t\t<\/div>\n\t\t\t\t\t<\/div>\n\t\t<\/div>\n\t\t\t\t\t<\/div>\n\t\t<\/section>\n\t\t\t\t\t<\/div>\n\t\t<\/div>\n\t\t\t\t<div class=\"elementor-column elementor-col-33 elementor-top-column elementor-element elementor-element-99035bc\" data-id=\"99035bc\" data-element_type=\"column\">\n\t\t\t<div class=\"elementor-widget-wrap elementor-element-populated\">\n\t\t\t\t\t\t<section class=\"elementor-section elementor-inner-section elementor-element elementor-element-fd5b533 elementor-section-boxed elementor-section-height-default elementor-section-height-default\" data-id=\"fd5b533\" data-element_type=\"section\" data-settings=\"{&quot;background_background&quot;:&quot;classic&quot;}\">\n\t\t\t\t\t\t<div class=\"elementor-container elementor-column-gap-extended\">\n\t\t\t\t\t<div class=\"elementor-column elementor-col-100 elementor-inner-column elementor-element elementor-element-0beda0d\" data-id=\"0beda0d\" data-element_type=\"column\">\n\t\t\t<div class=\"elementor-widget-wrap elementor-element-populated\">\n\t\t\t\t\t\t<div class=\"elementor-element elementor-element-a799ccd elementor-widget-divider--view-line_text elementor-widget-divider--element-align-left elementor-widget elementor-widget-divider\" data-id=\"a799ccd\" data-element_type=\"widget\" data-widget_type=\"divider.default\">\n\t\t\t\t<div class=\"elementor-widget-container\">\n\t\t\t\t\t\t\t<div class=\"elementor-divider\">\n\t\t\t<span class=\"elementor-divider-separator\">\n\t\t\t\t\t\t\t<h6 class=\"elementor-divider__text elementor-divider__element\">\n\t\t\t\tINFO\t\t\t\t<\/h6>\n\t\t\t\t\t\t<\/span>\n\t\t<\/div>\n\t\t\t\t\t\t<\/div>\n\t\t\t\t<\/div>\n\t\t\t\t<div class=\"elementor-element elementor-element-772d11a e-grid-align-left elementor-shape-rounded elementor-grid-0 elementor-widget elementor-widget-global elementor-global-4128 elementor-widget-social-icons\" data-id=\"772d11a\" data-element_type=\"widget\" data-widget_type=\"social-icons.default\">\n\t\t\t\t<div class=\"elementor-widget-container\">\n\t\t\t\t\t\t\t<div class=\"elementor-social-icons-wrapper elementor-grid\" role=\"list\">\n\t\t\t\t\t\t\t<span class=\"elementor-grid-item\" role=\"listitem\">\n\t\t\t\t\t<a class=\"elementor-icon elementor-social-icon elementor-social-icon-facebook elementor-repeater-item-4d4f44d\" href=\"https:\/\/www.facebook.com\/lericimusicfestival\" target=\"_blank\">\n\t\t\t\t\t\t<span class=\"elementor-screen-only\">Facebook<\/span>\n\t\t\t\t\t\t<i class=\"fab fa-facebook\"><\/i>\t\t\t\t\t<\/a>\n\t\t\t\t<\/span>\n\t\t\t\t\t\t\t<span class=\"elementor-grid-item\" role=\"listitem\">\n\t\t\t\t\t<a class=\"elementor-icon elementor-social-icon elementor-social-icon-instagram elementor-repeater-item-54037cb\" href=\"https:\/\/www.instagram.com\/lericimusicfestival\/\" target=\"_blank\">\n\t\t\t\t\t\t<span class=\"elementor-screen-only\">Instagram<\/span>\n\t\t\t\t\t\t<i class=\"fab fa-instagram\"><\/i>\t\t\t\t\t<\/a>\n\t\t\t\t<\/span>\n\t\t\t\t\t\t\t<span class=\"elementor-grid-item\" role=\"listitem\">\n\t\t\t\t\t<a class=\"elementor-icon elementor-social-icon elementor-social-icon-youtube elementor-repeater-item-a5d2fe4\" href=\"https:\/\/www.youtube.com\/@lericimusicfestival327\/videos\" target=\"_blank\">\n\t\t\t\t\t\t<span class=\"elementor-screen-only\">Youtube<\/span>\n\t\t\t\t\t\t<i class=\"fab fa-youtube\"><\/i>\t\t\t\t\t<\/a>\n\t\t\t\t<\/span>\n\t\t\t\t\t<\/div>\n\t\t\t\t\t\t<\/div>\n\t\t\t\t<\/div>\n\t\t\t\t<div class=\"elementor-element elementor-element-279732c elementor-widget elementor-widget-text-editor\" data-id=\"279732c\" data-element_type=\"widget\" data-widget_type=\"text-editor.default\">\n\t\t\t\t<div class=\"elementor-widget-container\">\n\t\t\t\t\t\t\t\t\t<p><b>CONCERT START<br \/><\/b>The concert is scheduled to begin at <b>9:15<\/b> pm. The kind audience is advised to arrive early to proceed to take their assigned seats.<\/p>\n\t\t\t\t\t\t\t\t<\/div>\n\t\t\t\t<\/div>\n\t\t\t\t<div class=\"elementor-element elementor-element-0ff8f26 elementor-widget elementor-widget-text-editor\" data-id=\"0ff8f26\" data-element_type=\"widget\" data-widget_type=\"text-editor.default\">\n\t\t\t\t<div class=\"elementor-widget-container\">\n\t\t\t\t\t\t\t\t\t<p><b>HOW TO GET THERE<br \/><span style=\"color: #b3735a;\"><a style=\"color: #b3735a;\" href=\"https:\/\/goo.gl\/maps\/hNdYDLqK97VRvm2r9\"><b>Google Map<\/b><\/a><\/span><br \/><\/b><\/p>\n\t\t\t\t\t\t\t\t<\/div>\n\t\t\t\t<\/div>\n\t\t\t\t<div class=\"elementor-element elementor-element-8b3506b elementor-align-left elementor-icon-list--layout-traditional elementor-list-item-link-full_width elementor-widget elementor-widget-icon-list\" data-id=\"8b3506b\" data-element_type=\"widget\" data-widget_type=\"icon-list.default\">\n\t\t\t\t<div class=\"elementor-widget-container\">\n\t\t\t\t\t\t\t<ul class=\"elementor-icon-list-items\">\n\t\t\t\t\t\t\t<li class=\"elementor-icon-list-item\">\n\t\t\t\t\t\t\t\t\t\t\t<span class=\"elementor-icon-list-icon\">\n\t\t\t\t\t\t\t<i aria-hidden=\"true\" class=\"fas fa-chair\"><\/i>\t\t\t\t\t\t<\/span>\n\t\t\t\t\t\t\t\t\t\t<span class=\"elementor-icon-list-text\">70 SEATS<\/span>\n\t\t\t\t\t\t\t\t\t<\/li>\n\t\t\t\t\t\t\t\t<li class=\"elementor-icon-list-item\">\n\t\t\t\t\t\t\t\t\t\t\t<a href=\"https:\/\/lericimusicfestival.org\/wp-content\/uploads\/2023\/04\/3.jpg\" target=\"_blank\">\n\n\t\t\t\t\t\t\t\t\t\t\t\t<span class=\"elementor-icon-list-icon\">\n\t\t\t\t\t\t\t<i aria-hidden=\"true\" class=\"fas fa-theater-masks\"><\/i>\t\t\t\t\t\t<\/span>\n\t\t\t\t\t\t\t\t\t\t<span class=\"elementor-icon-list-text\">MAP OF SEATS<\/span>\n\t\t\t\t\t\t\t\t\t\t\t<\/a>\n\t\t\t\t\t\t\t\t\t<\/li>\n\t\t\t\t\t\t\t\t<li class=\"elementor-icon-list-item\">\n\t\t\t\t\t\t\t\t\t\t\t<a href=\"https:\/\/lericimusicfestival.org\/en\/box-office\/\" target=\"_blank\">\n\n\t\t\t\t\t\t\t\t\t\t\t\t<span class=\"elementor-icon-list-icon\">\n\t\t\t\t\t\t\t<i aria-hidden=\"true\" class=\"fas fa-info-circle\"><\/i>\t\t\t\t\t\t<\/span>\n\t\t\t\t\t\t\t\t\t\t<span class=\"elementor-icon-list-text\">INFO AND BOX OFFICE<\/span>\n\t\t\t\t\t\t\t\t\t\t\t<\/a>\n\t\t\t\t\t\t\t\t\t<\/li>\n\t\t\t\t\t\t\t\t<li class=\"elementor-icon-list-item\">\n\t\t\t\t\t\t\t\t\t\t\t<span class=\"elementor-icon-list-icon\">\n\t\t\t\t\t\t\t<i aria-hidden=\"true\" class=\"fas fa-phone-alt\"><\/i>\t\t\t\t\t\t<\/span>\n\t\t\t\t\t\t\t\t\t\t<span class=\"elementor-icon-list-text\">  +39 379 1379677<\/span>\n\t\t\t\t\t\t\t\t\t<\/li>\n\t\t\t\t\t\t<\/ul>\n\t\t\t\t\t\t<\/div>\n\t\t\t\t<\/div>\n\t\t\t\t<div class=\"elementor-element elementor-element-49ef6c5 elementor-align-left elementor-icon-list--layout-traditional elementor-list-item-link-full_width elementor-widget elementor-widget-icon-list\" data-id=\"49ef6c5\" data-element_type=\"widget\" data-widget_type=\"icon-list.default\">\n\t\t\t\t<div class=\"elementor-widget-container\">\n\t\t\t\t\t\t\t<ul class=\"elementor-icon-list-items\">\n\t\t\t\t\t\t\t<li class=\"elementor-icon-list-item\">\n\t\t\t\t\t\t\t\t\t\t\t<span class=\"elementor-icon-list-icon\">\n\t\t\t\t\t\t\t<i aria-hidden=\"true\" class=\"fas fa-euro-sign\"><\/i>\t\t\t\t\t\t<\/span>\n\t\t\t\t\t\t\t\t\t\t<span class=\"elementor-icon-list-text\">TICKET PRICES<\/span>\n\t\t\t\t\t\t\t\t\t<\/li>\n\t\t\t\t\t\t\t\t<li class=\"elementor-icon-list-item\">\n\t\t\t\t\t\t\t\t\t\t\t<span class=\"elementor-icon-list-icon\">\n\t\t\t\t\t\t\t<svg xmlns=\"http:\/\/www.w3.org\/2000\/svg\" xmlns:xlink=\"http:\/\/www.w3.org\/1999\/xlink\" width=\"100\" viewBox=\"0 0 75 74.999997\" height=\"100\" preserveAspectRatio=\"xMidYMid meet\"><rect x=\"-7.5\" width=\"90\" fill=\"#ffffff\" y=\"-7.5\" height=\"89.999996\" fill-opacity=\"1\"><\/rect><rect x=\"-7.5\" width=\"90\" fill=\"#ffffff\" y=\"-7.5\" height=\"89.999996\" fill-opacity=\"1\"><\/rect><rect x=\"-7.5\" width=\"90\" fill=\"#ffffff\" y=\"-7.5\" height=\"89.999996\" fill-opacity=\"1\"><\/rect><rect x=\"-7.5\" width=\"90\" fill=\"#aa81dc\" y=\"-7.5\" height=\"89.999996\" fill-opacity=\"1\"><\/rect><\/svg>\t\t\t\t\t\t<\/span>\n\t\t\t\t\t\t\t\t\t\t<span class=\"elementor-icon-list-text\">SECTION A - EUR 50.00<\/span>\n\t\t\t\t\t\t\t\t\t<\/li>\n\t\t\t\t\t\t\t\t<li class=\"elementor-icon-list-item\">\n\t\t\t\t\t\t\t\t\t\t\t<span class=\"elementor-icon-list-icon\">\n\t\t\t\t\t\t\t<svg xmlns=\"http:\/\/www.w3.org\/2000\/svg\" xmlns:xlink=\"http:\/\/www.w3.org\/1999\/xlink\" width=\"100\" viewBox=\"0 0 75 74.999997\" height=\"100\" preserveAspectRatio=\"xMidYMid meet\"><rect x=\"-7.5\" width=\"90\" fill=\"#ffffff\" y=\"-7.5\" height=\"89.999996\" fill-opacity=\"1\"><\/rect><rect x=\"-7.5\" width=\"90\" fill=\"#ffffff\" y=\"-7.5\" height=\"89.999996\" fill-opacity=\"1\"><\/rect><rect x=\"-7.5\" width=\"90\" fill=\"#f5982d\" y=\"-7.5\" height=\"89.999996\" fill-opacity=\"1\"><\/rect><\/svg>\t\t\t\t\t\t<\/span>\n\t\t\t\t\t\t\t\t\t\t<span class=\"elementor-icon-list-text\">SECTION B - EUR 30.00<\/span>\n\t\t\t\t\t\t\t\t\t<\/li>\n\t\t\t\t\t\t\t\t<li class=\"elementor-icon-list-item\">\n\t\t\t\t\t\t\t\t\t\t\t<span class=\"elementor-icon-list-icon\">\n\t\t\t\t\t\t\t<svg xmlns=\"http:\/\/www.w3.org\/2000\/svg\" xmlns:xlink=\"http:\/\/www.w3.org\/1999\/xlink\" width=\"100\" viewBox=\"0 0 75 74.999997\" height=\"100\" preserveAspectRatio=\"xMidYMid meet\"><rect x=\"-7.5\" width=\"90\" fill=\"#ffffff\" y=\"-7.5\" height=\"89.999996\" fill-opacity=\"1\"><\/rect><rect x=\"-7.5\" width=\"90\" fill=\"#34cc99\" y=\"-7.5\" height=\"89.999996\" fill-opacity=\"1\"><\/rect><rect x=\"-7.5\" width=\"90\" fill=\"#34cc99\" y=\"-7.5\" height=\"89.999996\" fill-opacity=\"1\"><\/rect><\/svg>\t\t\t\t\t\t<\/span>\n\t\t\t\t\t\t\t\t\t\t<span class=\"elementor-icon-list-text\">SECTION C - EUR 30.00<\/span>\n\t\t\t\t\t\t\t\t\t<\/li>\n\t\t\t\t\t\t<\/ul>\n\t\t\t\t\t\t<\/div>\n\t\t\t\t<\/div>\n\t\t\t\t<div class=\"elementor-element elementor-element-e38cf52 elementor-widget elementor-widget-spacer\" data-id=\"e38cf52\" data-element_type=\"widget\" data-widget_type=\"spacer.default\">\n\t\t\t\t<div class=\"elementor-widget-container\">\n\t\t\t\t\t\t\t<div class=\"elementor-spacer\">\n\t\t\t<div class=\"elementor-spacer-inner\"><\/div>\n\t\t<\/div>\n\t\t\t\t\t\t<\/div>\n\t\t\t\t<\/div>\n\t\t\t\t<div class=\"elementor-element elementor-element-a6f9034 elementor-align-center elementor-widget elementor-widget-button\" data-id=\"a6f9034\" data-element_type=\"widget\" data-widget_type=\"button.default\">\n\t\t\t\t<div class=\"elementor-widget-container\">\n\t\t\t\t\t\t\t\t\t<div class=\"elementor-button-wrapper\">\n\t\t\t\t\t<a class=\"elementor-button elementor-button-link elementor-size-sm\" href=\"https:\/\/www.vivaticket.com\/it\/Ticket\/il-mondo-dell-opera-storie-e-arie-dall-opera\/203981\">\n\t\t\t\t\t\t<span class=\"elementor-button-content-wrapper\">\n\t\t\t\t\t\t\t\t\t<span class=\"elementor-button-text\">BUY TICKETS<\/span>\n\t\t\t\t\t<\/span>\n\t\t\t\t\t<\/a>\n\t\t\t\t<\/div>\n\t\t\t\t\t\t\t\t<\/div>\n\t\t\t\t<\/div>\n\t\t\t\t<div class=\"elementor-element elementor-element-5d60548 elementor-widget elementor-widget-spacer\" data-id=\"5d60548\" data-element_type=\"widget\" data-widget_type=\"spacer.default\">\n\t\t\t\t<div class=\"elementor-widget-container\">\n\t\t\t\t\t\t\t<div class=\"elementor-spacer\">\n\t\t\t<div class=\"elementor-spacer-inner\"><\/div>\n\t\t<\/div>\n\t\t\t\t\t\t<\/div>\n\t\t\t\t<\/div>\n\t\t\t\t\t<\/div>\n\t\t<\/div>\n\t\t\t\t\t<\/div>\n\t\t<\/section>\n\t\t\t\t\t<\/div>\n\t\t<\/div>\n\t\t\t\t\t<\/div>\n\t\t<\/section>\n\t\t\t\t<section class=\"elementor-section elementor-top-section elementor-element elementor-element-9f8a131 elementor-section-boxed elementor-section-height-default elementor-section-height-default\" data-id=\"9f8a131\" data-element_type=\"section\" data-settings=\"{&quot;background_background&quot;:&quot;classic&quot;}\">\n\t\t\t\t\t\t<div class=\"elementor-container elementor-column-gap-default\">\n\t\t\t\t\t<div class=\"elementor-column elementor-col-66 elementor-top-column elementor-element elementor-element-25393e3\" data-id=\"25393e3\" data-element_type=\"column\">\n\t\t\t<div class=\"elementor-widget-wrap elementor-element-populated\">\n\t\t\t\t\t\t<section class=\"elementor-section elementor-inner-section elementor-element elementor-element-3ab06fa elementor-section-boxed elementor-section-height-default elementor-section-height-default\" data-id=\"3ab06fa\" data-element_type=\"section\">\n\t\t\t\t\t\t<div class=\"elementor-container elementor-column-gap-default\">\n\t\t\t\t\t<div class=\"elementor-column elementor-col-50 elementor-inner-column elementor-element elementor-element-328cb1e\" data-id=\"328cb1e\" data-element_type=\"column\">\n\t\t\t<div class=\"elementor-widget-wrap\">\n\t\t\t\t\t\t\t<\/div>\n\t\t<\/div>\n\t\t\t\t<div class=\"elementor-column elementor-col-50 elementor-inner-column elementor-element elementor-element-4619723\" data-id=\"4619723\" data-element_type=\"column\">\n\t\t\t<div class=\"elementor-widget-wrap elementor-element-populated\">\n\t\t\t\t\t\t<div class=\"elementor-element elementor-element-91576da elementor-widget-divider--view-line_text elementor-widget-divider--element-align-left elementor-widget elementor-widget-divider\" data-id=\"91576da\" data-element_type=\"widget\" data-widget_type=\"divider.default\">\n\t\t\t\t<div class=\"elementor-widget-container\">\n\t\t\t\t\t\t\t<div class=\"elementor-divider\">\n\t\t\t<span class=\"elementor-divider-separator\">\n\t\t\t\t\t\t\t<h6 class=\"elementor-divider__text elementor-divider__element\">\n\t\t\t\t<b>THE INTERPRETERS<\/b>\t\t\t\t<\/h6>\n\t\t\t\t\t\t<\/span>\n\t\t<\/div>\n\t\t\t\t\t\t<\/div>\n\t\t\t\t<\/div>\n\t\t\t\t<div class=\"elementor-element elementor-element-da01307 elementor-widget elementor-widget-text-editor\" data-id=\"da01307\" data-element_type=\"widget\" data-widget_type=\"text-editor.default\">\n\t\t\t\t<div class=\"elementor-widget-container\">\n\t\t\t\t\t\t\t\t\t<p><b>Carmen Giannattasio, soprano<br \/><\/b>Carmen Giannattasio studied singing at the Avellino Conservatory and was a member of the opera studio at Teatro alla Scala in Milan. In 2002, she won the Operalia singing competition in Paris and sang Desdemona (Otello) at the Los Angeles Opera. This was followed by appearances at the Teatro alla Scala, Royal Opera House Covent Garden in London, the Metropolitan Opera in New York, the Bavarian State Opera, the Bolshoi Theatre, the Th\u00e9\u00e2tre des Champs-Elys\u00e9es in Paris and the opera houses of San Francisco, Vienna, Madrid, Berlin, Brussels, Turin, Venice, Naples, Amsterdam, Hamburg and the Aix-en-Provence Festival, among others. She has worked with renowned conductors such as paolo Arrivabeni, Maurizio Benini, James Conlon, Myung-Whun Chung , Diego Matheuz, Zubin Mehta, Sir Antonio Pappano, Daniele Rustioni, Pinchas Steinberg and Omer Meir Wellber. Carmen Giannattasio\u2019s repertoire includes composers like Donizetti,Verdi, Tchaikovsky, Puccini, Mascagni. Since being chosen to front important new bel canto recordings by Opera Rara, who champion rarely performed operas of the 19th century, she has distinguished herself in Rossini\u2019s La donna del lago, Donizetti\u2019s Parisina and in particular Rossini\u2019s Ermione \u2013 a performance which has earned her plaudits from leading critics worldwide, with the recording winning the 2011 Gramophone Opera Award. Her recordings with the English label also include Bellini\u2019s Il Pirata (2010) and Donizetti\u2019s Caterina Cornaro (2011). In the 2020\/21 season Carmen Giannattasio guested at the Teatro Massimo Palermo in Il Crepuscolo dei Sogni\/Traumd\u00e4mmerung (based on an idea by Johannes Erath), as Tosca at Sydney Opera, and as Alice Ford in a new production of Falstaff in Aix-en-Provence. Highlights of the 2021\/22 season were the season opening at the Vienna State Opera with Tosca, Falstaff at the Lyon Opera and La Wally with the Munich Radio Orchestra. In the role of Tosca she also celebrated a great success at the Festival in Macerata. Future engagements will take the artist back to the Deutsche Oper Berlin, where she has been invited to sing Giorgetta (Il Tabarro) the title role in La Gioconda and in Tosca. Other plans include Eugene Onegin at the Teatro Massimo in Palermo and series of concerts in Madeira and at the Carnegie Hall in New York. Carmen Giannattasio is an ambassador for the jewelers Bulgari and is outfitted by the designer Antonio Riva. She is also an ambassador for Italian perfume brand Carthusia and Swiss luxury skincare brand La Prairie. In February 2017, Carmen Giannattasio was honored with the title of Cavaliere dell\u2019Ordine della Stella della Repubblica Italiana.<\/p>\n\t\t\t\t\t\t\t\t<\/div>\n\t\t\t\t<\/div>\n\t\t\t\t<div class=\"elementor-element elementor-element-e2404e8 elementor-widget elementor-widget-text-editor\" data-id=\"e2404e8\" data-element_type=\"widget\" data-widget_type=\"text-editor.default\">\n\t\t\t\t<div class=\"elementor-widget-container\">\n\t\t\t\t\t\t\t\t\t<p><b>Joseph Calleja, tenor<\/b><\/p>\n\t\t\t\t\t\t\t\t<\/div>\n\t\t\t\t<\/div>\n\t\t\t\t<div class=\"elementor-element elementor-element-d303a80 elementor-widget elementor-widget-text-editor\" data-id=\"d303a80\" data-element_type=\"widget\" data-widget_type=\"text-editor.default\">\n\t\t\t\t<div class=\"elementor-widget-container\">\n\t\t\t\t\t\t\t\t\t<p><b>Sir Bryn Terfel, baritono basso<br \/><\/b>Welsh bass-baritone Sir Bryn Terfel has established an extraordinary career, performing regularly on the prestigious concert stages and opera houses of the world. After winning the Song Prize at the 1989 BBC Cardiff Singer of the World, Sir Bryn made his professional operatic debut in 1990 as Guglielmo in Cos\u00ec fan tutte with Welsh National Opera. He made his international operatic debut in 1991 as Speaker in Die Zauberfl\u00f6te at the Th\u00e9\u00e2tre de la Monnaie, Brussels and made his American debut in the same year as Figaro with Santa Fe Opera. Other roles performed during his career include M\u00e9phistoph\u00e9l\u00e8s in Faust, both the Title Role and Leporello in Don Giovanni, Jochanaan in Salome, the Title Role in Gianni Schicchi, Nick Shadow in The Rake\u2019s Progress, Wolfram in Tannh\u00e4user, Balstrode in Peter Grimes and Four Villains in Les contes d\u2019Hoffmann. Sir Bryn marked his 50th birthday and twenty-five years in the profession with a special one-off Gala Concert at the Royal Albert Hall, presented by Hollywood star Michael Sheen. The celebrations continued at Cardiff\u2019s Wales Millennium Centre, where he sang Scarpia in a special concert performance of Tosca with Welsh National Opera. Recent performances include Balstrode for Wiener Staatsoper and Royal Opera House, Covent Garden, Holl\u00e4nder in Der fliegende Holl\u00e4nder for Grange Park Opera, Wiener Staatsoper and his house debut at ABAO Bilbao Opera, Falstaff for Z\u00fcrich Opera, Bayerische Staatsoper, M\u00fcnich and Grange Park Opera, Scarpia for Opera National de Paris and Opera Na\u021bional\u0103 Bucure\u0219ti, Don Pizarro in Fidelio at the Schlo\u00dfberg, Graz, Don Pasquale at the Royal Opera House, Sweeney Todd for Z\u00fcrich Opera and Boris Godunov for Deutsche Oper Berlin and the Royal Opera House. Other operatic highlights to date include his debut in the role of Hans Sachs in the critically acclaimed production of Die Meistersinger von N\u00fcrnberg for Welsh National Opera, Wotan in The Ring Cycle at the Royal Opera House and the Metropolitan Opera, New York, his debut in the role of Reb Tevye in Fiddler on the Roof for Grange Park Opera, Sweeney Todd for English National Opera and hosting a four day festival, Brynfest, at the Southbank Centre, London as part of the Southbank Centre\u2019s Festival of the World. Equally at home on the concert platform, his highlights range from the opening ceremony of the Wales Millennium Centre, BBC Last Night of the Proms and the Royal Variety Show to a Gala Concert with Andrea Bocelli in Central Park, New York and curating a special Christmas concert and live international stream for the Metropolitan Opera\u2019s \u2018Met Stars Live in Concert\u2019 series from Brecon Cathedral, Wales. Recent performances include a series of concerts with Orchester National de Bretagne in Rennes and Paris, celebrating 250 years since Beethoven\u2019s birth with orchestral arrangements of Beethoven\u2019s Celtic Songs. He has given recitals all over the world and for nine years held his own festival in Faenol, North Wales. Sir Bryn is a Grammy, Classical Brit and Gramophone Award winner with a discography encompassing operas of Mozart, Wagner and Strauss, and more than fifteen solo discs including Lieder, American musical theatre, Welsh songs and sacred repertory. Bryn was made a Commander of the British Empire (CBE) for his services to Opera in 2003, was awarded the Queen\u2019s Medal for Music in 2006 and received a knighthood for his service to music in 2017. Earlier this year, he was honoured with the title of Austrian Kammers\u00e4nger for his services to the Wiener Staatsoper. He was the last recipient of the Shakespeare Prize by the Alfred Toepfer Foundation and in 2015, he was given The Freedom of the City of London.<\/p>\n\t\t\t\t\t\t\t\t<\/div>\n\t\t\t\t<\/div>\n\t\t\t\t<div class=\"elementor-element elementor-element-b498d2e elementor-align-center elementor-widget elementor-widget-button\" data-id=\"b498d2e\" data-element_type=\"widget\" data-widget_type=\"button.default\">\n\t\t\t\t<div class=\"elementor-widget-container\">\n\t\t\t\t\t\t\t\t\t<div class=\"elementor-button-wrapper\">\n\t\t\t\t\t<a class=\"elementor-button elementor-button-link elementor-size-sm\" href=\"#\">\n\t\t\t\t\t\t<span class=\"elementor-button-content-wrapper\">\n\t\t\t\t\t\t\t\t\t<span class=\"elementor-button-text\">DOWNLOAD THE PROGRAM NOTES<\/span>\n\t\t\t\t\t<\/span>\n\t\t\t\t\t<\/a>\n\t\t\t\t<\/div>\n\t\t\t\t\t\t\t\t<\/div>\n\t\t\t\t<\/div>\n\t\t\t\t\t<\/div>\n\t\t<\/div>\n\t\t\t\t\t<\/div>\n\t\t<\/section>\n\t\t\t\t\t<\/div>\n\t\t<\/div>\n\t\t\t\t<div class=\"elementor-column elementor-col-33 elementor-top-column elementor-element elementor-element-e1d79cd\" data-id=\"e1d79cd\" data-element_type=\"column\">\n\t\t\t<div class=\"elementor-widget-wrap\">\n\t\t\t\t\t\t\t<\/div>\n\t\t<\/div>\n\t\t\t\t\t<\/div>\n\t\t<\/section>\n\t\t\t\t<section class=\"elementor-section elementor-top-section elementor-element elementor-element-1c293c53 elementor-section-content-middle elementor-section-boxed elementor-section-height-default elementor-section-height-default\" data-id=\"1c293c53\" data-element_type=\"section\" data-settings=\"{&quot;background_background&quot;:&quot;classic&quot;}\">\n\t\t\t\t\t\t<div class=\"elementor-container elementor-column-gap-no\">\n\t\t\t\t\t<div class=\"elementor-column elementor-col-100 elementor-top-column elementor-element elementor-element-4e59321a\" data-id=\"4e59321a\" data-element_type=\"column\">\n\t\t\t<div class=\"elementor-widget-wrap elementor-element-populated\">\n\t\t\t\t\t\t<div class=\"elementor-element elementor-element-a9190c0 elementor-widget elementor-widget-gallery\" data-id=\"a9190c0\" data-element_type=\"widget\" data-settings=\"{&quot;columns&quot;:3,&quot;gap&quot;:{&quot;unit&quot;:&quot;px&quot;,&quot;size&quot;:0,&quot;sizes&quot;:[]},&quot;link_to&quot;:&quot;custom&quot;,&quot;aspect_ratio&quot;:&quot;1:1&quot;,&quot;lazyload&quot;:&quot;yes&quot;,&quot;gallery_layout&quot;:&quot;grid&quot;,&quot;columns_tablet&quot;:2,&quot;columns_mobile&quot;:1,&quot;gap_tablet&quot;:{&quot;unit&quot;:&quot;px&quot;,&quot;size&quot;:10,&quot;sizes&quot;:[]},&quot;gap_mobile&quot;:{&quot;unit&quot;:&quot;px&quot;,&quot;size&quot;:10,&quot;sizes&quot;:[]},&quot;url&quot;:{&quot;url&quot;:&quot;&quot;,&quot;is_external&quot;:&quot;&quot;,&quot;nofollow&quot;:&quot;&quot;,&quot;custom_attributes&quot;:&quot;&quot;},&quot;overlay_background&quot;:&quot;yes&quot;,&quot;content_hover_animation&quot;:&quot;fade-in&quot;}\" data-widget_type=\"gallery.default\">\n\t\t\t\t<div class=\"elementor-widget-container\">\n\t\t\t\t\t\t\t<div class=\"elementor-gallery__container\">\n\t\t\t\t\t\t\t<a class=\"e-gallery-item elementor-gallery-item elementor-animated-content\">\n\t\t\t\t\t<div class=\"e-gallery-image elementor-gallery-item__image\" data-thumbnail=\"https:\/\/lericimusicfestival.org\/wp-content\/uploads\/2023\/03\/20230731-Carmen_Giannattasio_w2-photo-by-Marco_Rossi.jpg\" data-width=\"800\" data-height=\"800\" aria-label=\"\" role=\"img\" ><\/div>\n\t\t\t\t\t\t\t\t\t\t\t<div class=\"elementor-gallery-item__overlay\"><\/div>\n\t\t\t\t\t\t\t\t\t\t\t\t\t\t<\/a>\n\t\t\t\t\t\t\t<a class=\"e-gallery-item elementor-gallery-item elementor-animated-content\">\n\t\t\t\t\t<div class=\"e-gallery-image elementor-gallery-item__image\" data-thumbnail=\"https:\/\/lericimusicfestival.org\/wp-content\/uploads\/2023\/03\/20230731-Joseph_Calleja-w2.jpg\" data-width=\"800\" data-height=\"800\" aria-label=\"\" role=\"img\" ><\/div>\n\t\t\t\t\t\t\t\t\t\t\t<div class=\"elementor-gallery-item__overlay\"><\/div>\n\t\t\t\t\t\t\t\t\t\t\t\t\t\t<\/a>\n\t\t\t\t\t\t\t<a class=\"e-gallery-item elementor-gallery-item elementor-animated-content\">\n\t\t\t\t\t<div class=\"e-gallery-image elementor-gallery-item__image\" data-thumbnail=\"https:\/\/lericimusicfestival.org\/wp-content\/uploads\/2023\/03\/Bryn-Terfel-w-1024x1024.jpeg\" data-width=\"800\" data-height=\"800\" aria-label=\"\" role=\"img\" ><\/div>\n\t\t\t\t\t\t\t\t\t\t\t<div class=\"elementor-gallery-item__overlay\"><\/div>\n\t\t\t\t\t\t\t\t\t\t\t\t\t\t<\/a>\n\t\t\t\t\t<\/div>\n\t\t\t\t\t<\/div>\n\t\t\t\t<\/div>\n\t\t\t\t<section class=\"elementor-section elementor-inner-section elementor-element elementor-element-0860a5c elementor-section-boxed elementor-section-height-default elementor-section-height-default\" data-id=\"0860a5c\" data-element_type=\"section\">\n\t\t\t\t\t\t<div class=\"elementor-container elementor-column-gap-default\">\n\t\t\t\t\t<div class=\"elementor-column elementor-col-50 elementor-inner-column elementor-element elementor-element-d22134a\" data-id=\"d22134a\" data-element_type=\"column\">\n\t\t\t<div class=\"elementor-widget-wrap elementor-element-populated\">\n\t\t\t\t\t\t<div class=\"elementor-element elementor-element-00a6922 elementor-widget elementor-widget-video\" data-id=\"00a6922\" data-element_type=\"widget\" data-settings=\"{&quot;youtube_url&quot;:&quot;https:\\\/\\\/youtu.be\\\/qmuU2JMpp04&quot;,&quot;video_type&quot;:&quot;youtube&quot;,&quot;controls&quot;:&quot;yes&quot;}\" data-widget_type=\"video.default\">\n\t\t\t\t<div class=\"elementor-widget-container\">\n\t\t\t\t\t\t\t<div class=\"elementor-wrapper elementor-open-inline\">\n\t\t\t<div class=\"elementor-video\"><\/div>\t\t<\/div>\n\t\t\t\t\t\t<\/div>\n\t\t\t\t<\/div>\n\t\t\t\t\t<\/div>\n\t\t<\/div>\n\t\t\t\t<div class=\"elementor-column elementor-col-50 elementor-inner-column elementor-element elementor-element-7717637\" data-id=\"7717637\" data-element_type=\"column\">\n\t\t\t<div class=\"elementor-widget-wrap elementor-element-populated\">\n\t\t\t\t\t\t<div class=\"elementor-element elementor-element-2e70933 elementor-widget elementor-widget-video\" data-id=\"2e70933\" data-element_type=\"widget\" data-settings=\"{&quot;youtube_url&quot;:&quot;https:\\\/\\\/youtu.be\\\/0euYKIMfV4I&quot;,&quot;video_type&quot;:&quot;youtube&quot;,&quot;controls&quot;:&quot;yes&quot;}\" data-widget_type=\"video.default\">\n\t\t\t\t<div class=\"elementor-widget-container\">\n\t\t\t\t\t\t\t<div class=\"elementor-wrapper elementor-open-inline\">\n\t\t\t<div class=\"elementor-video\"><\/div>\t\t<\/div>\n\t\t\t\t\t\t<\/div>\n\t\t\t\t<\/div>\n\t\t\t\t\t<\/div>\n\t\t<\/div>\n\t\t\t\t\t<\/div>\n\t\t<\/section>\n\t\t\t\t<div class=\"elementor-element elementor-element-ef8b540 elementor-widget elementor-widget-spacer\" data-id=\"ef8b540\" data-element_type=\"widget\" data-widget_type=\"spacer.default\">\n\t\t\t\t<div class=\"elementor-widget-container\">\n\t\t\t\t\t\t\t<div class=\"elementor-spacer\">\n\t\t\t<div class=\"elementor-spacer-inner\"><\/div>\n\t\t<\/div>\n\t\t\t\t\t\t<\/div>\n\t\t\t\t<\/div>\n\t\t\t\t\t<\/div>\n\t\t<\/div>\n\t\t\t\t\t<\/div>\n\t\t<\/section>\n\t\t\t\t<\/div>\n\t\t","protected":false},"excerpt":{"rendered":"<p>31\/07The Opera Worldpresented by Hugh Canning THE CONCERT The Opera WorldPresented by Hugh CanningOpera Stories and Arias Carmen Giannattasio, soprano Joseph Calleja,&nbsp; tenorSir Bryn Terfel, &nbsp;baritone Voice students of the Conservatory &#8220;G. Puccini&#8221; of La Spezia Claudia Belluomini, sopranoMichelangelo Ferri, baritoneZhao Zhihe, piano July 31, 9:15 p.m.Sala del Consiglio &#8211; Comune di Lerici THE PROGRAM [&hellip;]<\/p>\n","protected":false},"author":4,"featured_media":0,"parent":0,"menu_order":0,"comment_status":"closed","ping_status":"closed","template":"","meta":{"_monsterinsights_skip_tracking":false,"_monsterinsights_sitenote_active":false,"_monsterinsights_sitenote_note":"","_monsterinsights_sitenote_category":0,"footnotes":""},"class_list":["post-5102","page","type-page","status-publish","hentry"],"yoast_head":"<!-- This site is optimized with the Yoast SEO plugin v25.6 - https:\/\/yoast.com\/wordpress\/plugins\/seo\/ -->\n<title>July 31 THE OPERA WORLD - Lerici Music Festival<\/title>\n<meta name=\"robots\" content=\"index, follow, max-snippet:-1, max-image-preview:large, max-video-preview:-1\" \/>\n<link rel=\"canonical\" href=\"https:\/\/lericimusicfestival.org\/en\/july-31-the-opera-world\/\" \/>\n<meta property=\"og:locale\" content=\"en_US\" \/>\n<meta property=\"og:type\" content=\"article\" \/>\n<meta property=\"og:title\" content=\"July 31 THE OPERA WORLD - Lerici Music Festival\" \/>\n<meta property=\"og:description\" content=\"31\/07The Opera Worldpresented by Hugh Canning THE CONCERT The Opera WorldPresented by Hugh CanningOpera Stories and Arias Carmen Giannattasio, soprano Joseph Calleja,&nbsp; tenorSir Bryn Terfel, &nbsp;baritone Voice students of the Conservatory &#8220;G. Puccini&#8221; of La Spezia Claudia Belluomini, sopranoMichelangelo Ferri, baritoneZhao Zhihe, piano July 31, 9:15 p.m.Sala del Consiglio &#8211; Comune di Lerici THE PROGRAM [&hellip;]\" \/>\n<meta property=\"og:url\" content=\"https:\/\/lericimusicfestival.org\/en\/july-31-the-opera-world\/\" \/>\n<meta property=\"og:site_name\" content=\"Lerici Music Festival\" \/>\n<meta property=\"article:publisher\" content=\"https:\/\/www.facebook.com\/lericimusicfestival\" \/>\n<meta property=\"article:modified_time\" content=\"2023-06-17T22:43:37+00:00\" \/>\n<meta name=\"twitter:card\" content=\"summary_large_image\" \/>\n<meta name=\"twitter:label1\" content=\"Est. reading time\" \/>\n\t<meta name=\"twitter:data1\" content=\"6 minutes\" \/>\n<script type=\"application\/ld+json\" class=\"yoast-schema-graph\">{\"@context\":\"https:\/\/schema.org\",\"@graph\":[{\"@type\":\"WebPage\",\"@id\":\"https:\/\/lericimusicfestival.org\/en\/july-31-the-opera-world\/\",\"url\":\"https:\/\/lericimusicfestival.org\/en\/july-31-the-opera-world\/\",\"name\":\"July 31 THE OPERA WORLD - Lerici Music Festival\",\"isPartOf\":{\"@id\":\"https:\/\/lericimusicfestival.org\/en\/#website\"},\"datePublished\":\"2023-03-29T14:11:52+00:00\",\"dateModified\":\"2023-06-17T22:43:37+00:00\",\"breadcrumb\":{\"@id\":\"https:\/\/lericimusicfestival.org\/en\/july-31-the-opera-world\/#breadcrumb\"},\"inLanguage\":\"en-US\",\"potentialAction\":[{\"@type\":\"ReadAction\",\"target\":[\"https:\/\/lericimusicfestival.org\/en\/july-31-the-opera-world\/\"]}]},{\"@type\":\"BreadcrumbList\",\"@id\":\"https:\/\/lericimusicfestival.org\/en\/july-31-the-opera-world\/#breadcrumb\",\"itemListElement\":[{\"@type\":\"ListItem\",\"position\":1,\"name\":\"Home\",\"item\":\"https:\/\/lericimusicfestival.org\/en\/\"},{\"@type\":\"ListItem\",\"position\":2,\"name\":\"July 31 THE OPERA WORLD\"}]},{\"@type\":\"WebSite\",\"@id\":\"https:\/\/lericimusicfestival.org\/en\/#website\",\"url\":\"https:\/\/lericimusicfestival.org\/en\/\",\"name\":\"Lerici Music Festival\",\"description\":\"Officiall website for the Lerici Music Festival\",\"publisher\":{\"@id\":\"https:\/\/lericimusicfestival.org\/en\/#organization\"},\"potentialAction\":[{\"@type\":\"SearchAction\",\"target\":{\"@type\":\"EntryPoint\",\"urlTemplate\":\"https:\/\/lericimusicfestival.org\/en\/?s={search_term_string}\"},\"query-input\":{\"@type\":\"PropertyValueSpecification\",\"valueRequired\":true,\"valueName\":\"search_term_string\"}}],\"inLanguage\":\"en-US\"},{\"@type\":\"Organization\",\"@id\":\"https:\/\/lericimusicfestival.org\/en\/#organization\",\"name\":\"Lerici Music Festival\",\"url\":\"https:\/\/lericimusicfestival.org\/en\/\",\"logo\":{\"@type\":\"ImageObject\",\"inLanguage\":\"en-US\",\"@id\":\"https:\/\/lericimusicfestival.org\/en\/#\/schema\/logo\/image\/\",\"url\":\"https:\/\/lericimusicfestival.org\/wp-content\/uploads\/2023\/03\/LERICI-FESTIVAL-FAVICON.png\",\"contentUrl\":\"https:\/\/lericimusicfestival.org\/wp-content\/uploads\/2023\/03\/LERICI-FESTIVAL-FAVICON.png\",\"width\":500,\"height\":325,\"caption\":\"Lerici Music Festival\"},\"image\":{\"@id\":\"https:\/\/lericimusicfestival.org\/en\/#\/schema\/logo\/image\/\"},\"sameAs\":[\"https:\/\/www.facebook.com\/lericimusicfestival\",\"https:\/\/www.instagram.com\/lericimusicfestival\/\"]}]}<\/script>\n<!-- \/ Yoast SEO plugin. -->","yoast_head_json":{"title":"July 31 THE OPERA WORLD - Lerici Music Festival","robots":{"index":"index","follow":"follow","max-snippet":"max-snippet:-1","max-image-preview":"max-image-preview:large","max-video-preview":"max-video-preview:-1"},"canonical":"https:\/\/lericimusicfestival.org\/en\/july-31-the-opera-world\/","og_locale":"en_US","og_type":"article","og_title":"July 31 THE OPERA WORLD - Lerici Music Festival","og_description":"31\/07The Opera Worldpresented by Hugh Canning THE CONCERT The Opera WorldPresented by Hugh CanningOpera Stories and Arias Carmen Giannattasio, soprano Joseph Calleja,&nbsp; tenorSir Bryn Terfel, &nbsp;baritone Voice students of the Conservatory &#8220;G. Puccini&#8221; of La Spezia Claudia Belluomini, sopranoMichelangelo Ferri, baritoneZhao Zhihe, piano July 31, 9:15 p.m.Sala del Consiglio &#8211; Comune di Lerici THE PROGRAM [&hellip;]","og_url":"https:\/\/lericimusicfestival.org\/en\/july-31-the-opera-world\/","og_site_name":"Lerici Music Festival","article_publisher":"https:\/\/www.facebook.com\/lericimusicfestival","article_modified_time":"2023-06-17T22:43:37+00:00","twitter_card":"summary_large_image","twitter_misc":{"Est. reading time":"6 minutes"},"schema":{"@context":"https:\/\/schema.org","@graph":[{"@type":"WebPage","@id":"https:\/\/lericimusicfestival.org\/en\/july-31-the-opera-world\/","url":"https:\/\/lericimusicfestival.org\/en\/july-31-the-opera-world\/","name":"July 31 THE OPERA WORLD - Lerici Music Festival","isPartOf":{"@id":"https:\/\/lericimusicfestival.org\/en\/#website"},"datePublished":"2023-03-29T14:11:52+00:00","dateModified":"2023-06-17T22:43:37+00:00","breadcrumb":{"@id":"https:\/\/lericimusicfestival.org\/en\/july-31-the-opera-world\/#breadcrumb"},"inLanguage":"en-US","potentialAction":[{"@type":"ReadAction","target":["https:\/\/lericimusicfestival.org\/en\/july-31-the-opera-world\/"]}]},{"@type":"BreadcrumbList","@id":"https:\/\/lericimusicfestival.org\/en\/july-31-the-opera-world\/#breadcrumb","itemListElement":[{"@type":"ListItem","position":1,"name":"Home","item":"https:\/\/lericimusicfestival.org\/en\/"},{"@type":"ListItem","position":2,"name":"July 31 THE OPERA WORLD"}]},{"@type":"WebSite","@id":"https:\/\/lericimusicfestival.org\/en\/#website","url":"https:\/\/lericimusicfestival.org\/en\/","name":"Lerici Music Festival","description":"Officiall website for the Lerici Music Festival","publisher":{"@id":"https:\/\/lericimusicfestival.org\/en\/#organization"},"potentialAction":[{"@type":"SearchAction","target":{"@type":"EntryPoint","urlTemplate":"https:\/\/lericimusicfestival.org\/en\/?s={search_term_string}"},"query-input":{"@type":"PropertyValueSpecification","valueRequired":true,"valueName":"search_term_string"}}],"inLanguage":"en-US"},{"@type":"Organization","@id":"https:\/\/lericimusicfestival.org\/en\/#organization","name":"Lerici Music Festival","url":"https:\/\/lericimusicfestival.org\/en\/","logo":{"@type":"ImageObject","inLanguage":"en-US","@id":"https:\/\/lericimusicfestival.org\/en\/#\/schema\/logo\/image\/","url":"https:\/\/lericimusicfestival.org\/wp-content\/uploads\/2023\/03\/LERICI-FESTIVAL-FAVICON.png","contentUrl":"https:\/\/lericimusicfestival.org\/wp-content\/uploads\/2023\/03\/LERICI-FESTIVAL-FAVICON.png","width":500,"height":325,"caption":"Lerici Music Festival"},"image":{"@id":"https:\/\/lericimusicfestival.org\/en\/#\/schema\/logo\/image\/"},"sameAs":["https:\/\/www.facebook.com\/lericimusicfestival","https:\/\/www.instagram.com\/lericimusicfestival\/"]}]}},"_links":{"self":[{"href":"https:\/\/lericimusicfestival.org\/en\/wp-json\/wp\/v2\/pages\/5102","targetHints":{"allow":["GET"]}}],"collection":[{"href":"https:\/\/lericimusicfestival.org\/en\/wp-json\/wp\/v2\/pages"}],"about":[{"href":"https:\/\/lericimusicfestival.org\/en\/wp-json\/wp\/v2\/types\/page"}],"author":[{"embeddable":true,"href":"https:\/\/lericimusicfestival.org\/en\/wp-json\/wp\/v2\/users\/4"}],"replies":[{"embeddable":true,"href":"https:\/\/lericimusicfestival.org\/en\/wp-json\/wp\/v2\/comments?post=5102"}],"version-history":[{"count":1,"href":"https:\/\/lericimusicfestival.org\/en\/wp-json\/wp\/v2\/pages\/5102\/revisions"}],"predecessor-version":[{"id":5103,"href":"https:\/\/lericimusicfestival.org\/en\/wp-json\/wp\/v2\/pages\/5102\/revisions\/5103"}],"wp:attachment":[{"href":"https:\/\/lericimusicfestival.org\/en\/wp-json\/wp\/v2\/media?parent=5102"}],"curies":[{"name":"wp","href":"https:\/\/api.w.org\/{rel}","templated":true}]}}