{"id":5128,"date":"2023-03-29T15:44:32","date_gmt":"2023-03-29T15:44:32","guid":{"rendered":"https:\/\/lericimusicfestival.org\/august-5-milva-astor\/"},"modified":"2023-06-18T18:10:46","modified_gmt":"2023-06-18T18:10:46","slug":"august-5-milva-astor","status":"publish","type":"page","link":"https:\/\/lericimusicfestival.org\/en\/august-5-milva-astor\/","title":{"rendered":"August 5 MILVA &amp; ASTOR"},"content":{"rendered":"\t\t<div data-elementor-type=\"wp-page\" data-elementor-id=\"5128\" class=\"elementor elementor-5128 elementor-2981\" data-elementor-post-type=\"page\">\n\t\t\t\t\t\t<section class=\"elementor-section elementor-top-section elementor-element elementor-element-498c19b elementor-section-height-min-height elementor-section-boxed elementor-section-height-default elementor-section-items-middle\" data-id=\"498c19b\" data-element_type=\"section\" data-settings=\"{&quot;background_background&quot;:&quot;classic&quot;}\">\n\t\t\t\t\t\t\t<div class=\"elementor-background-overlay\"><\/div>\n\t\t\t\t\t\t\t<div class=\"elementor-container elementor-column-gap-default\">\n\t\t\t\t\t<div class=\"elementor-column elementor-col-33 elementor-top-column elementor-element elementor-element-1b28ac89\" data-id=\"1b28ac89\" data-element_type=\"column\">\n\t\t\t<div class=\"elementor-widget-wrap\">\n\t\t\t\t\t\t\t<\/div>\n\t\t<\/div>\n\t\t\t\t<div class=\"elementor-column elementor-col-33 elementor-top-column elementor-element elementor-element-f76b906\" data-id=\"f76b906\" data-element_type=\"column\">\n\t\t\t<div class=\"elementor-widget-wrap elementor-element-populated\">\n\t\t\t\t\t\t<div class=\"elementor-element elementor-element-f739da8 elementor-widget elementor-widget-spacer\" data-id=\"f739da8\" data-element_type=\"widget\" data-widget_type=\"spacer.default\">\n\t\t\t\t<div class=\"elementor-widget-container\">\n\t\t\t\t\t\t\t<div class=\"elementor-spacer\">\n\t\t\t<div class=\"elementor-spacer-inner\"><\/div>\n\t\t<\/div>\n\t\t\t\t\t\t<\/div>\n\t\t\t\t<\/div>\n\t\t\t\t<div class=\"elementor-element elementor-element-5e3c925 elementor-widget elementor-widget-heading\" data-id=\"5e3c925\" data-element_type=\"widget\" data-widget_type=\"heading.default\">\n\t\t\t\t<div class=\"elementor-widget-container\">\n\t\t\t\t\t<h1 class=\"elementor-heading-title elementor-size-default\">05\/08<br>MILVA &amp;<br>ASTOR<\/h1>\t\t\t\t<\/div>\n\t\t\t\t<\/div>\n\t\t\t\t<div class=\"elementor-element elementor-element-1ee6b2e elementor-widget elementor-widget-heading\" data-id=\"1ee6b2e\" data-element_type=\"widget\" data-widget_type=\"heading.default\">\n\t\t\t\t<div class=\"elementor-widget-container\">\n\t\t\t\t\t<h1 class=\"elementor-heading-title elementor-size-default\"><i>Tribute to Milva <br>on music <br>by Astor Piazzolla<\/i><\/h1>\t\t\t\t<\/div>\n\t\t\t\t<\/div>\n\t\t\t\t\t<\/div>\n\t\t<\/div>\n\t\t\t\t<div class=\"elementor-column elementor-col-33 elementor-top-column elementor-element elementor-element-dbb539f\" data-id=\"dbb539f\" data-element_type=\"column\">\n\t\t\t<div class=\"elementor-widget-wrap\">\n\t\t\t\t\t\t\t<\/div>\n\t\t<\/div>\n\t\t\t\t\t<\/div>\n\t\t<\/section>\n\t\t\t\t<section class=\"elementor-section elementor-top-section elementor-element elementor-element-3c23474 elementor-section-boxed elementor-section-height-default elementor-section-height-default\" data-id=\"3c23474\" data-element_type=\"section\" data-settings=\"{&quot;background_background&quot;:&quot;classic&quot;}\">\n\t\t\t\t\t\t<div class=\"elementor-container elementor-column-gap-default\">\n\t\t\t\t\t<div class=\"elementor-column elementor-col-66 elementor-top-column elementor-element elementor-element-b76d54f\" data-id=\"b76d54f\" data-element_type=\"column\">\n\t\t\t<div class=\"elementor-widget-wrap elementor-element-populated\">\n\t\t\t\t\t\t<section class=\"elementor-section elementor-inner-section elementor-element elementor-element-b7dbf50 elementor-section-boxed elementor-section-height-default elementor-section-height-default\" data-id=\"b7dbf50\" data-element_type=\"section\">\n\t\t\t\t\t\t<div class=\"elementor-container elementor-column-gap-default\">\n\t\t\t\t\t<div class=\"elementor-column elementor-col-50 elementor-inner-column elementor-element elementor-element-09e0f5d\" data-id=\"09e0f5d\" data-element_type=\"column\">\n\t\t\t<div class=\"elementor-widget-wrap\">\n\t\t\t\t\t\t\t<\/div>\n\t\t<\/div>\n\t\t\t\t<div class=\"elementor-column elementor-col-50 elementor-inner-column elementor-element elementor-element-bd8bc80\" data-id=\"bd8bc80\" data-element_type=\"column\">\n\t\t\t<div class=\"elementor-widget-wrap elementor-element-populated\">\n\t\t\t\t\t\t<div class=\"elementor-element elementor-element-6b10038 elementor-widget-divider--view-line_text elementor-widget-divider--element-align-left elementor-widget elementor-widget-divider\" data-id=\"6b10038\" data-element_type=\"widget\" data-widget_type=\"divider.default\">\n\t\t\t\t<div class=\"elementor-widget-container\">\n\t\t\t\t\t\t\t<div class=\"elementor-divider\">\n\t\t\t<span class=\"elementor-divider-separator\">\n\t\t\t\t\t\t\t<h6 class=\"elementor-divider__text elementor-divider__element\">\n\t\t\t\t<b>THE CONCERT<\/b>\t\t\t\t<\/h6>\n\t\t\t\t\t\t<\/span>\n\t\t<\/div>\n\t\t\t\t\t\t<\/div>\n\t\t\t\t<\/div>\n\t\t\t\t<div class=\"elementor-element elementor-element-649a33d elementor-widget elementor-widget-heading\" data-id=\"649a33d\" data-element_type=\"widget\" data-widget_type=\"heading.default\">\n\t\t\t\t<div class=\"elementor-widget-container\">\n\t\t\t\t\t<h1 class=\"elementor-heading-title elementor-size-default\">MILVA &amp; ASTOR<br>\n\u201cTribute to Milva on music by Astor Piazzolla\u201d<\/h1>\t\t\t\t<\/div>\n\t\t\t\t<\/div>\n\t\t\t\t<div class=\"elementor-element elementor-element-fac2d23 elementor-widget elementor-widget-heading\" data-id=\"fac2d23\" data-element_type=\"widget\" data-widget_type=\"heading.default\">\n\t\t\t\t<div class=\"elementor-widget-container\">\n\t\t\t\t\t<h1 class=\"elementor-heading-title elementor-size-default\">Mario Stefano Pietrodarchi, <i>bandoneon<\/i> <br>Nadezhda Nesterova, <i>voice<\/i> <br>Gianluca Marcian\u00f2, <i>piano<\/i><\/h1>\t\t\t\t<\/div>\n\t\t\t\t<\/div>\n\t\t\t\t<div class=\"elementor-element elementor-element-7f41278 elementor-widget elementor-widget-heading\" data-id=\"7f41278\" data-element_type=\"widget\" data-widget_type=\"heading.default\">\n\t\t\t\t<div class=\"elementor-widget-container\">\n\t\t\t\t\t<h1 class=\"elementor-heading-title elementor-size-default\">Aug. 5, 9:15 p.m.<br>Villa Marigola - Lerici<\/h1>\t\t\t\t<\/div>\n\t\t\t\t<\/div>\n\t\t\t\t<div class=\"elementor-element elementor-element-ab00984 elementor-widget-divider--view-line_text elementor-widget-divider--element-align-left elementor-widget elementor-widget-divider\" data-id=\"ab00984\" data-element_type=\"widget\" data-widget_type=\"divider.default\">\n\t\t\t\t<div class=\"elementor-widget-container\">\n\t\t\t\t\t\t\t<div class=\"elementor-divider\">\n\t\t\t<span class=\"elementor-divider-separator\">\n\t\t\t\t\t\t\t<h6 class=\"elementor-divider__text elementor-divider__element\">\n\t\t\t\t<b>THE PROGRAM<\/b>\t\t\t\t<\/h6>\n\t\t\t\t\t\t<\/span>\n\t\t<\/div>\n\t\t\t\t\t\t<\/div>\n\t\t\t\t<\/div>\n\t\t\t\t\t<\/div>\n\t\t<\/div>\n\t\t\t\t\t<\/div>\n\t\t<\/section>\n\t\t\t\t\t<\/div>\n\t\t<\/div>\n\t\t\t\t<div class=\"elementor-column elementor-col-33 elementor-top-column elementor-element elementor-element-99035bc\" data-id=\"99035bc\" data-element_type=\"column\">\n\t\t\t<div class=\"elementor-widget-wrap elementor-element-populated\">\n\t\t\t\t\t\t<section class=\"elementor-section elementor-inner-section elementor-element elementor-element-b420790 elementor-section-boxed elementor-section-height-default elementor-section-height-default\" data-id=\"b420790\" data-element_type=\"section\" data-settings=\"{&quot;background_background&quot;:&quot;classic&quot;}\">\n\t\t\t\t\t\t<div class=\"elementor-container elementor-column-gap-extended\">\n\t\t\t\t\t<div class=\"elementor-column elementor-col-100 elementor-inner-column elementor-element elementor-element-f62748e\" data-id=\"f62748e\" data-element_type=\"column\">\n\t\t\t<div class=\"elementor-widget-wrap elementor-element-populated\">\n\t\t\t\t\t\t<div class=\"elementor-element elementor-element-cd2de83 elementor-widget-divider--view-line_text elementor-widget-divider--element-align-left elementor-widget elementor-widget-divider\" data-id=\"cd2de83\" data-element_type=\"widget\" data-widget_type=\"divider.default\">\n\t\t\t\t<div class=\"elementor-widget-container\">\n\t\t\t\t\t\t\t<div class=\"elementor-divider\">\n\t\t\t<span class=\"elementor-divider-separator\">\n\t\t\t\t\t\t\t<h6 class=\"elementor-divider__text elementor-divider__element\">\n\t\t\t\tINFO\t\t\t\t<\/h6>\n\t\t\t\t\t\t<\/span>\n\t\t<\/div>\n\t\t\t\t\t\t<\/div>\n\t\t\t\t<\/div>\n\t\t\t\t<div class=\"elementor-element elementor-element-645572a e-grid-align-left elementor-shape-rounded elementor-grid-0 elementor-widget elementor-widget-global elementor-global-4128 elementor-widget-social-icons\" data-id=\"645572a\" data-element_type=\"widget\" data-widget_type=\"social-icons.default\">\n\t\t\t\t<div class=\"elementor-widget-container\">\n\t\t\t\t\t\t\t<div class=\"elementor-social-icons-wrapper elementor-grid\" role=\"list\">\n\t\t\t\t\t\t\t<span class=\"elementor-grid-item\" role=\"listitem\">\n\t\t\t\t\t<a class=\"elementor-icon elementor-social-icon elementor-social-icon-facebook elementor-repeater-item-4d4f44d\" href=\"https:\/\/www.facebook.com\/lericimusicfestival\" target=\"_blank\">\n\t\t\t\t\t\t<span class=\"elementor-screen-only\">Facebook<\/span>\n\t\t\t\t\t\t<i class=\"fab fa-facebook\"><\/i>\t\t\t\t\t<\/a>\n\t\t\t\t<\/span>\n\t\t\t\t\t\t\t<span class=\"elementor-grid-item\" role=\"listitem\">\n\t\t\t\t\t<a class=\"elementor-icon elementor-social-icon elementor-social-icon-instagram elementor-repeater-item-54037cb\" href=\"https:\/\/www.instagram.com\/lericimusicfestival\/\" target=\"_blank\">\n\t\t\t\t\t\t<span class=\"elementor-screen-only\">Instagram<\/span>\n\t\t\t\t\t\t<i class=\"fab fa-instagram\"><\/i>\t\t\t\t\t<\/a>\n\t\t\t\t<\/span>\n\t\t\t\t\t\t\t<span class=\"elementor-grid-item\" role=\"listitem\">\n\t\t\t\t\t<a class=\"elementor-icon elementor-social-icon elementor-social-icon-youtube elementor-repeater-item-a5d2fe4\" href=\"https:\/\/www.youtube.com\/@lericimusicfestival327\/videos\" target=\"_blank\">\n\t\t\t\t\t\t<span class=\"elementor-screen-only\">Youtube<\/span>\n\t\t\t\t\t\t<i class=\"fab fa-youtube\"><\/i>\t\t\t\t\t<\/a>\n\t\t\t\t<\/span>\n\t\t\t\t\t<\/div>\n\t\t\t\t\t\t<\/div>\n\t\t\t\t<\/div>\n\t\t\t\t<div class=\"elementor-element elementor-element-b193eb1 elementor-widget elementor-widget-text-editor\" data-id=\"b193eb1\" data-element_type=\"widget\" data-widget_type=\"text-editor.default\">\n\t\t\t\t<div class=\"elementor-widget-container\">\n\t\t\t\t\t\t\t\t\t<p><b>CONCERT START<br \/><\/b>The concert is scheduled to begin at <b>9:15<\/b> pm. The kind audience is advised to arrive early to proceed to take their assigned seats.<\/p>\n\t\t\t\t\t\t\t\t<\/div>\n\t\t\t\t<\/div>\n\t\t\t\t<div class=\"elementor-element elementor-element-96d27ec elementor-widget elementor-widget-text-editor\" data-id=\"96d27ec\" data-element_type=\"widget\" data-widget_type=\"text-editor.default\">\n\t\t\t\t<div class=\"elementor-widget-container\">\n\t\t\t\t\t\t\t\t\t<p><b>HOW TO GET THERE<br \/><span style=\"color: #b3735a;\"><a style=\"color: #b3735a;\" href=\"https:\/\/goo.gl\/maps\/hNdYDLqK97VRvm2r9\"><b>Google Map<\/b><\/a><\/span><br \/><\/b><\/p>\n\t\t\t\t\t\t\t\t<\/div>\n\t\t\t\t<\/div>\n\t\t\t\t<div class=\"elementor-element elementor-element-58dd6f5 elementor-align-left elementor-icon-list--layout-traditional elementor-list-item-link-full_width elementor-widget elementor-widget-icon-list\" data-id=\"58dd6f5\" data-element_type=\"widget\" data-widget_type=\"icon-list.default\">\n\t\t\t\t<div class=\"elementor-widget-container\">\n\t\t\t\t\t\t\t<ul class=\"elementor-icon-list-items\">\n\t\t\t\t\t\t\t<li class=\"elementor-icon-list-item\">\n\t\t\t\t\t\t\t\t\t\t\t<span class=\"elementor-icon-list-icon\">\n\t\t\t\t\t\t\t<i aria-hidden=\"true\" class=\"fas fa-chair\"><\/i>\t\t\t\t\t\t<\/span>\n\t\t\t\t\t\t\t\t\t\t<span class=\"elementor-icon-list-text\">No. 70 SEATS<\/span>\n\t\t\t\t\t\t\t\t\t<\/li>\n\t\t\t\t\t\t\t\t<li class=\"elementor-icon-list-item\">\n\t\t\t\t\t\t\t\t\t\t\t<a href=\"https:\/\/lericimusicfestival.org\/wp-content\/uploads\/2023\/04\/3.jpg\" target=\"_blank\">\n\n\t\t\t\t\t\t\t\t\t\t\t\t<span class=\"elementor-icon-list-icon\">\n\t\t\t\t\t\t\t<i aria-hidden=\"true\" class=\"fas fa-theater-masks\"><\/i>\t\t\t\t\t\t<\/span>\n\t\t\t\t\t\t\t\t\t\t<span class=\"elementor-icon-list-text\">SEAT MAP<\/span>\n\t\t\t\t\t\t\t\t\t\t\t<\/a>\n\t\t\t\t\t\t\t\t\t<\/li>\n\t\t\t\t\t\t\t\t<li class=\"elementor-icon-list-item\">\n\t\t\t\t\t\t\t\t\t\t\t<a href=\"https:\/\/lericimusicfestival.org\/en\/box-office\/\" target=\"_blank\">\n\n\t\t\t\t\t\t\t\t\t\t\t\t<span class=\"elementor-icon-list-icon\">\n\t\t\t\t\t\t\t<i aria-hidden=\"true\" class=\"fas fa-info-circle\"><\/i>\t\t\t\t\t\t<\/span>\n\t\t\t\t\t\t\t\t\t\t<span class=\"elementor-icon-list-text\">INFO AND BOX OFFICE<\/span>\n\t\t\t\t\t\t\t\t\t\t\t<\/a>\n\t\t\t\t\t\t\t\t\t<\/li>\n\t\t\t\t\t\t\t\t<li class=\"elementor-icon-list-item\">\n\t\t\t\t\t\t\t\t\t\t\t<span class=\"elementor-icon-list-icon\">\n\t\t\t\t\t\t\t<i aria-hidden=\"true\" class=\"fas fa-phone-alt\"><\/i>\t\t\t\t\t\t<\/span>\n\t\t\t\t\t\t\t\t\t\t<span class=\"elementor-icon-list-text\">  +39 379 1379677<\/span>\n\t\t\t\t\t\t\t\t\t<\/li>\n\t\t\t\t\t\t<\/ul>\n\t\t\t\t\t\t<\/div>\n\t\t\t\t<\/div>\n\t\t\t\t<div class=\"elementor-element elementor-element-070978f elementor-align-left elementor-icon-list--layout-traditional elementor-list-item-link-full_width elementor-widget elementor-widget-icon-list\" data-id=\"070978f\" data-element_type=\"widget\" data-widget_type=\"icon-list.default\">\n\t\t\t\t<div class=\"elementor-widget-container\">\n\t\t\t\t\t\t\t<ul class=\"elementor-icon-list-items\">\n\t\t\t\t\t\t\t<li class=\"elementor-icon-list-item\">\n\t\t\t\t\t\t\t\t\t\t\t<span class=\"elementor-icon-list-icon\">\n\t\t\t\t\t\t\t<i aria-hidden=\"true\" class=\"fas fa-euro-sign\"><\/i>\t\t\t\t\t\t<\/span>\n\t\t\t\t\t\t\t\t\t\t<span class=\"elementor-icon-list-text\">TICKET PRICES<\/span>\n\t\t\t\t\t\t\t\t\t<\/li>\n\t\t\t\t\t\t\t\t<li class=\"elementor-icon-list-item\">\n\t\t\t\t\t\t\t\t\t\t\t<span class=\"elementor-icon-list-icon\">\n\t\t\t\t\t\t\t<svg xmlns=\"http:\/\/www.w3.org\/2000\/svg\" xmlns:xlink=\"http:\/\/www.w3.org\/1999\/xlink\" width=\"100\" viewBox=\"0 0 75 74.999997\" height=\"100\" preserveAspectRatio=\"xMidYMid meet\"><rect x=\"-7.5\" width=\"90\" fill=\"#ffffff\" y=\"-7.5\" height=\"89.999996\" fill-opacity=\"1\"><\/rect><rect x=\"-7.5\" width=\"90\" fill=\"#ffffff\" y=\"-7.5\" height=\"89.999996\" fill-opacity=\"1\"><\/rect><rect x=\"-7.5\" width=\"90\" fill=\"#ffffff\" y=\"-7.5\" height=\"89.999996\" fill-opacity=\"1\"><\/rect><rect x=\"-7.5\" width=\"90\" fill=\"#aa81dc\" y=\"-7.5\" height=\"89.999996\" fill-opacity=\"1\"><\/rect><\/svg>\t\t\t\t\t\t<\/span>\n\t\t\t\t\t\t\t\t\t\t<span class=\"elementor-icon-list-text\">SECTION A - EUR 35.00<\/span>\n\t\t\t\t\t\t\t\t\t<\/li>\n\t\t\t\t\t\t\t\t<li class=\"elementor-icon-list-item\">\n\t\t\t\t\t\t\t\t\t\t\t<span class=\"elementor-icon-list-icon\">\n\t\t\t\t\t\t\t<svg xmlns=\"http:\/\/www.w3.org\/2000\/svg\" xmlns:xlink=\"http:\/\/www.w3.org\/1999\/xlink\" width=\"100\" viewBox=\"0 0 75 74.999997\" height=\"100\" preserveAspectRatio=\"xMidYMid meet\"><rect x=\"-7.5\" width=\"90\" fill=\"#ffffff\" y=\"-7.5\" height=\"89.999996\" fill-opacity=\"1\"><\/rect><rect x=\"-7.5\" width=\"90\" fill=\"#ffffff\" y=\"-7.5\" height=\"89.999996\" fill-opacity=\"1\"><\/rect><rect x=\"-7.5\" width=\"90\" fill=\"#f5982d\" y=\"-7.5\" height=\"89.999996\" fill-opacity=\"1\"><\/rect><\/svg>\t\t\t\t\t\t<\/span>\n\t\t\t\t\t\t\t\t\t\t<span class=\"elementor-icon-list-text\">SECTION B - EUR 20.00<\/span>\n\t\t\t\t\t\t\t\t\t<\/li>\n\t\t\t\t\t\t\t\t<li class=\"elementor-icon-list-item\">\n\t\t\t\t\t\t\t\t\t\t\t<span class=\"elementor-icon-list-icon\">\n\t\t\t\t\t\t\t<svg xmlns=\"http:\/\/www.w3.org\/2000\/svg\" xmlns:xlink=\"http:\/\/www.w3.org\/1999\/xlink\" width=\"100\" viewBox=\"0 0 75 74.999997\" height=\"100\" preserveAspectRatio=\"xMidYMid meet\"><rect x=\"-7.5\" width=\"90\" fill=\"#ffffff\" y=\"-7.5\" height=\"89.999996\" fill-opacity=\"1\"><\/rect><rect x=\"-7.5\" width=\"90\" fill=\"#34cc99\" y=\"-7.5\" height=\"89.999996\" fill-opacity=\"1\"><\/rect><rect x=\"-7.5\" width=\"90\" fill=\"#34cc99\" y=\"-7.5\" height=\"89.999996\" fill-opacity=\"1\"><\/rect><\/svg>\t\t\t\t\t\t<\/span>\n\t\t\t\t\t\t\t\t\t\t<span class=\"elementor-icon-list-text\">SECTION C - EUR 20.00<\/span>\n\t\t\t\t\t\t\t\t\t<\/li>\n\t\t\t\t\t\t<\/ul>\n\t\t\t\t\t\t<\/div>\n\t\t\t\t<\/div>\n\t\t\t\t<div class=\"elementor-element elementor-element-533e141 elementor-widget elementor-widget-spacer\" data-id=\"533e141\" data-element_type=\"widget\" data-widget_type=\"spacer.default\">\n\t\t\t\t<div class=\"elementor-widget-container\">\n\t\t\t\t\t\t\t<div class=\"elementor-spacer\">\n\t\t\t<div class=\"elementor-spacer-inner\"><\/div>\n\t\t<\/div>\n\t\t\t\t\t\t<\/div>\n\t\t\t\t<\/div>\n\t\t\t\t<div class=\"elementor-element elementor-element-c11f22b elementor-align-center elementor-widget elementor-widget-button\" data-id=\"c11f22b\" data-element_type=\"widget\" data-widget_type=\"button.default\">\n\t\t\t\t<div class=\"elementor-widget-container\">\n\t\t\t\t\t\t\t\t\t<div class=\"elementor-button-wrapper\">\n\t\t\t\t\t<a class=\"elementor-button elementor-button-link elementor-size-sm\" href=\"https:\/\/www.vivaticket.com\/it\/Ticket\/milva-e-astor-omaggio-a-milva-sulla-musica-di-astor-piazzolla\/203982\">\n\t\t\t\t\t\t<span class=\"elementor-button-content-wrapper\">\n\t\t\t\t\t\t\t\t\t<span class=\"elementor-button-text\">BUY TICKETS<\/span>\n\t\t\t\t\t<\/span>\n\t\t\t\t\t<\/a>\n\t\t\t\t<\/div>\n\t\t\t\t\t\t\t\t<\/div>\n\t\t\t\t<\/div>\n\t\t\t\t<div class=\"elementor-element elementor-element-34eda6d elementor-widget elementor-widget-spacer\" data-id=\"34eda6d\" data-element_type=\"widget\" data-widget_type=\"spacer.default\">\n\t\t\t\t<div class=\"elementor-widget-container\">\n\t\t\t\t\t\t\t<div class=\"elementor-spacer\">\n\t\t\t<div class=\"elementor-spacer-inner\"><\/div>\n\t\t<\/div>\n\t\t\t\t\t\t<\/div>\n\t\t\t\t<\/div>\n\t\t\t\t\t<\/div>\n\t\t<\/div>\n\t\t\t\t\t<\/div>\n\t\t<\/section>\n\t\t\t\t\t<\/div>\n\t\t<\/div>\n\t\t\t\t\t<\/div>\n\t\t<\/section>\n\t\t\t\t<section class=\"elementor-section elementor-top-section elementor-element elementor-element-8085261 elementor-section-boxed elementor-section-height-default elementor-section-height-default\" data-id=\"8085261\" data-element_type=\"section\" data-settings=\"{&quot;background_background&quot;:&quot;classic&quot;}\">\n\t\t\t\t\t\t<div class=\"elementor-container elementor-column-gap-default\">\n\t\t\t\t\t<div class=\"elementor-column elementor-col-66 elementor-top-column elementor-element elementor-element-73312c7\" data-id=\"73312c7\" data-element_type=\"column\">\n\t\t\t<div class=\"elementor-widget-wrap elementor-element-populated\">\n\t\t\t\t\t\t<section class=\"elementor-section elementor-inner-section elementor-element elementor-element-febd72e elementor-section-boxed elementor-section-height-default elementor-section-height-default\" data-id=\"febd72e\" data-element_type=\"section\">\n\t\t\t\t\t\t<div class=\"elementor-container elementor-column-gap-default\">\n\t\t\t\t\t<div class=\"elementor-column elementor-col-50 elementor-inner-column elementor-element elementor-element-5020208\" data-id=\"5020208\" data-element_type=\"column\">\n\t\t\t<div class=\"elementor-widget-wrap\">\n\t\t\t\t\t\t\t<\/div>\n\t\t<\/div>\n\t\t\t\t<div class=\"elementor-column elementor-col-50 elementor-inner-column elementor-element elementor-element-bea316d\" data-id=\"bea316d\" data-element_type=\"column\">\n\t\t\t<div class=\"elementor-widget-wrap elementor-element-populated\">\n\t\t\t\t\t\t<div class=\"elementor-element elementor-element-d6df9ad elementor-widget-divider--view-line_text elementor-widget-divider--element-align-left elementor-widget elementor-widget-divider\" data-id=\"d6df9ad\" data-element_type=\"widget\" data-widget_type=\"divider.default\">\n\t\t\t\t<div class=\"elementor-widget-container\">\n\t\t\t\t\t\t\t<div class=\"elementor-divider\">\n\t\t\t<span class=\"elementor-divider-separator\">\n\t\t\t\t\t\t\t<h6 class=\"elementor-divider__text elementor-divider__element\">\n\t\t\t\t<b>THE INTERPRETERS<\/b>\t\t\t\t<\/h6>\n\t\t\t\t\t\t<\/span>\n\t\t<\/div>\n\t\t\t\t\t\t<\/div>\n\t\t\t\t<\/div>\n\t\t\t\t<div class=\"elementor-element elementor-element-52873c4 elementor-widget elementor-widget-text-editor\" data-id=\"52873c4\" data-element_type=\"widget\" data-widget_type=\"text-editor.default\">\n\t\t\t\t<div class=\"elementor-widget-container\">\n\t\t\t\t\t\t\t\t\t<p><b>Nadezhda Nesterova, soprano<\/b><br \/>Nadezhda Nesterova was born in Eastern Kazakhstan and began her studies at the age of 7 under the guidance of Larisa Loghinova and later at the music high school with Vyacheslav Tcach. She graduated in 2014 from the Glinka State Conservatory in Novosibirsk under the guidance of Tatiana Gorbunova. She has won numerous national and international competitions. From 2014 to 2022, she was the principal soloist at the Novosibirsk Opera and Ballet Theatre. She has participated in numerous master classes under the guidance of Renata Scotto, Simone Kermes, Ines Salazar. She has performed in chamber and opera repertoire in major theatres and concert halls, including Astana Opera (Kazakhstan), Novosibirsk Philharmonic, and th Mikhailovsky Theater (Russia). In addition to her significant concert activity in Russia, she has also performed in Italy, Germany, and Poland. She has collaborated with numerous conductors, including Gianluca Marcian\u00f2, Valentine Uryupin, Dmitri Jurowski, Carlo Bernini, Dmitry Korchak, Mikhail Tatarnikov, Anatoli Levin and many others.       Her repertoire includes over 25 roles, including Adina in Donizetti&#8217;s L&#8217;elisir d&#8217;amore, Nedda in Leoncavallo&#8217;s Pagliacci, Alice Ford in Verdi&#8217;s Falstaff, and many others. Always fascinated by new repertoire, in 2023 she will begin a collaboration with accordionist and bandoneonist Mario Stefano Pietrodarchi in a project entitled &#8220;Milva and Piazzolla.&#8221;<\/p>\n<p><b>Mario Stefano Pietrodarchi, bandoneon<\/b><br \/>Mario Stefano Pietrodarchi was born in Atessa on December 26th 1980. He began studying the accordion at the age of nine before switching to the bandoneon later. From 1993 to 2001, he studied at the F. Fenaroli Civic Music school in Lanciano with M\u00b0 C. Calista and with M\u00b0 C. Chiacchiaretta. In 2007, he graduated with honours from Santa Cecilia Conservatory of Music in Rome. In 2006, he resided at the Montreal Jazz Festival \u201cI colori del mare\u201d with Gabriele Mirabassi and Pietro Tonolo a project of the EGEA record company. On 25th May 2009, he played at the Colosseo (Rome) with M\u00b0 Andrea Bocelli, Angela Gheorghiu, Andrea Griminelli and the Abruzzo Symphony Orchestra. The event \u201cL\u2019alba separa dalla luce l\u2019ombra\u201d was in aid of the earthquake victims of Abruzzo. It was exclusively broadcast worldwide on RAI 1 and RAI SAT. On December 25th 2010, he performed with the Orchestra Giovanile Italiana in Concerto per la Vita e per la Pace (Concert for Life and Peace), worldwide broadcast by RAI in Bethlehem. On June 1st 2011, he performed at the Arena of Verona together with Erwin Schrott during the festivities for the 150th anniversary of the Italian unification. The show was broadcast live by Rai 1. Together with Erwin Schrott and Anna Netrebeko, he performed in the most important cities in Germany, England and Denmark in 2012. In the same year, he recorded the DVD &#8220;Live in Portofino&#8221; on a guest appearance with Andrea Bocelli. In 2013, he performed on a guest appearance with Andrea Bocelli, Riccardo Cocciante, Pino Daniele and Simona Molinari at the event &#8220;Teatro del Silenzio&#8221;. On February 22 2014, he performed at the Ulker Sports Arena in Istanbul together with Andrea Bocelli. In 2018 recorded \u201cTango Seasons\u201d for Sony Records, alongside Andr\u00e9s Gabetta leading the fantastic baroque ensemble Cappella Gabetta. In 2021, on the occasion of Astor Piazzolla&#8217;s centenary, he realised a performance entitled &#8216;Astor&#8217; alongside the Ballet of Rome. In 2022, alongside actor John Malkovich, he realised the premiere of a show entitled &#8216;The Infamous Ramirez Hoffman&#8217; at the Lisbon and Sintra Film Festivals. Apart from frequently performing in Italy, he has been giving concerts in England, France, Belgium, Denmark, Croatia, Serbia, Germany, the U.S.A., Poland, Portugal, Finland, Spain, Switzerland, Hungary, Canada, Armenia, Russia, Israel, Ukraina, Bosnia Herzegovina, Bulgaria, Turkia, Libano, Belarus, Bahrain, Dubai and Cina.<\/p>\n<p><b>Gianluca Marcian\u00f2, pianoforte<\/b><br \/>Praised by the SundayTimes for \u201chis unfailingly theatrical and idiomatic conducting\u201d, Gianluca Marcian\u00f2 is the Principal Conductor of Orchestra della Magna Grecia in Taranto and Matera (Italy), Principal Guest Conductor of the Armenian State Symphony Orchestra, Artistic Director of Al Bustan Festival, and Artistic Director of Chelsea Opera Group. Originally from Lerici, Marcian\u00f2 made his debut in 2006 at the Croatian National Theatre in Zagreb. Since that moment on, he has built very strong ties with the Opera Houses of Oviedo, Minsk, and Ljubjana, as well as in the UK (English National Opera, Grange Park Opera, Scottish Opera, Opera North, and Longborough Opera Festival). Nel corso della sua carriera, Marcian\u00f2 ha lavorato con grande successo con la maggior parte dei pi\u00f9 grandi musicisti dei nostri tempo, tra cui Sir Bryn Terfel, Thomas Hampson, Elina Garan\u010da, Sumi Jo, Joseph Calleja, Simon Keenlyside, Sondra Radvanovsky, Olga Peretyatko, Danielle De Niese, Gautier Capu\u00e7on, Renaud Capu\u00e7on, Arabella Steinbacher, Anna Tifu, Francesca Dego, Vanessa Benelli Mosell, Steven Isserlis, Boris Andrianov, Maria Jo\u00e3o Pires, Gloria Campaner, David Geringas, Khatia Buniatshvili, Sergei Krylov, Nina Kotova, Giovanni Sollima, Sergei Nakariakov, Denis Kozhukin, Alexander Buzlov, Boris Andrianov, Alison Balsom, Valentina Lisitsa, Andreas Ottensamer. In addition, he has conducted the Royal Philharmonic Orchestra, the Hall\u00e9 Orchestra, the English Chamber Orchestra, the Polish Baltic Philharmonic, the Wroclaw Philharmonic, the Georgian Philharmonic, the Tokyo New City Orchestra, the Bournemouth Symphony Orchestra, the Oviedo Philharmonia, the Moscow City Russian Philharmonic, the BBC Concert Orchestra, the Macau Orchestra, the Beijing Symphony Orchestra, the Sicilian Symphony Orchestra, the Toscanini Philharmonic, the Orchestra of Tuscany and others. Since 2010, he has conducted La Traviata, Tosca, Un Ballo in Maschera, Rigoletto, Die Zauberfl\u00f6te, Le Nozze di Figaro, Don Giovanni, Cos\u00ec fan tutte, Alzira, Nabucco, Don Carlo, Evgenij Onegin, Samson et Dalila, and Madama Butterfly at Grange Park Opera. From 2011 to 2014, Marcian\u00f2 served as Music Director of the Tbilisi State Opera, conducting La Forza del Destino, Cavalleria Rusticana, Nabucco, Attila, Il Trovatore, Mitridate, King of Pontus, and Aida, and later, from 2017 to 2019, he was Principal Conductor of the Serbian National Theater in Novi Sad and Principal Guest Conductor of the Minsk Opera House. Marcian\u00f2 founded the Suoni dal Golfo Festival in his hometown overlooking the Gulf of Poets, renamed Lerici Music Festival in 2020. In 2017, he receives the Honorary Citizenship of the City of Lerici for his achievements and in 2018 has been awarded the Pavlova Award. His discography includes the album \u201cMomento Immobile\u201d, recorded for Rubicon Classics, with soprano Venera Gimadieva and Hall\u00e9 Orchestra.<\/p>\n\t\t\t\t\t\t\t\t<\/div>\n\t\t\t\t<\/div>\n\t\t\t\t<div class=\"elementor-element elementor-element-5175507 elementor-align-center elementor-widget elementor-widget-button\" data-id=\"5175507\" data-element_type=\"widget\" data-widget_type=\"button.default\">\n\t\t\t\t<div class=\"elementor-widget-container\">\n\t\t\t\t\t\t\t\t\t<div class=\"elementor-button-wrapper\">\n\t\t\t\t\t<a class=\"elementor-button elementor-button-link elementor-size-sm\" href=\"#\">\n\t\t\t\t\t\t<span class=\"elementor-button-content-wrapper\">\n\t\t\t\t\t\t\t\t\t<span class=\"elementor-button-text\">DOWNLOAD THE PROGRAM NOTES<\/span>\n\t\t\t\t\t<\/span>\n\t\t\t\t\t<\/a>\n\t\t\t\t<\/div>\n\t\t\t\t\t\t\t\t<\/div>\n\t\t\t\t<\/div>\n\t\t\t\t\t<\/div>\n\t\t<\/div>\n\t\t\t\t\t<\/div>\n\t\t<\/section>\n\t\t\t\t\t<\/div>\n\t\t<\/div>\n\t\t\t\t<div class=\"elementor-column elementor-col-33 elementor-top-column elementor-element elementor-element-94fb58f\" data-id=\"94fb58f\" data-element_type=\"column\">\n\t\t\t<div class=\"elementor-widget-wrap\">\n\t\t\t\t\t\t\t<\/div>\n\t\t<\/div>\n\t\t\t\t\t<\/div>\n\t\t<\/section>\n\t\t\t\t<section class=\"elementor-section elementor-top-section elementor-element elementor-element-1c293c53 elementor-section-content-middle elementor-section-boxed elementor-section-height-default elementor-section-height-default\" data-id=\"1c293c53\" data-element_type=\"section\" data-settings=\"{&quot;background_background&quot;:&quot;classic&quot;}\">\n\t\t\t\t\t\t<div class=\"elementor-container elementor-column-gap-no\">\n\t\t\t\t\t<div class=\"elementor-column elementor-col-100 elementor-top-column elementor-element elementor-element-4e59321a\" data-id=\"4e59321a\" data-element_type=\"column\">\n\t\t\t<div class=\"elementor-widget-wrap elementor-element-populated\">\n\t\t\t\t\t\t<div class=\"elementor-element elementor-element-a9190c0 elementor-widget elementor-widget-gallery\" data-id=\"a9190c0\" data-element_type=\"widget\" data-settings=\"{&quot;gap&quot;:{&quot;unit&quot;:&quot;px&quot;,&quot;size&quot;:0,&quot;sizes&quot;:[]},&quot;link_to&quot;:&quot;custom&quot;,&quot;aspect_ratio&quot;:&quot;1:1&quot;,&quot;lazyload&quot;:&quot;yes&quot;,&quot;gallery_layout&quot;:&quot;grid&quot;,&quot;columns&quot;:4,&quot;columns_tablet&quot;:2,&quot;columns_mobile&quot;:1,&quot;gap_tablet&quot;:{&quot;unit&quot;:&quot;px&quot;,&quot;size&quot;:10,&quot;sizes&quot;:[]},&quot;gap_mobile&quot;:{&quot;unit&quot;:&quot;px&quot;,&quot;size&quot;:10,&quot;sizes&quot;:[]},&quot;url&quot;:{&quot;url&quot;:&quot;&quot;,&quot;is_external&quot;:&quot;&quot;,&quot;nofollow&quot;:&quot;&quot;,&quot;custom_attributes&quot;:&quot;&quot;},&quot;overlay_background&quot;:&quot;yes&quot;,&quot;content_hover_animation&quot;:&quot;fade-in&quot;}\" data-widget_type=\"gallery.default\">\n\t\t\t\t<div class=\"elementor-widget-container\">\n\t\t\t\t\t\t\t<div class=\"elementor-gallery__container\">\n\t\t\t\t\t\t\t<a class=\"e-gallery-item elementor-gallery-item elementor-animated-content\">\n\t\t\t\t\t<div class=\"e-gallery-image elementor-gallery-item__image\" data-thumbnail=\"https:\/\/lericimusicfestival.org\/wp-content\/uploads\/2023\/03\/20230805-Nadezhda_Nesterova-682x1024.jpeg\" data-width=\"682\" data-height=\"1024\" aria-label=\"\" role=\"img\" ><\/div>\n\t\t\t\t\t\t\t\t\t\t\t<div class=\"elementor-gallery-item__overlay\"><\/div>\n\t\t\t\t\t\t\t\t\t\t\t\t\t\t<\/a>\n\t\t\t\t\t\t\t<a class=\"e-gallery-item elementor-gallery-item elementor-animated-content\">\n\t\t\t\t\t<div class=\"e-gallery-image elementor-gallery-item__image\" data-thumbnail=\"https:\/\/lericimusicfestival.org\/wp-content\/uploads\/2023\/02\/LericiMusicFestival-26-576x1024.jpg\" data-width=\"576\" data-height=\"1024\" aria-label=\"\" role=\"img\" ><\/div>\n\t\t\t\t\t\t\t\t\t\t\t<div class=\"elementor-gallery-item__overlay\"><\/div>\n\t\t\t\t\t\t\t\t\t\t\t\t\t\t<\/a>\n\t\t\t\t\t\t\t<a class=\"e-gallery-item elementor-gallery-item elementor-animated-content\">\n\t\t\t\t\t<div class=\"e-gallery-image elementor-gallery-item__image\" data-thumbnail=\"https:\/\/lericimusicfestival.org\/wp-content\/uploads\/2023\/03\/20230805-Mario_Stefano_Pietrodarchi-683x1024.jpg\" data-width=\"683\" data-height=\"1024\" aria-label=\"\" role=\"img\" ><\/div>\n\t\t\t\t\t\t\t\t\t\t\t<div class=\"elementor-gallery-item__overlay\"><\/div>\n\t\t\t\t\t\t\t\t\t\t\t\t\t\t<\/a>\n\t\t\t\t\t<\/div>\n\t\t\t\t\t<\/div>\n\t\t\t\t<\/div>\n\t\t\t\t<div class=\"elementor-element elementor-element-ef8b540 elementor-widget elementor-widget-spacer\" data-id=\"ef8b540\" data-element_type=\"widget\" data-widget_type=\"spacer.default\">\n\t\t\t\t<div class=\"elementor-widget-container\">\n\t\t\t\t\t\t\t<div class=\"elementor-spacer\">\n\t\t\t<div class=\"elementor-spacer-inner\"><\/div>\n\t\t<\/div>\n\t\t\t\t\t\t<\/div>\n\t\t\t\t<\/div>\n\t\t\t\t\t<\/div>\n\t\t<\/div>\n\t\t\t\t\t<\/div>\n\t\t<\/section>\n\t\t\t\t<\/div>\n\t\t","protected":false},"excerpt":{"rendered":"<p>05\/08MILVA &amp;ASTOR Tribute to Milva on music by Astor Piazzolla THE CONCERT MILVA &amp; ASTOR \u201cTribute to Milva on music by Astor Piazzolla\u201d Mario Stefano Pietrodarchi, bandoneon Nadezhda Nesterova, voice Gianluca Marcian\u00f2, piano Aug. 5, 9:15 p.m.Villa Marigola &#8211; Lerici THE PROGRAM INFO Facebook Instagram Youtube CONCERT STARTThe concert is scheduled to begin at 9:15 [&hellip;]<\/p>\n","protected":false},"author":4,"featured_media":0,"parent":0,"menu_order":0,"comment_status":"closed","ping_status":"closed","template":"","meta":{"_monsterinsights_skip_tracking":false,"_monsterinsights_sitenote_active":false,"_monsterinsights_sitenote_note":"","_monsterinsights_sitenote_category":0,"footnotes":""},"class_list":["post-5128","page","type-page","status-publish","hentry"],"yoast_head":"<!-- This site is optimized with the Yoast SEO plugin v25.6 - https:\/\/yoast.com\/wordpress\/plugins\/seo\/ -->\n<title>August 5 MILVA &amp; ASTOR - Lerici Music Festival<\/title>\n<meta name=\"robots\" content=\"index, follow, max-snippet:-1, max-image-preview:large, max-video-preview:-1\" \/>\n<link rel=\"canonical\" href=\"https:\/\/lericimusicfestival.org\/en\/august-5-milva-astor\/\" \/>\n<meta property=\"og:locale\" content=\"en_US\" \/>\n<meta property=\"og:type\" content=\"article\" \/>\n<meta property=\"og:title\" content=\"August 5 MILVA &amp; ASTOR - Lerici Music Festival\" \/>\n<meta property=\"og:description\" content=\"05\/08MILVA &amp;ASTOR Tribute to Milva on music by Astor Piazzolla THE CONCERT MILVA &amp; ASTOR \u201cTribute to Milva on music by Astor Piazzolla\u201d Mario Stefano Pietrodarchi, bandoneon Nadezhda Nesterova, voice Gianluca Marcian\u00f2, piano Aug. 5, 9:15 p.m.Villa Marigola &#8211; Lerici THE PROGRAM INFO Facebook Instagram Youtube CONCERT STARTThe concert is scheduled to begin at 9:15 [&hellip;]\" \/>\n<meta property=\"og:url\" content=\"https:\/\/lericimusicfestival.org\/en\/august-5-milva-astor\/\" \/>\n<meta property=\"og:site_name\" content=\"Lerici Music Festival\" \/>\n<meta property=\"article:publisher\" content=\"https:\/\/www.facebook.com\/lericimusicfestival\" \/>\n<meta property=\"article:modified_time\" content=\"2023-06-18T18:10:46+00:00\" \/>\n<meta name=\"twitter:card\" content=\"summary_large_image\" \/>\n<meta name=\"twitter:label1\" content=\"Est. reading time\" \/>\n\t<meta name=\"twitter:data1\" content=\"6 minutes\" \/>\n<script type=\"application\/ld+json\" class=\"yoast-schema-graph\">{\"@context\":\"https:\/\/schema.org\",\"@graph\":[{\"@type\":\"WebPage\",\"@id\":\"https:\/\/lericimusicfestival.org\/en\/august-5-milva-astor\/\",\"url\":\"https:\/\/lericimusicfestival.org\/en\/august-5-milva-astor\/\",\"name\":\"August 5 MILVA &amp; ASTOR - Lerici Music Festival\",\"isPartOf\":{\"@id\":\"https:\/\/lericimusicfestival.org\/en\/#website\"},\"datePublished\":\"2023-03-29T15:44:32+00:00\",\"dateModified\":\"2023-06-18T18:10:46+00:00\",\"breadcrumb\":{\"@id\":\"https:\/\/lericimusicfestival.org\/en\/august-5-milva-astor\/#breadcrumb\"},\"inLanguage\":\"en-US\",\"potentialAction\":[{\"@type\":\"ReadAction\",\"target\":[\"https:\/\/lericimusicfestival.org\/en\/august-5-milva-astor\/\"]}]},{\"@type\":\"BreadcrumbList\",\"@id\":\"https:\/\/lericimusicfestival.org\/en\/august-5-milva-astor\/#breadcrumb\",\"itemListElement\":[{\"@type\":\"ListItem\",\"position\":1,\"name\":\"Home\",\"item\":\"https:\/\/lericimusicfestival.org\/en\/\"},{\"@type\":\"ListItem\",\"position\":2,\"name\":\"August 5 MILVA &amp; ASTOR\"}]},{\"@type\":\"WebSite\",\"@id\":\"https:\/\/lericimusicfestival.org\/en\/#website\",\"url\":\"https:\/\/lericimusicfestival.org\/en\/\",\"name\":\"Lerici Music Festival\",\"description\":\"Officiall website for the Lerici Music Festival\",\"publisher\":{\"@id\":\"https:\/\/lericimusicfestival.org\/en\/#organization\"},\"potentialAction\":[{\"@type\":\"SearchAction\",\"target\":{\"@type\":\"EntryPoint\",\"urlTemplate\":\"https:\/\/lericimusicfestival.org\/en\/?s={search_term_string}\"},\"query-input\":{\"@type\":\"PropertyValueSpecification\",\"valueRequired\":true,\"valueName\":\"search_term_string\"}}],\"inLanguage\":\"en-US\"},{\"@type\":\"Organization\",\"@id\":\"https:\/\/lericimusicfestival.org\/en\/#organization\",\"name\":\"Lerici Music Festival\",\"url\":\"https:\/\/lericimusicfestival.org\/en\/\",\"logo\":{\"@type\":\"ImageObject\",\"inLanguage\":\"en-US\",\"@id\":\"https:\/\/lericimusicfestival.org\/en\/#\/schema\/logo\/image\/\",\"url\":\"https:\/\/lericimusicfestival.org\/wp-content\/uploads\/2023\/03\/LERICI-FESTIVAL-FAVICON.png\",\"contentUrl\":\"https:\/\/lericimusicfestival.org\/wp-content\/uploads\/2023\/03\/LERICI-FESTIVAL-FAVICON.png\",\"width\":500,\"height\":325,\"caption\":\"Lerici Music Festival\"},\"image\":{\"@id\":\"https:\/\/lericimusicfestival.org\/en\/#\/schema\/logo\/image\/\"},\"sameAs\":[\"https:\/\/www.facebook.com\/lericimusicfestival\",\"https:\/\/www.instagram.com\/lericimusicfestival\/\"]}]}<\/script>\n<!-- \/ Yoast SEO plugin. -->","yoast_head_json":{"title":"August 5 MILVA &amp; ASTOR - Lerici Music Festival","robots":{"index":"index","follow":"follow","max-snippet":"max-snippet:-1","max-image-preview":"max-image-preview:large","max-video-preview":"max-video-preview:-1"},"canonical":"https:\/\/lericimusicfestival.org\/en\/august-5-milva-astor\/","og_locale":"en_US","og_type":"article","og_title":"August 5 MILVA &amp; ASTOR - Lerici Music Festival","og_description":"05\/08MILVA &amp;ASTOR Tribute to Milva on music by Astor Piazzolla THE CONCERT MILVA &amp; ASTOR \u201cTribute to Milva on music by Astor Piazzolla\u201d Mario Stefano Pietrodarchi, bandoneon Nadezhda Nesterova, voice Gianluca Marcian\u00f2, piano Aug. 5, 9:15 p.m.Villa Marigola &#8211; Lerici THE PROGRAM INFO Facebook Instagram Youtube CONCERT STARTThe concert is scheduled to begin at 9:15 [&hellip;]","og_url":"https:\/\/lericimusicfestival.org\/en\/august-5-milva-astor\/","og_site_name":"Lerici Music Festival","article_publisher":"https:\/\/www.facebook.com\/lericimusicfestival","article_modified_time":"2023-06-18T18:10:46+00:00","twitter_card":"summary_large_image","twitter_misc":{"Est. reading time":"6 minutes"},"schema":{"@context":"https:\/\/schema.org","@graph":[{"@type":"WebPage","@id":"https:\/\/lericimusicfestival.org\/en\/august-5-milva-astor\/","url":"https:\/\/lericimusicfestival.org\/en\/august-5-milva-astor\/","name":"August 5 MILVA &amp; ASTOR - Lerici Music Festival","isPartOf":{"@id":"https:\/\/lericimusicfestival.org\/en\/#website"},"datePublished":"2023-03-29T15:44:32+00:00","dateModified":"2023-06-18T18:10:46+00:00","breadcrumb":{"@id":"https:\/\/lericimusicfestival.org\/en\/august-5-milva-astor\/#breadcrumb"},"inLanguage":"en-US","potentialAction":[{"@type":"ReadAction","target":["https:\/\/lericimusicfestival.org\/en\/august-5-milva-astor\/"]}]},{"@type":"BreadcrumbList","@id":"https:\/\/lericimusicfestival.org\/en\/august-5-milva-astor\/#breadcrumb","itemListElement":[{"@type":"ListItem","position":1,"name":"Home","item":"https:\/\/lericimusicfestival.org\/en\/"},{"@type":"ListItem","position":2,"name":"August 5 MILVA &amp; ASTOR"}]},{"@type":"WebSite","@id":"https:\/\/lericimusicfestival.org\/en\/#website","url":"https:\/\/lericimusicfestival.org\/en\/","name":"Lerici Music Festival","description":"Officiall website for the Lerici Music Festival","publisher":{"@id":"https:\/\/lericimusicfestival.org\/en\/#organization"},"potentialAction":[{"@type":"SearchAction","target":{"@type":"EntryPoint","urlTemplate":"https:\/\/lericimusicfestival.org\/en\/?s={search_term_string}"},"query-input":{"@type":"PropertyValueSpecification","valueRequired":true,"valueName":"search_term_string"}}],"inLanguage":"en-US"},{"@type":"Organization","@id":"https:\/\/lericimusicfestival.org\/en\/#organization","name":"Lerici Music Festival","url":"https:\/\/lericimusicfestival.org\/en\/","logo":{"@type":"ImageObject","inLanguage":"en-US","@id":"https:\/\/lericimusicfestival.org\/en\/#\/schema\/logo\/image\/","url":"https:\/\/lericimusicfestival.org\/wp-content\/uploads\/2023\/03\/LERICI-FESTIVAL-FAVICON.png","contentUrl":"https:\/\/lericimusicfestival.org\/wp-content\/uploads\/2023\/03\/LERICI-FESTIVAL-FAVICON.png","width":500,"height":325,"caption":"Lerici Music Festival"},"image":{"@id":"https:\/\/lericimusicfestival.org\/en\/#\/schema\/logo\/image\/"},"sameAs":["https:\/\/www.facebook.com\/lericimusicfestival","https:\/\/www.instagram.com\/lericimusicfestival\/"]}]}},"_links":{"self":[{"href":"https:\/\/lericimusicfestival.org\/en\/wp-json\/wp\/v2\/pages\/5128","targetHints":{"allow":["GET"]}}],"collection":[{"href":"https:\/\/lericimusicfestival.org\/en\/wp-json\/wp\/v2\/pages"}],"about":[{"href":"https:\/\/lericimusicfestival.org\/en\/wp-json\/wp\/v2\/types\/page"}],"author":[{"embeddable":true,"href":"https:\/\/lericimusicfestival.org\/en\/wp-json\/wp\/v2\/users\/4"}],"replies":[{"embeddable":true,"href":"https:\/\/lericimusicfestival.org\/en\/wp-json\/wp\/v2\/comments?post=5128"}],"version-history":[{"count":5,"href":"https:\/\/lericimusicfestival.org\/en\/wp-json\/wp\/v2\/pages\/5128\/revisions"}],"predecessor-version":[{"id":5213,"href":"https:\/\/lericimusicfestival.org\/en\/wp-json\/wp\/v2\/pages\/5128\/revisions\/5213"}],"wp:attachment":[{"href":"https:\/\/lericimusicfestival.org\/en\/wp-json\/wp\/v2\/media?parent=5128"}],"curies":[{"name":"wp","href":"https:\/\/api.w.org\/{rel}","templated":true}]}}