{"id":7579,"date":"2024-06-29T17:28:38","date_gmt":"2024-06-29T17:28:38","guid":{"rendered":"https:\/\/lericimusicfestival.org\/00-aug-01-red-solomon\/"},"modified":"2024-08-07T00:15:49","modified_gmt":"2024-08-07T00:15:49","slug":"00-aug-01-red-solomon","status":"publish","type":"page","link":"https:\/\/lericimusicfestival.org\/en\/00-aug-01-red-solomon\/","title":{"rendered":"00 AUG 01 SOLOMONE ROSSI"},"content":{"rendered":"\t\t<div data-elementor-type=\"wp-page\" data-elementor-id=\"7579\" class=\"elementor elementor-7579 elementor-6512\" data-elementor-post-type=\"page\">\n\t\t\t\t\t\t<section class=\"elementor-section elementor-top-section elementor-element elementor-element-498c19b elementor-section-height-min-height elementor-section-boxed elementor-section-height-default elementor-section-items-middle\" data-id=\"498c19b\" data-element_type=\"section\" data-settings=\"{&quot;background_background&quot;:&quot;classic&quot;}\">\n\t\t\t\t\t\t\t<div class=\"elementor-background-overlay\"><\/div>\n\t\t\t\t\t\t\t<div class=\"elementor-container elementor-column-gap-default\">\n\t\t\t\t\t<div class=\"elementor-column elementor-col-33 elementor-top-column elementor-element elementor-element-1b28ac89\" data-id=\"1b28ac89\" data-element_type=\"column\">\n\t\t\t<div class=\"elementor-widget-wrap\">\n\t\t\t\t\t\t\t<\/div>\n\t\t<\/div>\n\t\t\t\t<div class=\"elementor-column elementor-col-33 elementor-top-column elementor-element elementor-element-f76b906\" data-id=\"f76b906\" data-element_type=\"column\">\n\t\t\t<div class=\"elementor-widget-wrap elementor-element-populated\">\n\t\t\t\t\t\t<div class=\"elementor-element elementor-element-f739da8 elementor-widget elementor-widget-spacer\" data-id=\"f739da8\" data-element_type=\"widget\" data-widget_type=\"spacer.default\">\n\t\t\t\t<div class=\"elementor-widget-container\">\n\t\t\t\t\t\t\t<div class=\"elementor-spacer\">\n\t\t\t<div class=\"elementor-spacer-inner\"><\/div>\n\t\t<\/div>\n\t\t\t\t\t\t<\/div>\n\t\t\t\t<\/div>\n\t\t\t\t<div class=\"elementor-element elementor-element-5e3c925 elementor-widget elementor-widget-heading\" data-id=\"5e3c925\" data-element_type=\"widget\" data-widget_type=\"heading.default\">\n\t\t\t\t<div class=\"elementor-widget-container\">\n\t\t\t\t\t<h1 class=\"elementor-heading-title elementor-size-default\">01\/08<br>Solomon Rossi 400 <br>\"The Song of Solomon\"<\/h1>\t\t\t\t<\/div>\n\t\t\t\t<\/div>\n\t\t\t\t\t<\/div>\n\t\t<\/div>\n\t\t\t\t<div class=\"elementor-column elementor-col-33 elementor-top-column elementor-element elementor-element-dbb539f\" data-id=\"dbb539f\" data-element_type=\"column\">\n\t\t\t<div class=\"elementor-widget-wrap\">\n\t\t\t\t\t\t\t<\/div>\n\t\t<\/div>\n\t\t\t\t\t<\/div>\n\t\t<\/section>\n\t\t\t\t<section class=\"elementor-section elementor-top-section elementor-element elementor-element-3c23474 elementor-section-boxed elementor-section-height-default elementor-section-height-default\" data-id=\"3c23474\" data-element_type=\"section\" data-settings=\"{&quot;background_background&quot;:&quot;classic&quot;}\">\n\t\t\t\t\t\t<div class=\"elementor-container elementor-column-gap-default\">\n\t\t\t\t\t<div class=\"elementor-column elementor-col-66 elementor-top-column elementor-element elementor-element-b76d54f\" data-id=\"b76d54f\" data-element_type=\"column\">\n\t\t\t<div class=\"elementor-widget-wrap elementor-element-populated\">\n\t\t\t\t\t\t<section class=\"elementor-section elementor-inner-section elementor-element elementor-element-b7dbf50 elementor-section-boxed elementor-section-height-default elementor-section-height-default\" data-id=\"b7dbf50\" data-element_type=\"section\">\n\t\t\t\t\t\t<div class=\"elementor-container elementor-column-gap-default\">\n\t\t\t\t\t<div class=\"elementor-column elementor-col-50 elementor-inner-column elementor-element elementor-element-09e0f5d\" data-id=\"09e0f5d\" data-element_type=\"column\">\n\t\t\t<div class=\"elementor-widget-wrap\">\n\t\t\t\t\t\t\t<\/div>\n\t\t<\/div>\n\t\t\t\t<div class=\"elementor-column elementor-col-50 elementor-inner-column elementor-element elementor-element-bd8bc80\" data-id=\"bd8bc80\" data-element_type=\"column\">\n\t\t\t<div class=\"elementor-widget-wrap elementor-element-populated\">\n\t\t\t\t\t\t<div class=\"elementor-element elementor-element-18216d16 elementor-widget-divider--view-line_text elementor-widget-divider--element-align-left elementor-widget elementor-widget-divider\" data-id=\"18216d16\" data-element_type=\"widget\" data-widget_type=\"divider.default\">\n\t\t\t\t<div class=\"elementor-widget-container\">\n\t\t\t\t\t\t\t<div class=\"elementor-divider\">\n\t\t\t<span class=\"elementor-divider-separator\">\n\t\t\t\t\t\t\t<h6 class=\"elementor-divider__text elementor-divider__element\">\n\t\t\t\t<b>THE CONCERT<\/b>\t\t\t\t<\/h6>\n\t\t\t\t\t\t<\/span>\n\t\t<\/div>\n\t\t\t\t\t\t<\/div>\n\t\t\t\t<\/div>\n\t\t\t\t<div class=\"elementor-element elementor-element-649a33d elementor-widget elementor-widget-heading\" data-id=\"649a33d\" data-element_type=\"widget\" data-widget_type=\"heading.default\">\n\t\t\t\t<div class=\"elementor-widget-container\">\n\t\t\t\t\t<h1 class=\"elementor-heading-title elementor-size-default\">Solomon Rossi 400 <br> \"The Song of Solomon\"<\/h1>\t\t\t\t<\/div>\n\t\t\t\t<\/div>\n\t\t\t\t<div class=\"elementor-element elementor-element-7f41278 elementor-widget elementor-widget-heading\" data-id=\"7f41278\" data-element_type=\"widget\" data-widget_type=\"heading.default\">\n\t\t\t\t<div class=\"elementor-widget-container\">\n\t\t\t\t\t<h1 class=\"elementor-heading-title elementor-size-default\">Aug. 01, 6:30 p.m.<br>Villa Marigola, Lerici <br>Immersive dinner concert<\/h1>\t\t\t\t<\/div>\n\t\t\t\t<\/div>\n\t\t\t\t<div class=\"elementor-element elementor-element-1840077 elementor-widget-divider--view-line_text elementor-widget-divider--element-align-left elementor-widget elementor-widget-divider\" data-id=\"1840077\" data-element_type=\"widget\" data-widget_type=\"divider.default\">\n\t\t\t\t<div class=\"elementor-widget-container\">\n\t\t\t\t\t\t\t<div class=\"elementor-divider\">\n\t\t\t<span class=\"elementor-divider-separator\">\n\t\t\t\t\t\t\t<h6 class=\"elementor-divider__text elementor-divider__element\">\n\t\t\t\t<b>THE PROGRAM<\/b>\t\t\t\t<\/h6>\n\t\t\t\t\t\t<\/span>\n\t\t<\/div>\n\t\t\t\t\t\t<\/div>\n\t\t\t\t<\/div>\n\t\t\t\t<div class=\"elementor-element elementor-element-effb5e3 elementor-widget elementor-widget-text-editor\" data-id=\"effb5e3\" data-element_type=\"widget\" data-widget_type=\"text-editor.default\">\n\t\t\t\t<div class=\"elementor-widget-container\">\n\t\t\t\t\t\t\t\t\t<p>Jewish-Italian banquet accompanied by hymns composed by <strong>Salomone Rossi<\/strong> and his contemporaries from all over Europe.<\/p>\n<p><strong>Betty Makharinsky,<\/strong> soprano<br><strong>Clara Kanter,<\/strong> mezzo-soprano<br><strong>Jonathan Darbourne,<\/strong> countertenor\/MD<br><strong>Bradley Smith,<\/strong> tenor<br><strong>Chris Webb,<\/strong> bass<br><strong>Kristiina Watt,<\/strong> theorbo<\/p>\n<p><strong>Special guests<\/strong><br> Kati<strong>Debretzeni, Daniel Ron,<\/strong> violin<br> Uri<strong>Rom,<\/strong> harpsichord<\/p>\n<p><span style=\"background-color: var( --e-global-color-be41591 );\"><b>Opening prayer, with candlelight ceremony&nbsp;<br><\/b><\/span><strong>Solomon Rossi<\/strong> (c. 1570 &#8211; 1630)<br>Barechu et Adonai<\/p>\n<p><strong>&#8211; FIRST COURSE &#8211;<\/strong><br><b>Psalms: from sadness to joy<\/b><br><strong>Thomas Campion<\/strong> (1567 &#8211; 1620)<br>As by the streames of Babylon (Psalm 137) <br>&#8216;Al naharot Bavel (Psalm 137) &#8211; S. Rossi<br><strong>John Kapsberger<\/strong> (c. 1580 &#8211; 1651)<br>Toccata 7, Lib. 4  <br><strong>William Byrd<\/strong> (c. 1540 &#8211; 1623)<br>How long shall mine enemies&#8230;? <br>Hallelujah haleli (Psalm 146) &#8211; S. Rossi <br>Sonata in dialogue, called La Viena &#8211; S. Rossi <br>Mizmor letodah (Psalm 100) &#8211; S. Rossi<br><strong>Felix Mendelssohn Bartholdy<\/strong> (1809 &#8211; 1847)<br>O be joyful in the Lord (Psalm 100) <br>Lamnatseach (Psalm 8) &#8211; S. Rossi<\/p>\n<p><strong>&#8211; SECOND COURSE &#8211;<\/strong><br><b>Rossi&#8217;s world: monodies and madrigals<\/b><br><strong>Jean-Marie Leclair<\/strong> (1697 &#8211; 1764)<br>Duo for violins<br>Sonata sopra l&#8217;aria di Ruggiero &#8211; S. Rossi  <br><strong>Giulio Caccini<\/strong> (1551 &#8211; 1618)<br>Fortunato Augellino <br>Anima del cor mio &#8211; S. Rossi<br>I bei ligustri &#8211; Weelkes (BM,CK,BS)<br><strong>Alessandro Grandi<\/strong> (1590 &#8211; 1630)<br>O quam tu pulchra es  <br><strong>Claudio Monteverdi<\/strong> (1567 &#8211; 1643)<br>Nigra sum <br>Anima del cor mio <br>Sfogava con le stelle &#8211; S. Rossi<\/p>\n<p>&#8211; <strong> THIRD PORTRAIT &#8211;&nbsp;<\/strong><br><b>Closing prayer<\/b><br>Adon olam &#8211; S. Rossi&nbsp;<\/p>\n<p><span style=\"font-weight: bold;\">#Rossi400 &#8220;The Songs of Solomon<\/span>&#8221; <span style=\"font-weight: bold;\"><br> Vache Baroque&#8217;s 2023 flagship project celebrates 400 years since Jewish-Italian composer Solomon Rossi published his groundbreaking collection &#8220;The Songs of Solomon&#8221; (1623).\nThis bold cultural synthesis of language and art form proved him to be an artist of great innovation.\nThrough a series of music videos, synagogue performances, a dinner-concert, and a sold-out Hanukkah concert in Westminster, central London, we presented Rossi&#8217;s life and art to audiences through film, dance, voices, instruments, books, food, sound installations, and sacred ceremony.\nOur traveling program #RossiSOS is an intimate performance of sacred and secular vocal pieces by Rossi and his contemporaries from across Europe.\nJoyful prayers, plaintive solo songs, and passionate madrigals sung by five singers in Hebrew, Italian, Latin, and English, many accompanied by a lute, will paint the musical landscape within which Rossi lived and worked.<\/span>    <strong><br><\/strong><\/p>\n<p><strong>Vache Baroque <\/strong><br><em>in co-production with Vache Baroque Festival<\/em><\/p>\t\t\t\t\t\t\t\t<\/div>\n\t\t\t\t<\/div>\n\t\t\t\t<div class=\"elementor-element elementor-element-f1dfa3f elementor-widget-divider--view-line_text elementor-widget-divider--element-align-left elementor-widget elementor-widget-divider\" data-id=\"f1dfa3f\" data-element_type=\"widget\" data-widget_type=\"divider.default\">\n\t\t\t\t<div class=\"elementor-widget-container\">\n\t\t\t\t\t\t\t<div class=\"elementor-divider\">\n\t\t\t<span class=\"elementor-divider-separator\">\n\t\t\t\t\t\t\t<h6 class=\"elementor-divider__text elementor-divider__element\">\n\t\t\t\t<b>THE INTERPRETERS<\/b>\t\t\t\t<\/h6>\n\t\t\t\t\t\t<\/span>\n\t\t<\/div>\n\t\t\t\t\t\t<\/div>\n\t\t\t\t<\/div>\n\t\t\t\t<div class=\"elementor-element elementor-element-b7875ad elementor-widget elementor-widget-text-editor\" data-id=\"b7875ad\" data-element_type=\"widget\" data-widget_type=\"text-editor.default\">\n\t\t\t\t<div class=\"elementor-widget-container\">\n\t\t\t\t\t\t\t\t\t<p><b>Vache<\/b> <b>Baroque<\/b> is a young and ambitious nonprofit that aims to open access to Baroque music to all.<br \/>\nWe are based at The Vache, a glorious early 17th-century estate in Buckinghamshire, UK.<br \/>\nSince our launch in September 2020, we have produced a number of critically acclaimed opera productions and multidisciplinary concert projects, toured Italy, worked with over 1,000 elementary school children, and run two young artist programs for emerging singers.<br \/>\nOur goal is to tell old stories in modern ways, inspiring our artists, audiences and beneficiaries to build bridges between past and present.<br \/>\nWe passionately believe in the life-affirming and joy-inspiring nature of classical music and wish to share it as widely as possible.    <\/p>\n<p><span style=\"color: var( --e-global-color-5db837d ); font-family: var( --e-global-typography-text-font-family ), Sans-serif; font-size: var( --e-global-typography-text-font-size ); letter-spacing: var( --e-global-typography-text-letter-spacing ); background-color: var( --e-global-color-be41591 );\"><b>Jonathan Darbourne<br \/><\/b><\/span><span style=\"color: var( --e-global-color-5db837d ); font-family: var( --e-global-typography-text-font-family ), Sans-serif; font-size: var( --e-global-typography-text-font-size ); font-weight: var( --e-global-typography-text-font-weight ); letter-spacing: var( --e-global-typography-text-letter-spacing ); background-color: var( --e-global-color-be41591 );\">Jonathan has worked with many major ensembles specializing in early music, including the Dunedin Consort, Concerto Copenhagen, Nederlandse Bachvereniging, Freiburger Barockorchester, and Marian Consort.<br \/>\nAway from early music, he took part in the world premiere of Stockhausen&#8217;s opera Mittwoch aus Licht with Ex Cathedra (dir. Graham Vick), which was performed the following year at the BBC Proms.<br \/>\nAs a soloist, his performance of the waiter in Steven Oliver&#8217;s The Waiter&#8217;s Revenge was rated &#8220;outstanding&#8221; by The Independent on Sunday.<br \/>\nJonathan co-founded the Vache Byzantine for which he has directed three operas and other multi-arts programs from the harpsichord.<br \/>\nIn summer 2024 he will be music director of a new adaptation of Pergolesi&#8217;s L&#8217;Olimpiade.<br \/>\nHe was assistant conductor and continuist for the Grange Festival&#8217;s production of H\u00e4ndel&#8217;s Tamerlane and last year was selected to take part in an ensemble directing residency with William Christie and members of Les Arts Florissants.<br \/>\nAn experienced choral conductor, he is chorus master for the NSO and has directed a range of projects, from Voces8 Scholars to chorus scenes in numerous Netflix productions.      <\/span><\/p>\n<p><strong>Betty Makharinsky<\/strong><br \/>Betty&#8217;s recent successes include Purcell&#8217;s The Fairy Queen with the Hampstead Garden Opera, Brahms&#8217; Requiem at St John&#8217;s Smith Square, and a recital for the Gustav Mahler Society.<br \/>\nIn 2023 she reached the semi-finals of the Northern Aldborough Festival Vocal Competition and the International Opera Singing Competition in Naples.<br \/>\nShe also joined the Utopia Chorus and Orchestra (c. Teodor Currentzis) to perform Henry Purcell&#8217;s The Indian Queen and W. A. Mozart&#8217;s Great Mass in C minor at the Salzburg Festival in Austria.<br \/>\nRecent operatic credits include Flora The Turn of the Screw (Dartington International Festival), The Model WEAR (T\u00eate \u00e0 T\u00eate Festival) and Amor Orpheus and Eurydice (New Sussex Opera).<br \/>\nOratorio highlights include Haydn&#8217;s Missa in Tempore Belli (c. Gianluca Marciano) for the Al Bustan Festival in Lebanon, Mozart&#8217;s Requiem (c. Jennifer Sterling) and Michal in H\u00e4ndel&#8217;s Saul (c. Laurence Cummings) at the Dartington International Festival.<br \/>\nCollaborating with pianists Jonathan Powell and Pavel Timofeyevsky, Betty has given recitals at the Indian Summer festival in Levo\u010da, Slovakia and throughout the United Kingdom.<br \/>\nBetty co-founded Vache Byzantine in 2020 and Philomel Creative Circle (2019).<br \/>\nShe studied with Antonio Lemmo and graduated from the Guildhall School of Music and Drama and the Barock Vokal program (Mainz, Germany).<br \/>\nHe holds a bachelor&#8217;s degree in music with honors from the University of Oxford.        <\/p>\n<p><strong>Clara<\/strong> Kanter<br \/>British mezzo-soprano Clara Kanter studied at Clare College, Cambridge and the Guildhall School of Music &amp; Drama.<br \/>\nHer operatic roles include Junon (Act\u00e9on), Mercedes (Carmen), Pitti-Sing (The Mikado), Sorceress (Dido and Aeneas ), Third Lady (The Magic Flute), Dame Carruthers (The Yeomen of the Guard), Zita (Gianni Schicchi) and La Zelatrice (Suor Angelica).<br \/>\nShe was soloist in Stockhausen&#8217;s Mittwoch aus Licht for the Birmingham Opera Company, and has performed roles at the Buxton Opera House and the Grimeborn and T\u00eate-\u00e0-T\u00eate opera festivals in London, most recently singing and recording the role of &#8220;Rowan&#8221; in Alastair White&#8217;s opera ROBE.<br \/>\n.<br \/>\nIn concert, she has performed Berio&#8217;s Chorus with the Lucerne Festival Academy Chorus conducted by Sir Simon Rattle, and in Oslo with the Norwegian Soloists Choir, Vivaldi&#8217;s Gloria at the Purcell Room, Messiah at Cadogan Hall and in Leicestershire with Nevill Holt Opera Young Artists, Haydn&#8217;s Nelson Mass at St Martin-in-the-Fields, and songs by Brahms and Schubert with Prince Consort\/Side by Side at Wigmore Hall.<br \/>\nShe has performed as soloist for the Harmonic Consort and in broadcasts for BBC World Service Radio.<br \/>\nA passionate ensemble singer, Clara has sung with groups including the Academy of Ancient Music, the BBC Singers, the English Concert, the Monteverdi Choir, Polyphony, and Tenebrae, and along with the Maida Vale Singers she has performed with the John Wilson Orchestra at the BBC.<br \/>\nProms and on tour throughout the UK.       <\/p>\n<p><strong>Bradley Smith<\/strong><br \/>Bradley studied at St John&#8217;s College, Cambridge, and the Royal Academy of Music, where he won the Blythe-Buesst Aria Prize and the Tom Hammond Opera Prize.<br \/>\nOn the concert stage he is regularly engaged to sing evangelist and tenor solos in Bach&#8217;s Passions, H\u00e4ndel&#8217;s Messiah, and other key pieces in the repertoire with major orchestras internationally.<br \/>\nRecent engagements include recitals with Angela Hewitt in Italy and Stephen Devine in London, Britten&#8217;s Serenade for Tenor and Horn, Liederkreis op. 39, Faur\u00e9&#8217;s La bonne chanson at King&#8217;s Place, Britten&#8217;s War Requiem, a new song cycle for tenor and harp by Amelia Clarkson for the Presteigne Festival, and Bach&#8217;s Christmas Oratorio for the Odensee Symphony Orchestra.<br \/>\nHighlights of the work include Damon\/Acis and Galatea (English National Opera), Mr Denham\/True Story of King Kong (Theater Magdeburg), Tenor\/Awakening Shadow (Presteigne Festival), Arsete\/La Dori e Lelio\/The Marriage in Dream (Innsbruck Festival).<br \/>\nof early music), Oduardo\/Ariodante (with the English concert at Theater an der Wien, the Barbican, the Elbphilharmonie in Hamburg and the Th\u00e9\u00e2tre Champs-\u00c9lys\u00e9es), Albert Herring\/Albert Herring (Buxton International Festival), Tamino\/Die Zauberfl\u00f6te ( LFO Young Artists&#8217; Tour) and Peter Quint\/The Turn of the Screw (Young Artist Opera Holland Park).<br \/>\nWith the Royal Academy Opera he has performed Tom Rakewell\/The Rake&#8217;s Progress, the Male Chorus\/The Rape of Lucretia, le Prince Charmant\/Cendrillon and le petit vieillard\/L&#8217;enfant et les sortileges.<br \/>\nUpcoming engagements include performances in Birmingham, London, Cambridge, Milan and Perugia.      <\/p>\n<p><strong>Christopher<\/strong> Webb <br \/>Christopher Webb has a varied career as a soloist and ensemble singer.<br \/>\nHe has worked with some of the UK&#8217;s most celebrated ensembles, including the Monteverdi Choir, Dunedin Consort, Polyphony, La Nuova Musica, Philharmonia Voices, ORA Singers and The Marian Consort, as well as the acclaimed French ensemble Pygmalion.<br \/>\nHe was recently appointed as a member of St. Paul&#8217;s Cathedral Choir.<br \/>\nHe collaborates with London Voices as a session player for film and video game soundtracks.<br \/>\nHe has been a member of English National Opera&#8217;s &#8220;Opera Works&#8221; young artist program; his operatic roles to date include Dulcamara (Donizetti&#8217;s L&#8217;elisir d&#8217;amore), Colline (Puccini&#8217;s La boh\u00e8me), Sarastro (Mozart&#8217;s The Magic Flute) and Il Commendatore (Mozart&#8217;s Don Giovanni) for the first Waterperry Opera Festival.<br \/>\nHe sang in productions at the Summer Festival d&#8217;Aix-en-Provence with Pygmalion.<br \/>\nHe is increasingly in demand as an oratorio soloist.<br \/>\nRecent events include solos in a major European tour of German Baroque repertoire with the Monteverdi Choir, including performances at the Salzburg Festival and Leipzig Bachfest, his Wigmore Hall debut with La Nuova Musica, and solo appearances with The Marian Consort at the Brighton Festival, Stour Music, and London Baroque Music Festival.<br \/>\nShe had the honor of singing for the coronation of King Charles III and Queen Camilla last year in Westminster Abbey.        <\/p>\n<p><strong>Kristiina<\/strong> Watt<br \/>Lutenist Kristiina Watt enjoys a busy concert schedule in the UK and abroad, performing on a variety of lutes and guitars from the 16th-19th centuries.<br \/>\nHaving worked professionally as a singer, Kristiina is happy to bring this experience to her work as an accompanist.<br \/>\nIn addition to performing for Vache Byzantine singers, she has also performed with The Fieri Consort, The Marian Consort, and is a member of Ensemble Pro Victoria and The Queenes Chappell.<br \/>\nKristiina is particularly comfortable in the intimate and transparent environment of chamber music.<br \/>\nRecent chamber concerts include H\u00e4ndel&#8217;s &#8220;9 German Arias&#8221; with Rachel Podger, a performance at the Holywell Music Room with the Illyria Consort (directed by Bojan \u010ci\u010di\u0107), a program of trio sonatas with the Academy of Early Music in Spain directed by Steven Devine, and a program of 17th-century English music with Nordic influences in Reykjavik.<br \/>\nAs an orchestral musician he has worked with many renowned orchestras, in historical performances and beyond, such as Academy of Ancient Music, BBC Scottish Symphony Orchestra, BBC Singers, The English Concert, Orchestra of the Age of Enlightenment, Scottish Chamber Orchestra, and Scottish Ensemble.<br \/>\n.<br \/>\nIn addition to live performances on BBC Radio 3 (including &#8220;In Tune&#8221;) and BR Klassik, Kristiina&#8217;s music can be heard on CDs by the Spiritato ensemble and The Fieri Consort.<br \/>\nHer regular collaborations as a chamber musician include a duo with violinist Sophia Prodanova and the ensemble The Portrait Players with soprano Claire Ward and cellist\/drummer Miriam Nohl.        <\/p><\/p>\n\t\t\t\t\t\t\t\t<\/div>\n\t\t\t\t<\/div>\n\t\t\t\t<div class=\"elementor-element elementor-element-8314a86 elementor-align-left elementor-widget elementor-widget-button\" data-id=\"8314a86\" data-element_type=\"widget\" data-widget_type=\"button.default\">\n\t\t\t\t<div class=\"elementor-widget-container\">\n\t\t\t\t\t\t\t\t\t<div class=\"elementor-button-wrapper\">\n\t\t\t\t\t<a class=\"elementor-button elementor-button-link elementor-size-sm\" href=\"https:\/\/lericimusicfestival.org\/wp-content\/uploads\/2024\/07\/LMF-2024-Libretto-ver12.pdf\" target=\"_blank\">\n\t\t\t\t\t\t<span class=\"elementor-button-content-wrapper\">\n\t\t\t\t\t\t\t\t\t<span class=\"elementor-button-text\">DOWNLOAD THE FESTIVAL PROGRAM<\/span>\n\t\t\t\t\t<\/span>\n\t\t\t\t\t<\/a>\n\t\t\t\t<\/div>\n\t\t\t\t\t\t\t\t<\/div>\n\t\t\t\t<\/div>\n\t\t\t\t\t<\/div>\n\t\t<\/div>\n\t\t\t\t\t<\/div>\n\t\t<\/section>\n\t\t\t\t\t<\/div>\n\t\t<\/div>\n\t\t\t\t<div class=\"elementor-column elementor-col-33 elementor-top-column elementor-element elementor-element-99035bc\" data-id=\"99035bc\" data-element_type=\"column\">\n\t\t\t<div class=\"elementor-widget-wrap elementor-element-populated\">\n\t\t\t\t\t\t<section class=\"elementor-section elementor-inner-section elementor-element elementor-element-66fc11f elementor-section-boxed elementor-section-height-default elementor-section-height-default\" data-id=\"66fc11f\" data-element_type=\"section\" data-settings=\"{&quot;background_background&quot;:&quot;classic&quot;}\">\n\t\t\t\t\t\t<div class=\"elementor-container elementor-column-gap-extended\">\n\t\t\t\t\t<div class=\"elementor-column elementor-col-100 elementor-inner-column elementor-element elementor-element-c910ca4\" data-id=\"c910ca4\" data-element_type=\"column\">\n\t\t\t<div class=\"elementor-widget-wrap elementor-element-populated\">\n\t\t\t\t\t\t<div class=\"elementor-element elementor-element-5fa3d50 elementor-widget-divider--view-line_text elementor-widget-divider--element-align-left elementor-widget elementor-widget-divider\" data-id=\"5fa3d50\" data-element_type=\"widget\" data-widget_type=\"divider.default\">\n\t\t\t\t<div class=\"elementor-widget-container\">\n\t\t\t\t\t\t\t<div class=\"elementor-divider\">\n\t\t\t<span class=\"elementor-divider-separator\">\n\t\t\t\t\t\t\t<h6 class=\"elementor-divider__text elementor-divider__element\">\n\t\t\t\tINFO\t\t\t\t<\/h6>\n\t\t\t\t\t\t<\/span>\n\t\t<\/div>\n\t\t\t\t\t\t<\/div>\n\t\t\t\t<\/div>\n\t\t\t\t<div class=\"elementor-element elementor-element-b7f8d81 e-grid-align-left elementor-shape-rounded elementor-grid-0 elementor-widget elementor-widget-global elementor-global-4128 elementor-widget-social-icons\" data-id=\"b7f8d81\" data-element_type=\"widget\" data-widget_type=\"social-icons.default\">\n\t\t\t\t<div class=\"elementor-widget-container\">\n\t\t\t\t\t\t\t<div class=\"elementor-social-icons-wrapper elementor-grid\" role=\"list\">\n\t\t\t\t\t\t\t<span class=\"elementor-grid-item\" role=\"listitem\">\n\t\t\t\t\t<a class=\"elementor-icon elementor-social-icon elementor-social-icon-facebook elementor-repeater-item-4d4f44d\" href=\"https:\/\/www.facebook.com\/lericimusicfestival\" target=\"_blank\">\n\t\t\t\t\t\t<span class=\"elementor-screen-only\">Facebook<\/span>\n\t\t\t\t\t\t<i class=\"fab fa-facebook\"><\/i>\t\t\t\t\t<\/a>\n\t\t\t\t<\/span>\n\t\t\t\t\t\t\t<span class=\"elementor-grid-item\" role=\"listitem\">\n\t\t\t\t\t<a class=\"elementor-icon elementor-social-icon elementor-social-icon-instagram elementor-repeater-item-54037cb\" href=\"https:\/\/www.instagram.com\/lericimusicfestival\/\" target=\"_blank\">\n\t\t\t\t\t\t<span class=\"elementor-screen-only\">Instagram<\/span>\n\t\t\t\t\t\t<i class=\"fab fa-instagram\"><\/i>\t\t\t\t\t<\/a>\n\t\t\t\t<\/span>\n\t\t\t\t\t\t\t<span class=\"elementor-grid-item\" role=\"listitem\">\n\t\t\t\t\t<a class=\"elementor-icon elementor-social-icon elementor-social-icon-youtube elementor-repeater-item-a5d2fe4\" href=\"https:\/\/www.youtube.com\/@lericimusicfestival327\/videos\" target=\"_blank\">\n\t\t\t\t\t\t<span class=\"elementor-screen-only\">Youtube<\/span>\n\t\t\t\t\t\t<i class=\"fab fa-youtube\"><\/i>\t\t\t\t\t<\/a>\n\t\t\t\t<\/span>\n\t\t\t\t\t<\/div>\n\t\t\t\t\t\t<\/div>\n\t\t\t\t<\/div>\n\t\t\t\t<div class=\"elementor-element elementor-element-d91a06a elementor-widget elementor-widget-text-editor\" data-id=\"d91a06a\" data-element_type=\"widget\" data-widget_type=\"text-editor.default\">\n\t\t\t\t<div class=\"elementor-widget-container\">\n\t\t\t\t\t\t\t\t\t<p><b>CONCERT START<br \/><\/b>The concert is scheduled to begin at <b>6:30<\/b> p.m. The kind audience is advised to arrive early to proceed to take their seats.<\/p>\n\t\t\t\t\t\t\t\t<\/div>\n\t\t\t\t<\/div>\n\t\t\t\t<div class=\"elementor-element elementor-element-275f5f8 elementor-widget elementor-widget-text-editor\" data-id=\"275f5f8\" data-element_type=\"widget\" data-widget_type=\"text-editor.default\">\n\t\t\t\t<div class=\"elementor-widget-container\">\n\t\t\t\t\t\t\t\t\t<p><b>HOW TO GET THERE<br \/><\/b><\/p>\n\t\t\t\t\t\t\t\t<\/div>\n\t\t\t\t<\/div>\n\t\t\t\t<div class=\"elementor-element elementor-element-b9b4edf elementor-align-left elementor-icon-list--layout-traditional elementor-list-item-link-full_width elementor-widget elementor-widget-icon-list\" data-id=\"b9b4edf\" data-element_type=\"widget\" data-widget_type=\"icon-list.default\">\n\t\t\t\t<div class=\"elementor-widget-container\">\n\t\t\t\t\t\t\t<ul class=\"elementor-icon-list-items\">\n\t\t\t\t\t\t\t<li class=\"elementor-icon-list-item\">\n\t\t\t\t\t\t\t\t\t\t\t<span class=\"elementor-icon-list-icon\">\n\t\t\t\t\t\t\t<i aria-hidden=\"true\" class=\"fas fa-chair\"><\/i>\t\t\t\t\t\t<\/span>\n\t\t\t\t\t\t\t\t\t\t<span class=\"elementor-icon-list-text\">130 SEATS<\/span>\n\t\t\t\t\t\t\t\t\t<\/li>\n\t\t\t\t\t\t\t\t<li class=\"elementor-icon-list-item\">\n\t\t\t\t\t\t\t\t\t\t\t<a href=\"https:\/\/lericimusicfestival.org\/en\/box-office\/\" target=\"_blank\">\n\n\t\t\t\t\t\t\t\t\t\t\t\t<span class=\"elementor-icon-list-icon\">\n\t\t\t\t\t\t\t<i aria-hidden=\"true\" class=\"fas fa-info-circle\"><\/i>\t\t\t\t\t\t<\/span>\n\t\t\t\t\t\t\t\t\t\t<span class=\"elementor-icon-list-text\">INFO AND BOX OFFICE<\/span>\n\t\t\t\t\t\t\t\t\t\t\t<\/a>\n\t\t\t\t\t\t\t\t\t<\/li>\n\t\t\t\t\t\t\t\t<li class=\"elementor-icon-list-item\">\n\t\t\t\t\t\t\t\t\t\t\t<span class=\"elementor-icon-list-icon\">\n\t\t\t\t\t\t\t<i aria-hidden=\"true\" class=\"fas fa-phone-alt\"><\/i>\t\t\t\t\t\t<\/span>\n\t\t\t\t\t\t\t\t\t\t<span class=\"elementor-icon-list-text\">  +39 379 1379677<\/span>\n\t\t\t\t\t\t\t\t\t<\/li>\n\t\t\t\t\t\t<\/ul>\n\t\t\t\t\t\t<\/div>\n\t\t\t\t<\/div>\n\t\t\t\t<div class=\"elementor-element elementor-element-5815200 elementor-widget elementor-widget-spacer\" data-id=\"5815200\" data-element_type=\"widget\" data-widget_type=\"spacer.default\">\n\t\t\t\t<div class=\"elementor-widget-container\">\n\t\t\t\t\t\t\t<div class=\"elementor-spacer\">\n\t\t\t<div class=\"elementor-spacer-inner\"><\/div>\n\t\t<\/div>\n\t\t\t\t\t\t<\/div>\n\t\t\t\t<\/div>\n\t\t\t\t<div class=\"elementor-element elementor-element-3449f74 elementor-align-left elementor-icon-list--layout-traditional elementor-list-item-link-full_width elementor-widget elementor-widget-icon-list\" data-id=\"3449f74\" data-element_type=\"widget\" data-widget_type=\"icon-list.default\">\n\t\t\t\t<div class=\"elementor-widget-container\">\n\t\t\t\t\t\t\t<ul class=\"elementor-icon-list-items\">\n\t\t\t\t\t\t\t<li class=\"elementor-icon-list-item\">\n\t\t\t\t\t\t\t\t\t\t\t<span class=\"elementor-icon-list-icon\">\n\t\t\t\t\t\t\t<i aria-hidden=\"true\" class=\"fas fa-euro-sign\"><\/i>\t\t\t\t\t\t<\/span>\n\t\t\t\t\t\t\t\t\t\t<span class=\"elementor-icon-list-text\">TICKET PRICES<\/span>\n\t\t\t\t\t\t\t\t\t<\/li>\n\t\t\t\t\t\t\t\t<li class=\"elementor-icon-list-item\">\n\t\t\t\t\t\t\t\t\t\t\t<span class=\"elementor-icon-list-icon\">\n\t\t\t\t\t\t\t<svg xmlns=\"http:\/\/www.w3.org\/2000\/svg\" xmlns:xlink=\"http:\/\/www.w3.org\/1999\/xlink\" width=\"100\" viewBox=\"0 0 75 74.999997\" height=\"100\" preserveAspectRatio=\"xMidYMid meet\"><rect x=\"-7.5\" width=\"90\" fill=\"#ffffff\" y=\"-7.5\" height=\"89.999996\" fill-opacity=\"1\"><\/rect><rect x=\"-7.5\" width=\"90\" fill=\"#34cc99\" y=\"-7.5\" height=\"89.999996\" fill-opacity=\"1\"><\/rect><rect x=\"-7.5\" width=\"90\" fill=\"#34cc99\" y=\"-7.5\" height=\"89.999996\" fill-opacity=\"1\"><\/rect><\/svg>\t\t\t\t\t\t<\/span>\n\t\t\t\t\t\t\t\t\t\t<span class=\"elementor-icon-list-text\">SINGLE TICKET EUR 80.00<\/span>\n\t\t\t\t\t\t\t\t\t<\/li>\n\t\t\t\t\t\t<\/ul>\n\t\t\t\t\t\t<\/div>\n\t\t\t\t<\/div>\n\t\t\t\t<div class=\"elementor-element elementor-element-b791340 elementor-widget elementor-widget-spacer\" data-id=\"b791340\" data-element_type=\"widget\" data-widget_type=\"spacer.default\">\n\t\t\t\t<div class=\"elementor-widget-container\">\n\t\t\t\t\t\t\t<div class=\"elementor-spacer\">\n\t\t\t<div class=\"elementor-spacer-inner\"><\/div>\n\t\t<\/div>\n\t\t\t\t\t\t<\/div>\n\t\t\t\t<\/div>\n\t\t\t\t<div class=\"elementor-element elementor-element-f970316 elementor-align-center elementor-widget elementor-widget-button\" data-id=\"f970316\" data-element_type=\"widget\" data-widget_type=\"button.default\">\n\t\t\t\t<div class=\"elementor-widget-container\">\n\t\t\t\t\t\t\t\t\t<div class=\"elementor-button-wrapper\">\n\t\t\t\t\t<a class=\"elementor-button elementor-button-link elementor-size-sm\" href=\"https:\/\/www.vivaticket.com\/it\/ticket\/salomone-rossi-400-dinner-concert\/235986\">\n\t\t\t\t\t\t<span class=\"elementor-button-content-wrapper\">\n\t\t\t\t\t\t\t\t\t<span class=\"elementor-button-text\">BUY TICKETS<\/span>\n\t\t\t\t\t<\/span>\n\t\t\t\t\t<\/a>\n\t\t\t\t<\/div>\n\t\t\t\t\t\t\t\t<\/div>\n\t\t\t\t<\/div>\n\t\t\t\t<div class=\"elementor-element elementor-element-77779e8 elementor-widget elementor-widget-spacer\" data-id=\"77779e8\" data-element_type=\"widget\" data-widget_type=\"spacer.default\">\n\t\t\t\t<div class=\"elementor-widget-container\">\n\t\t\t\t\t\t\t<div class=\"elementor-spacer\">\n\t\t\t<div class=\"elementor-spacer-inner\"><\/div>\n\t\t<\/div>\n\t\t\t\t\t\t<\/div>\n\t\t\t\t<\/div>\n\t\t\t\t\t<\/div>\n\t\t<\/div>\n\t\t\t\t\t<\/div>\n\t\t<\/section>\n\t\t\t\t<div class=\"elementor-element elementor-element-211dcbf elementor-widget elementor-widget-spacer\" data-id=\"211dcbf\" data-element_type=\"widget\" data-widget_type=\"spacer.default\">\n\t\t\t\t<div class=\"elementor-widget-container\">\n\t\t\t\t\t\t\t<div class=\"elementor-spacer\">\n\t\t\t<div class=\"elementor-spacer-inner\"><\/div>\n\t\t<\/div>\n\t\t\t\t\t\t<\/div>\n\t\t\t\t<\/div>\n\t\t\t\t\t<\/div>\n\t\t<\/div>\n\t\t\t\t\t<\/div>\n\t\t<\/section>\n\t\t\t\t<section class=\"elementor-section elementor-top-section elementor-element elementor-element-1c293c53 elementor-section-content-middle elementor-section-boxed elementor-section-height-default elementor-section-height-default\" data-id=\"1c293c53\" data-element_type=\"section\" data-settings=\"{&quot;background_background&quot;:&quot;classic&quot;}\">\n\t\t\t\t\t\t<div class=\"elementor-container elementor-column-gap-no\">\n\t\t\t\t\t<div class=\"elementor-column elementor-col-100 elementor-top-column elementor-element elementor-element-4e59321a\" data-id=\"4e59321a\" data-element_type=\"column\">\n\t\t\t<div class=\"elementor-widget-wrap elementor-element-populated\">\n\t\t\t\t\t\t<div class=\"elementor-element elementor-element-4960fd0 elementor-widget elementor-widget-gallery\" data-id=\"4960fd0\" data-element_type=\"widget\" data-settings=\"{&quot;gallery_layout&quot;:&quot;masonry&quot;,&quot;columns&quot;:2,&quot;lazyload&quot;:&quot;yes&quot;,&quot;columns_tablet&quot;:2,&quot;columns_mobile&quot;:1,&quot;gap&quot;:{&quot;unit&quot;:&quot;px&quot;,&quot;size&quot;:10,&quot;sizes&quot;:[]},&quot;gap_tablet&quot;:{&quot;unit&quot;:&quot;px&quot;,&quot;size&quot;:10,&quot;sizes&quot;:[]},&quot;gap_mobile&quot;:{&quot;unit&quot;:&quot;px&quot;,&quot;size&quot;:10,&quot;sizes&quot;:[]},&quot;link_to&quot;:&quot;file&quot;,&quot;overlay_background&quot;:&quot;yes&quot;,&quot;content_hover_animation&quot;:&quot;fade-in&quot;}\" data-widget_type=\"gallery.default\">\n\t\t\t\t<div class=\"elementor-widget-container\">\n\t\t\t\t\t\t\t<div class=\"elementor-gallery__container\">\n\t\t\t\t\t\t\t<a class=\"e-gallery-item elementor-gallery-item elementor-animated-content\" href=\"https:\/\/lericimusicfestival.org\/wp-content\/uploads\/2024\/07\/Vache-Baroque-LMF-2024-01.jpg\" data-elementor-open-lightbox=\"yes\" data-elementor-lightbox-slideshow=\"4960fd0\" data-elementor-lightbox-title=\"Vache Baroque LMF 2024 01\" data-elementor-lightbox-description=\"Vache Baroque LMF 2024 01\" data-e-action-hash=\"#elementor-action%3Aaction%3Dlightbox%26settings%3DeyJpZCI6ODA2NywidXJsIjoiaHR0cHM6XC9cL2xlcmljaW11c2ljZmVzdGl2YWwub3JnXC93cC1jb250ZW50XC91cGxvYWRzXC8yMDI0XC8wN1wvVmFjaGUtQmFyb3F1ZS1MTUYtMjAyNC0wMS5qcGciLCJzbGlkZXNob3ciOiI0OTYwZmQwIn0%3D\">\n\t\t\t\t\t<div class=\"e-gallery-image elementor-gallery-item__image\" data-thumbnail=\"https:\/\/lericimusicfestival.org\/wp-content\/uploads\/2024\/07\/Vache-Baroque-LMF-2024-01.jpg\" data-width=\"1920\" data-height=\"1080\" aria-label=\"Vache Baroque LMF 2024 01\" role=\"img\" ><\/div>\n\t\t\t\t\t\t\t\t\t\t\t<div class=\"elementor-gallery-item__overlay\"><\/div>\n\t\t\t\t\t\t\t\t\t\t\t\t\t\t<\/a>\n\t\t\t\t\t\t\t<a class=\"e-gallery-item elementor-gallery-item elementor-animated-content\" href=\"https:\/\/lericimusicfestival.org\/wp-content\/uploads\/2024\/07\/Vache-Baroque-02-LMF-2024.png\" data-elementor-open-lightbox=\"yes\" data-elementor-lightbox-slideshow=\"4960fd0\" data-elementor-lightbox-title=\"Vache Baroque 02 LMF 2024\" data-elementor-lightbox-description=\"Vache Baroque 02 LMF 2024\" data-e-action-hash=\"#elementor-action%3Aaction%3Dlightbox%26settings%3DeyJpZCI6ODA2OSwidXJsIjoiaHR0cHM6XC9cL2xlcmljaW11c2ljZmVzdGl2YWwub3JnXC93cC1jb250ZW50XC91cGxvYWRzXC8yMDI0XC8wN1wvVmFjaGUtQmFyb3F1ZS0wMi1MTUYtMjAyNC5wbmciLCJzbGlkZXNob3ciOiI0OTYwZmQwIn0%3D\">\n\t\t\t\t\t<div class=\"e-gallery-image elementor-gallery-item__image\" data-thumbnail=\"https:\/\/lericimusicfestival.org\/wp-content\/uploads\/2024\/07\/Vache-Baroque-02-LMF-2024.png\" data-width=\"2102\" data-height=\"1178\" aria-label=\"Vache Baroque 02 LMF 2024\" role=\"img\" ><\/div>\n\t\t\t\t\t\t\t\t\t\t\t<div class=\"elementor-gallery-item__overlay\"><\/div>\n\t\t\t\t\t\t\t\t\t\t\t\t\t\t<\/a>\n\t\t\t\t\t<\/div>\n\t\t\t\t\t<\/div>\n\t\t\t\t<\/div>\n\t\t\t\t\t<\/div>\n\t\t<\/div>\n\t\t\t\t\t<\/div>\n\t\t<\/section>\n\t\t\t\t<\/div>\n\t\t","protected":false},"excerpt":{"rendered":"<p>01\/08Solomon Rossi 400 &#8220;The Song of Solomon&#8221; THE CONCERT Solomon Rossi 400 &#8220;The Song of Solomon&#8221; Aug. 01, 6:30 p.m.Villa Marigola, Lerici Immersive dinner concert THE PROGRAM Jewish-Italian banquet accompanied by hymns composed by Salomone Rossi and his contemporaries from all over Europe. Betty Makharinsky, sopranoClara Kanter, mezzo-sopranoJonathan Darbourne, countertenor\/MDBradley Smith, tenorChris Webb, bassKristiina Watt, [&hellip;]<\/p>\n","protected":false},"author":4,"featured_media":0,"parent":0,"menu_order":0,"comment_status":"closed","ping_status":"closed","template":"","meta":{"_monsterinsights_skip_tracking":false,"_monsterinsights_sitenote_active":false,"_monsterinsights_sitenote_note":"","_monsterinsights_sitenote_category":0,"footnotes":""},"class_list":["post-7579","page","type-page","status-publish","hentry"],"yoast_head":"<!-- This site is optimized with the Yoast SEO plugin v25.6 - https:\/\/yoast.com\/wordpress\/plugins\/seo\/ -->\n<title>00 AUG 01 SOLOMONE ROSSI - Lerici Music Festival<\/title>\n<meta name=\"robots\" content=\"index, follow, max-snippet:-1, max-image-preview:large, max-video-preview:-1\" \/>\n<link rel=\"canonical\" href=\"https:\/\/lericimusicfestival.org\/en\/00-aug-01-red-solomon\/\" \/>\n<meta property=\"og:locale\" content=\"en_US\" \/>\n<meta property=\"og:type\" content=\"article\" \/>\n<meta property=\"og:title\" content=\"00 AUG 01 SOLOMONE ROSSI - Lerici Music Festival\" \/>\n<meta property=\"og:description\" content=\"01\/08Solomon Rossi 400 &#8220;The Song of Solomon&#8221; THE CONCERT Solomon Rossi 400 &#8220;The Song of Solomon&#8221; Aug. 01, 6:30 p.m.Villa Marigola, Lerici Immersive dinner concert THE PROGRAM Jewish-Italian banquet accompanied by hymns composed by Salomone Rossi and his contemporaries from all over Europe. Betty Makharinsky, sopranoClara Kanter, mezzo-sopranoJonathan Darbourne, countertenor\/MDBradley Smith, tenorChris Webb, bassKristiina Watt, [&hellip;]\" \/>\n<meta property=\"og:url\" content=\"https:\/\/lericimusicfestival.org\/en\/00-aug-01-red-solomon\/\" \/>\n<meta property=\"og:site_name\" content=\"Lerici Music Festival\" \/>\n<meta property=\"article:publisher\" content=\"https:\/\/www.facebook.com\/lericimusicfestival\" \/>\n<meta property=\"article:modified_time\" content=\"2024-08-07T00:15:49+00:00\" \/>\n<meta name=\"twitter:card\" content=\"summary_large_image\" \/>\n<meta name=\"twitter:label1\" content=\"Est. reading time\" \/>\n\t<meta name=\"twitter:data1\" content=\"9 minutes\" \/>\n<script type=\"application\/ld+json\" class=\"yoast-schema-graph\">{\"@context\":\"https:\/\/schema.org\",\"@graph\":[{\"@type\":\"WebPage\",\"@id\":\"https:\/\/lericimusicfestival.org\/en\/00-aug-01-red-solomon\/\",\"url\":\"https:\/\/lericimusicfestival.org\/en\/00-aug-01-red-solomon\/\",\"name\":\"00 AUG 01 SOLOMONE ROSSI - Lerici Music Festival\",\"isPartOf\":{\"@id\":\"https:\/\/lericimusicfestival.org\/en\/#website\"},\"datePublished\":\"2024-06-29T17:28:38+00:00\",\"dateModified\":\"2024-08-07T00:15:49+00:00\",\"breadcrumb\":{\"@id\":\"https:\/\/lericimusicfestival.org\/en\/00-aug-01-red-solomon\/#breadcrumb\"},\"inLanguage\":\"en-US\",\"potentialAction\":[{\"@type\":\"ReadAction\",\"target\":[\"https:\/\/lericimusicfestival.org\/en\/00-aug-01-red-solomon\/\"]}]},{\"@type\":\"BreadcrumbList\",\"@id\":\"https:\/\/lericimusicfestival.org\/en\/00-aug-01-red-solomon\/#breadcrumb\",\"itemListElement\":[{\"@type\":\"ListItem\",\"position\":1,\"name\":\"Home\",\"item\":\"https:\/\/lericimusicfestival.org\/en\/\"},{\"@type\":\"ListItem\",\"position\":2,\"name\":\"00 AUG 01 SOLOMONE ROSSI\"}]},{\"@type\":\"WebSite\",\"@id\":\"https:\/\/lericimusicfestival.org\/en\/#website\",\"url\":\"https:\/\/lericimusicfestival.org\/en\/\",\"name\":\"Lerici Music Festival\",\"description\":\"Officiall website for the Lerici Music Festival\",\"publisher\":{\"@id\":\"https:\/\/lericimusicfestival.org\/en\/#organization\"},\"potentialAction\":[{\"@type\":\"SearchAction\",\"target\":{\"@type\":\"EntryPoint\",\"urlTemplate\":\"https:\/\/lericimusicfestival.org\/en\/?s={search_term_string}\"},\"query-input\":{\"@type\":\"PropertyValueSpecification\",\"valueRequired\":true,\"valueName\":\"search_term_string\"}}],\"inLanguage\":\"en-US\"},{\"@type\":\"Organization\",\"@id\":\"https:\/\/lericimusicfestival.org\/en\/#organization\",\"name\":\"Lerici Music Festival\",\"url\":\"https:\/\/lericimusicfestival.org\/en\/\",\"logo\":{\"@type\":\"ImageObject\",\"inLanguage\":\"en-US\",\"@id\":\"https:\/\/lericimusicfestival.org\/en\/#\/schema\/logo\/image\/\",\"url\":\"https:\/\/lericimusicfestival.org\/wp-content\/uploads\/2023\/03\/LERICI-FESTIVAL-FAVICON.png\",\"contentUrl\":\"https:\/\/lericimusicfestival.org\/wp-content\/uploads\/2023\/03\/LERICI-FESTIVAL-FAVICON.png\",\"width\":500,\"height\":325,\"caption\":\"Lerici Music Festival\"},\"image\":{\"@id\":\"https:\/\/lericimusicfestival.org\/en\/#\/schema\/logo\/image\/\"},\"sameAs\":[\"https:\/\/www.facebook.com\/lericimusicfestival\",\"https:\/\/www.instagram.com\/lericimusicfestival\/\"]}]}<\/script>\n<!-- \/ Yoast SEO plugin. -->","yoast_head_json":{"title":"00 AUG 01 SOLOMONE ROSSI - Lerici Music Festival","robots":{"index":"index","follow":"follow","max-snippet":"max-snippet:-1","max-image-preview":"max-image-preview:large","max-video-preview":"max-video-preview:-1"},"canonical":"https:\/\/lericimusicfestival.org\/en\/00-aug-01-red-solomon\/","og_locale":"en_US","og_type":"article","og_title":"00 AUG 01 SOLOMONE ROSSI - Lerici Music Festival","og_description":"01\/08Solomon Rossi 400 &#8220;The Song of Solomon&#8221; THE CONCERT Solomon Rossi 400 &#8220;The Song of Solomon&#8221; Aug. 01, 6:30 p.m.Villa Marigola, Lerici Immersive dinner concert THE PROGRAM Jewish-Italian banquet accompanied by hymns composed by Salomone Rossi and his contemporaries from all over Europe. Betty Makharinsky, sopranoClara Kanter, mezzo-sopranoJonathan Darbourne, countertenor\/MDBradley Smith, tenorChris Webb, bassKristiina Watt, [&hellip;]","og_url":"https:\/\/lericimusicfestival.org\/en\/00-aug-01-red-solomon\/","og_site_name":"Lerici Music Festival","article_publisher":"https:\/\/www.facebook.com\/lericimusicfestival","article_modified_time":"2024-08-07T00:15:49+00:00","twitter_card":"summary_large_image","twitter_misc":{"Est. reading time":"9 minutes"},"schema":{"@context":"https:\/\/schema.org","@graph":[{"@type":"WebPage","@id":"https:\/\/lericimusicfestival.org\/en\/00-aug-01-red-solomon\/","url":"https:\/\/lericimusicfestival.org\/en\/00-aug-01-red-solomon\/","name":"00 AUG 01 SOLOMONE ROSSI - Lerici Music Festival","isPartOf":{"@id":"https:\/\/lericimusicfestival.org\/en\/#website"},"datePublished":"2024-06-29T17:28:38+00:00","dateModified":"2024-08-07T00:15:49+00:00","breadcrumb":{"@id":"https:\/\/lericimusicfestival.org\/en\/00-aug-01-red-solomon\/#breadcrumb"},"inLanguage":"en-US","potentialAction":[{"@type":"ReadAction","target":["https:\/\/lericimusicfestival.org\/en\/00-aug-01-red-solomon\/"]}]},{"@type":"BreadcrumbList","@id":"https:\/\/lericimusicfestival.org\/en\/00-aug-01-red-solomon\/#breadcrumb","itemListElement":[{"@type":"ListItem","position":1,"name":"Home","item":"https:\/\/lericimusicfestival.org\/en\/"},{"@type":"ListItem","position":2,"name":"00 AUG 01 SOLOMONE ROSSI"}]},{"@type":"WebSite","@id":"https:\/\/lericimusicfestival.org\/en\/#website","url":"https:\/\/lericimusicfestival.org\/en\/","name":"Lerici Music Festival","description":"Officiall website for the Lerici Music Festival","publisher":{"@id":"https:\/\/lericimusicfestival.org\/en\/#organization"},"potentialAction":[{"@type":"SearchAction","target":{"@type":"EntryPoint","urlTemplate":"https:\/\/lericimusicfestival.org\/en\/?s={search_term_string}"},"query-input":{"@type":"PropertyValueSpecification","valueRequired":true,"valueName":"search_term_string"}}],"inLanguage":"en-US"},{"@type":"Organization","@id":"https:\/\/lericimusicfestival.org\/en\/#organization","name":"Lerici Music Festival","url":"https:\/\/lericimusicfestival.org\/en\/","logo":{"@type":"ImageObject","inLanguage":"en-US","@id":"https:\/\/lericimusicfestival.org\/en\/#\/schema\/logo\/image\/","url":"https:\/\/lericimusicfestival.org\/wp-content\/uploads\/2023\/03\/LERICI-FESTIVAL-FAVICON.png","contentUrl":"https:\/\/lericimusicfestival.org\/wp-content\/uploads\/2023\/03\/LERICI-FESTIVAL-FAVICON.png","width":500,"height":325,"caption":"Lerici Music Festival"},"image":{"@id":"https:\/\/lericimusicfestival.org\/en\/#\/schema\/logo\/image\/"},"sameAs":["https:\/\/www.facebook.com\/lericimusicfestival","https:\/\/www.instagram.com\/lericimusicfestival\/"]}]}},"_links":{"self":[{"href":"https:\/\/lericimusicfestival.org\/en\/wp-json\/wp\/v2\/pages\/7579","targetHints":{"allow":["GET"]}}],"collection":[{"href":"https:\/\/lericimusicfestival.org\/en\/wp-json\/wp\/v2\/pages"}],"about":[{"href":"https:\/\/lericimusicfestival.org\/en\/wp-json\/wp\/v2\/types\/page"}],"author":[{"embeddable":true,"href":"https:\/\/lericimusicfestival.org\/en\/wp-json\/wp\/v2\/users\/4"}],"replies":[{"embeddable":true,"href":"https:\/\/lericimusicfestival.org\/en\/wp-json\/wp\/v2\/comments?post=7579"}],"version-history":[{"count":38,"href":"https:\/\/lericimusicfestival.org\/en\/wp-json\/wp\/v2\/pages\/7579\/revisions"}],"predecessor-version":[{"id":8685,"href":"https:\/\/lericimusicfestival.org\/en\/wp-json\/wp\/v2\/pages\/7579\/revisions\/8685"}],"wp:attachment":[{"href":"https:\/\/lericimusicfestival.org\/en\/wp-json\/wp\/v2\/media?parent=7579"}],"curies":[{"name":"wp","href":"https:\/\/api.w.org\/{rel}","templated":true}]}}