{"id":7591,"date":"2024-06-29T18:52:38","date_gmt":"2024-06-29T18:52:38","guid":{"rendered":"https:\/\/lericimusicfestival.org\/00-07-august-on-jewish-themes\/"},"modified":"2024-07-24T11:07:26","modified_gmt":"2024-07-24T11:07:26","slug":"00-07-august-on-jewish-themes","status":"publish","type":"page","link":"https:\/\/lericimusicfestival.org\/en\/00-07-august-on-jewish-themes\/","title":{"rendered":"00 07 AUGUST ON JEWISH THEMES"},"content":{"rendered":"\t\t<div data-elementor-type=\"wp-page\" data-elementor-id=\"7591\" class=\"elementor elementor-7591 elementor-6623\" data-elementor-post-type=\"page\">\n\t\t\t\t\t\t<section class=\"elementor-section elementor-top-section elementor-element elementor-element-498c19b elementor-section-height-min-height elementor-section-boxed elementor-section-height-default elementor-section-items-middle\" data-id=\"498c19b\" data-element_type=\"section\" data-settings=\"{&quot;background_background&quot;:&quot;classic&quot;}\">\n\t\t\t\t\t\t\t<div class=\"elementor-background-overlay\"><\/div>\n\t\t\t\t\t\t\t<div class=\"elementor-container elementor-column-gap-default\">\n\t\t\t\t\t<div class=\"elementor-column elementor-col-33 elementor-top-column elementor-element elementor-element-1b28ac89\" data-id=\"1b28ac89\" data-element_type=\"column\">\n\t\t\t<div class=\"elementor-widget-wrap\">\n\t\t\t\t\t\t\t<\/div>\n\t\t<\/div>\n\t\t\t\t<div class=\"elementor-column elementor-col-33 elementor-top-column elementor-element elementor-element-f76b906\" data-id=\"f76b906\" data-element_type=\"column\">\n\t\t\t<div class=\"elementor-widget-wrap elementor-element-populated\">\n\t\t\t\t\t\t<div class=\"elementor-element elementor-element-f739da8 elementor-widget elementor-widget-spacer\" data-id=\"f739da8\" data-element_type=\"widget\" data-widget_type=\"spacer.default\">\n\t\t\t\t<div class=\"elementor-widget-container\">\n\t\t\t\t\t\t\t<div class=\"elementor-spacer\">\n\t\t\t<div class=\"elementor-spacer-inner\"><\/div>\n\t\t<\/div>\n\t\t\t\t\t\t<\/div>\n\t\t\t\t<\/div>\n\t\t\t\t<div class=\"elementor-element elementor-element-5e3c925 elementor-widget elementor-widget-heading\" data-id=\"5e3c925\" data-element_type=\"widget\" data-widget_type=\"heading.default\">\n\t\t\t\t<div class=\"elementor-widget-container\">\n\t\t\t\t\t<h1 class=\"elementor-heading-title elementor-size-default\">07\/08<br>On Jewish Themes<\/h1>\t\t\t\t<\/div>\n\t\t\t\t<\/div>\n\t\t\t\t\t<\/div>\n\t\t<\/div>\n\t\t\t\t<div class=\"elementor-column elementor-col-33 elementor-top-column elementor-element elementor-element-dbb539f\" data-id=\"dbb539f\" data-element_type=\"column\">\n\t\t\t<div class=\"elementor-widget-wrap\">\n\t\t\t\t\t\t\t<\/div>\n\t\t<\/div>\n\t\t\t\t\t<\/div>\n\t\t<\/section>\n\t\t\t\t<section class=\"elementor-section elementor-top-section elementor-element elementor-element-3c23474 elementor-section-boxed elementor-section-height-default elementor-section-height-default\" data-id=\"3c23474\" data-element_type=\"section\" data-settings=\"{&quot;background_background&quot;:&quot;classic&quot;}\">\n\t\t\t\t\t\t<div class=\"elementor-container elementor-column-gap-default\">\n\t\t\t\t\t<div class=\"elementor-column elementor-col-66 elementor-top-column elementor-element elementor-element-b76d54f\" data-id=\"b76d54f\" data-element_type=\"column\">\n\t\t\t<div class=\"elementor-widget-wrap elementor-element-populated\">\n\t\t\t\t\t\t<section class=\"elementor-section elementor-inner-section elementor-element elementor-element-b7dbf50 elementor-section-boxed elementor-section-height-default elementor-section-height-default\" data-id=\"b7dbf50\" data-element_type=\"section\">\n\t\t\t\t\t\t<div class=\"elementor-container elementor-column-gap-default\">\n\t\t\t\t\t<div class=\"elementor-column elementor-col-50 elementor-inner-column elementor-element elementor-element-09e0f5d\" data-id=\"09e0f5d\" data-element_type=\"column\">\n\t\t\t<div class=\"elementor-widget-wrap\">\n\t\t\t\t\t\t\t<\/div>\n\t\t<\/div>\n\t\t\t\t<div class=\"elementor-column elementor-col-50 elementor-inner-column elementor-element elementor-element-bd8bc80\" data-id=\"bd8bc80\" data-element_type=\"column\">\n\t\t\t<div class=\"elementor-widget-wrap elementor-element-populated\">\n\t\t\t\t\t\t<div class=\"elementor-element elementor-element-18216d16 elementor-widget-divider--view-line_text elementor-widget-divider--element-align-left elementor-widget elementor-widget-divider\" data-id=\"18216d16\" data-element_type=\"widget\" data-widget_type=\"divider.default\">\n\t\t\t\t<div class=\"elementor-widget-container\">\n\t\t\t\t\t\t\t<div class=\"elementor-divider\">\n\t\t\t<span class=\"elementor-divider-separator\">\n\t\t\t\t\t\t\t<h6 class=\"elementor-divider__text elementor-divider__element\">\n\t\t\t\t<b>THE CONCERT<\/b>\t\t\t\t<\/h6>\n\t\t\t\t\t\t<\/span>\n\t\t<\/div>\n\t\t\t\t\t\t<\/div>\n\t\t\t\t<\/div>\n\t\t\t\t<div class=\"elementor-element elementor-element-649a33d elementor-widget elementor-widget-heading\" data-id=\"649a33d\" data-element_type=\"widget\" data-widget_type=\"heading.default\">\n\t\t\t\t<div class=\"elementor-widget-container\">\n\t\t\t\t\t<h1 class=\"elementor-heading-title elementor-size-default\">On Jewish Themes<\/h1>\t\t\t\t<\/div>\n\t\t\t\t<\/div>\n\t\t\t\t<div class=\"elementor-element elementor-element-7f41278 elementor-widget elementor-widget-heading\" data-id=\"7f41278\" data-element_type=\"widget\" data-widget_type=\"heading.default\">\n\t\t\t\t<div class=\"elementor-widget-container\">\n\t\t\t\t\t<h1 class=\"elementor-heading-title elementor-size-default\">August 07, 9:15 p.m.<br>Villa Marigola, Lerici  <\/h1>\t\t\t\t<\/div>\n\t\t\t\t<\/div>\n\t\t\t\t<div class=\"elementor-element elementor-element-1840077 elementor-widget-divider--view-line_text elementor-widget-divider--element-align-left elementor-widget elementor-widget-divider\" data-id=\"1840077\" data-element_type=\"widget\" data-widget_type=\"divider.default\">\n\t\t\t\t<div class=\"elementor-widget-container\">\n\t\t\t\t\t\t\t<div class=\"elementor-divider\">\n\t\t\t<span class=\"elementor-divider-separator\">\n\t\t\t\t\t\t\t<h6 class=\"elementor-divider__text elementor-divider__element\">\n\t\t\t\t<b>THE PROGRAM<\/b>\t\t\t\t<\/h6>\n\t\t\t\t\t\t<\/span>\n\t\t<\/div>\n\t\t\t\t\t\t<\/div>\n\t\t\t\t<\/div>\n\t\t\t\t<div class=\"elementor-element elementor-element-effb5e3 elementor-widget elementor-widget-text-editor\" data-id=\"effb5e3\" data-element_type=\"widget\" data-widget_type=\"text-editor.default\">\n\t\t\t\t<div class=\"elementor-widget-container\">\n\t\t\t\t\t\t\t\t\t<p><strong>Sergei Prokofiev<\/strong> (1891 &#8211; 1953)  <br \/>Overture on Hebrew Themes, op. 34  <br \/><strong>Max Bruch<\/strong> (1838 &#8211; 1920)  <br \/>Selection from 8 pieces for clarinet, viola and piano, op. 83  <br \/><strong>Dmitry Shostakovich <\/strong> (1906 &#8211; 1975) <br \/>Sonata in D minor for cello and piano, op. 40  <\/p>\n<p><strong>Elly Suh,<\/strong> violin<br \/><strong>Alberto Bologni,<\/strong> viola<br \/><strong>Miriam Prandi,<\/strong> cello,  <br \/><strong>Alexander Bedenko, <\/strong> clarinet <br \/><strong>Vitaly Pisarenko,<\/strong> piano <\/p>\n\t\t\t\t\t\t\t\t<\/div>\n\t\t\t\t<\/div>\n\t\t\t\t<div class=\"elementor-element elementor-element-f1dfa3f elementor-widget-divider--view-line_text elementor-widget-divider--element-align-left elementor-widget elementor-widget-divider\" data-id=\"f1dfa3f\" data-element_type=\"widget\" data-widget_type=\"divider.default\">\n\t\t\t\t<div class=\"elementor-widget-container\">\n\t\t\t\t\t\t\t<div class=\"elementor-divider\">\n\t\t\t<span class=\"elementor-divider-separator\">\n\t\t\t\t\t\t\t<h6 class=\"elementor-divider__text elementor-divider__element\">\n\t\t\t\t<b>THE INTERPRETERS<\/b>\t\t\t\t<\/h6>\n\t\t\t\t\t\t<\/span>\n\t\t<\/div>\n\t\t\t\t\t\t<\/div>\n\t\t\t\t<\/div>\n\t\t\t\t<div class=\"elementor-element elementor-element-b7875ad elementor-widget elementor-widget-text-editor\" data-id=\"b7875ad\" data-element_type=\"widget\" data-widget_type=\"text-editor.default\">\n\t\t\t\t<div class=\"elementor-widget-container\">\n\t\t\t\t\t\t\t\t\t<div><span style=\"font-weight: bolder;\">Alexander Bedenko,<\/span> clarinet<\/div>\n<div>Gramophone Magazine &#8211; &#8220;Timbrally, the performances are ravishing. Bedenko&#8217;s tone is the most luxurious velvet.&#8221;  <span style=\"color: var( --e-global-color-5db837d ); font-family: var( --e-global-typography-text-font-family ), Sans-serif; font-size: var( --e-global-typography-text-font-size ); font-weight: var( --e-global-typography-text-font-weight ); letter-spacing: var( --e-global-typography-text-letter-spacing ); background-color: var( --e-global-color-be41591 );\">The multi award-winning, Ukrainian-born American clarinetist Alexander Bedenko has appeared in recitals at Carnegie&#8217;s Weill Hall, Metropolitan Museum of Art, Steinway Hall, Kennedy Center in Washington, D.C and UNESCO in Paris. Graduated from the prestigious The Curtis Institute of Music, Alexander Bedenko collaborated with artists such as Vladimir Spivakov, Christoph Eschenbach, Nikolai Lugansky, Kirill Gernstein, Daniel Hope, Nabuko Imai, Dmitry Sitkovetsky, Gautier Capucon and with the Borodin, Jerusalem, Alma, Ariel, Endellion, Zemlinsky and Orion string quartets.  <\/span><span style=\"color: var( --e-global-color-5db837d ); font-family: var( --e-global-typography-text-font-family ), Sans-serif; font-size: var( --e-global-typography-text-font-size ); font-weight: var( --e-global-typography-text-font-weight ); letter-spacing: var( --e-global-typography-text-letter-spacing ); background-color: var( --e-global-color-be41591 );\">Solo appearances include the Romanian National Radio orchestra, Uzbekistan and Ukraine National Symphony orchestras, the Filarmonica Arturo Toscanini, the Moscow Virtuosi chamber orchestra and chamber music recitals at the Colmar, Verbier, Spoleto, Lerici, Malta, Miami, Mozaic and Schubertiade festivals.  <\/span><span style=\"color: var( --e-global-color-5db837d ); font-family: var( --e-global-typography-text-font-family ), Sans-serif; font-size: var( --e-global-typography-text-font-size ); font-weight: var( --e-global-typography-text-font-weight ); letter-spacing: var( --e-global-typography-text-letter-spacing ); background-color: var( --e-global-color-be41591 );\">In 2019, Alexander Bedenko released his acclaimed debut album on Orchid classics with Kyril Zlotnikov and Itamar Golan as well as &#8220;Finding Home&#8221; album on Sony classics in March 2022.  <\/span><span style=\"color: var( --e-global-color-5db837d ); font-family: var( --e-global-typography-text-font-family ), Sans-serif; font-size: var( --e-global-typography-text-font-size ); font-weight: var( --e-global-typography-text-font-weight ); letter-spacing: var( --e-global-typography-text-letter-spacing ); background-color: var( --e-global-color-be41591 );\">In 2021, Muzyka Edition has published worldwide Alexander Bedenko&#8217;s transcriptions of Tchaikovsky album of pieces for clarinet and piano.  <\/span><span style=\"color: var( --e-global-color-5db837d ); font-family: var( --e-global-typography-text-font-family ), Sans-serif; font-size: var( --e-global-typography-text-font-size ); font-weight: var( --e-global-typography-text-font-weight ); letter-spacing: var( --e-global-typography-text-letter-spacing ); background-color: var( --e-global-color-be41591 );\">A former Verbier Festival Chamber Orchestra principal clarinetist, Alexander Bedenko was invited by Riccardo Muti as guest principal clarinetist for the Chicago Symphony Orchestra European tour and has performed as guest principal with the London Symphony Orchestra, Philharmonia Orchestra (London), The Philadelphia Orchestra and the Cleveland Orchestra under Franz Welser-M\u00f6st.  <\/span><span style=\"color: var( --e-global-color-5db837d ); font-family: var( --e-global-typography-text-font-family ), Sans-serif; font-size: var( --e-global-typography-text-font-size ); font-weight: var( --e-global-typography-text-font-weight ); letter-spacing: var( --e-global-typography-text-letter-spacing ); background-color: var( --e-global-color-be41591 );\">Alexander Bedenko is a Selmer Paris and D&#8217;Addario woodwinds Artist.<\/span><br><span style=\"color: var( --e-global-color-5db837d ); font-family: var( --e-global-typography-text-font-family ), Sans-serif; font-size: var( --e-global-typography-text-font-size ); font-weight: var( --e-global-typography-text-font-weight ); letter-spacing: var( --e-global-typography-text-letter-spacing ); background-color: var( --e-global-color-be41591 );\"><br><\/span><\/div>\n<div> <\/div>\n<div><strong>Elly Su<\/strong> h, violin &#8220;Sensitive and engaging performer,&#8221; according to the U.S. classical music magazine Musical America, violinist Elly Suh has received numerous awards in relevant international competitions including Naumburg, Moscow David Oistrakh, Paganini Prize, Indianapolis and Leipzig Bach Competition. Recent and forthcoming highlights include performances with the Orchestra della Toscana, Orchestra della Magna Grecia, Berliner Symphoniker, Korean Chamber Orchestra, Leipzig Pauliner Ensemble, NY Classical Players, and the Lviv Philharmonic. She has appeared on such stages as Carnegie Hall, Lincoln Center, Seoul Arts Center, Lotte Concert Hall, and performed at the Salzburger Festspiele, Al Bustan Festival, and Lerici Festival. Elly Suh studied at The Juilliard School in New York and the Mozarteum University of Salzburg under the guidance of Pierre Amoyal, Robert Mann, Joel Smirnoff, and Sally Thomas. She plays on a Guarneri del Ges\u00f9 violin, through the kind assistance of Florian Leonhard Fine Violins.<br><br><\/div>\n<div> <\/div>\n<div>\n<div><b>Alberto Bologni<\/b>, viola, who graduated from the Cherubini Conservatory in Florence with highest honors and later obtained a soloist&#8217;s diploma from the Rotterdam Conservatory, owes his training to the contributions of some of Europe&#8217;s most celebrated violin traditions: Sandro Materassi served as a liaison with the Veneto school of Giulio Pasquali and the German-Hungarian school of Jeno Hubay, while Stephan Gheorghiu and Ilya Grubert passed on to him the teachings of the Russian-Soviet school of Oistrack and Kogan.<\/div>\n<div>One of the most versatile violinists of his generation, Alberto Bologni in fact tackles a solo and chamber repertoire that places rarities and rediscoveries alongside the best-known masterpieces as well as a large number of compositions by contemporary composers, often dedicated to him or commissioned by him, performing regularly in major Italian and European centers. He holds the chair of violin at the Luigi Boccherini Conservatory of Lucca. He plays a Santo Serafino ex Cesare Ferraresi from 1734.<\/div>\n<div><a href=\"https:\/\/artists.spotify.com\/c\/artist\/2UFWh0IIz4H6CXjpJsQz1e\/profile\/overview\" target=\"_blank\" rel=\"noopener\">https:\/\/artists.spotify.com\/c\/artist\/2UFWh0IIz4H6CXjpJsQz1e\/profile\/overview<\/a><br><br><\/div>\n<\/div>\n<div> <\/div>\n<div><strong>Miriam Prandi,<\/strong> cello<br>Miriam Prandi, although belonging to the generation of young performers, thanks to a musical talent of rare communicativeness and uncommon versatility, stands out with her interpretations as an exceptional personality capable of tackling the solo, chamber repertoire not only as a cellist but also as a pianist. Ms. Prandi is the winner of the 2014 Rahn Musikpreis in Z\u00fcrich, personally awarded by Chairman Sol Gabetta. Following her performance of the Dvo\u0159\u00e1k Cello Concerto at Zurich Tonhalle, she was praised by the Schweizer Musikzeitung for her \u201csincerity of expression which is surprising for her young age\u201d and that \u201cone gets the impression that the cellist lives only within her playing.\u201d More recent highlights include celebrated debuts at the Milan&#8217;s Teatro alla Scala with Accademia della Scala Orchestra conducted by Vladimir Fedoseyev for the MITO Festival, At the Firenze Opera for Festival del Maggio Musicale Fiorentino, l\u2019Auditorium Rai for Unione Musicale di Torino, Gstaad Menuhin Festival, Tonhalle Zurich e in veste di solista ha collaborato con direttori come Neeme J\u00e4rvi, Andris Poga, Vladimir Fedoseyev, Michele Mariotti, Gianluca Marcian\u00f2. A student of Natalia Gutman in Fiesole and Vienna, she completed as a scholarship holder of the Ambrosoli Foundation and the Lyra Foundation her Master&#8217;s degree studies in Soloism with Honors at the Bern Hochschule in the Class of Antonio Meneses and later perfected her studies under Ivan Monighetti. In addition to her activities as a solo cellist and pianist, Ms. Prandi is an avid chamber musician performing throughout Europe in such prestigious venues as Berlin Philharmonie, Konzerthaus Berlin, Rheingau Music Festival, Konzerthaus Vienna, among others. 2016-2018 she has been member of the delian::quartett and has recorded the entire Bach \u2018Art of Fugue\u2019 at the Deutschlandfunk K\u00f6ln for the label Oehms Classics. Miriam Prandi performs on a cello by Giovanni Grancino (Milan, 1712), a generous loan from Fondazione Pro Canale Onlus.<\/div><div><br><\/div>\n<div> <\/div>\n<div><strong>Vitaly Pisarenko, <\/strong>piano<br>First Prize winner of the 8th International Franz Liszt Piano Competition in Utrecht Third Prize winner of the Leeds International Piano Competition, 2015 &#8220;&#8230;Immensely gifted pianist&#8230;with prodigious technique, myriad shadings and scrupulous accuracy&#8230;&#8221; New York Times After winning the First Prize at the 8th F. Liszt International Piano Competition in Utrecht and the Third Prize at the Leeds International Piano Competition London-based Ukrainian-Russian pianist Vitaly Pisarenko has been steadily gaining worldwide recognition. Vitaly&#8217;s packed tour schedule commenced straight away the morning after the Finals with an appearance at the Concertgebouw Amsterdam. Vitaly regularly performs across the globe as a recitalist and a chamber musician. Past concerts include appearances at the Wigmore Hall, Musikverein in Vienna, Bozar in Brussels, National Centre for Performing Arts in Beijing, Shanghai Concert Hall, Mozarteum in Salzburg, de Singel in Antwerp, Toyota Concert Hall in Japan, Hong Kong City Hall, Salle Cortot in Paris and Palace of Arts in Budapest. As a soloist Vitaly collaborated with the Netherlands Radio Philharmonic Orchestra, National Philharmonic Orchestra in Warsaw, Moscow Philharmonic Orchestra, Johannesburg Philharmonic Orchestra, London Mozart Players, Noord Nederlands Orchestra, Brno Philharmonic Orchestra on tour in Japan, KBS Symphony Orchestra, Het Gelders Orchestra, the YMSO and others performing at the Concertgebouw Amsterdam, Queen Elizabeth Hall and Cadogan Hall in London, Big Hall of the Moscow Conservatoire, Tokyo Opera City, Seoul Arts Center, Teatro Colon in Buenos Aires, Sala San Paulo in Brazil and De Doelen in Rotterdam among others. The Association of Music Critics of Argentina recently presented Vitaly with the &#8216;2018 Revelation Award&#8217;. Recently Vitaly has been performing intensively in the UK, including performances at the Queen Elizabeth Hall, Cadogan Hall, St Martin in the Fields, Champs Hill, Chopin Society UK, BMS York and others. Vitaly started his musical education in his native Kiev, Ukraine with Natalia Romenskaya and in Kharkiv with Garri Gelfgat. Later on, he commenced his studies in Moscow with Professor Yuri Slesarev at the Central Music School and State Tchaikovsky Conservatory. From 2005 to 2008 Vitaly studied with Aquiles delle Vigne at the Codarts, Rotterdam and from 2009 to 2012 he was a student of Oxana Yablonskaya in Italy. Since September 2012 Vitaly has been a student at the Royal College of Music in London, where he studies with Professor Dmitri Alexeev. Vitaly completed his Master&#8217;s degree with distinction in 2014 and Artist Diploma degree in 2015 and is currently a Doctoral course student as an Emma Rose Memorial Scholar and a Bob and Sarah Wigley and Helmut Schuster Scholar. Starting from 2012 Vitaly has also been studying with Professor Boris Petrushansky at the &#8216;Incontri col Maestro&#8217; Academy in Imola, Italy. Since January 2020 Vitaly is a principal study teacher at the Purcell School for young musicians. In September 2021 he has been appointed an Assistant Professor of piano at the Royal College of Music, London.<\/div>\t\t\t\t\t\t\t\t<\/div>\n\t\t\t\t<\/div>\n\t\t\t\t<div class=\"elementor-element elementor-element-e482725 elementor-align-left elementor-widget elementor-widget-button\" data-id=\"e482725\" data-element_type=\"widget\" data-widget_type=\"button.default\">\n\t\t\t\t<div class=\"elementor-widget-container\">\n\t\t\t\t\t\t\t\t\t<div class=\"elementor-button-wrapper\">\n\t\t\t\t\t<a class=\"elementor-button elementor-button-link elementor-size-sm\" href=\"#\">\n\t\t\t\t\t\t<span class=\"elementor-button-content-wrapper\">\n\t\t\t\t\t\t\t\t\t<span class=\"elementor-button-text\">DOWNLOAD THE PROGRAM NOTES<\/span>\n\t\t\t\t\t<\/span>\n\t\t\t\t\t<\/a>\n\t\t\t\t<\/div>\n\t\t\t\t\t\t\t\t<\/div>\n\t\t\t\t<\/div>\n\t\t\t\t\t<\/div>\n\t\t<\/div>\n\t\t\t\t\t<\/div>\n\t\t<\/section>\n\t\t\t\t\t<\/div>\n\t\t<\/div>\n\t\t\t\t<div class=\"elementor-column elementor-col-33 elementor-top-column elementor-element elementor-element-99035bc\" data-id=\"99035bc\" data-element_type=\"column\">\n\t\t\t<div class=\"elementor-widget-wrap elementor-element-populated\">\n\t\t\t\t\t\t<section class=\"elementor-section elementor-inner-section elementor-element elementor-element-66fc11f elementor-section-boxed elementor-section-height-default elementor-section-height-default\" data-id=\"66fc11f\" data-element_type=\"section\" data-settings=\"{&quot;background_background&quot;:&quot;classic&quot;}\">\n\t\t\t\t\t\t<div class=\"elementor-container elementor-column-gap-extended\">\n\t\t\t\t\t<div class=\"elementor-column elementor-col-100 elementor-inner-column elementor-element elementor-element-c910ca4\" data-id=\"c910ca4\" data-element_type=\"column\">\n\t\t\t<div class=\"elementor-widget-wrap elementor-element-populated\">\n\t\t\t\t\t\t<div class=\"elementor-element elementor-element-5fa3d50 elementor-widget-divider--view-line_text elementor-widget-divider--element-align-left elementor-widget elementor-widget-divider\" data-id=\"5fa3d50\" data-element_type=\"widget\" data-widget_type=\"divider.default\">\n\t\t\t\t<div class=\"elementor-widget-container\">\n\t\t\t\t\t\t\t<div class=\"elementor-divider\">\n\t\t\t<span class=\"elementor-divider-separator\">\n\t\t\t\t\t\t\t<h6 class=\"elementor-divider__text elementor-divider__element\">\n\t\t\t\tINFO\t\t\t\t<\/h6>\n\t\t\t\t\t\t<\/span>\n\t\t<\/div>\n\t\t\t\t\t\t<\/div>\n\t\t\t\t<\/div>\n\t\t\t\t<div class=\"elementor-element elementor-element-b7f8d81 e-grid-align-left elementor-shape-rounded elementor-grid-0 elementor-widget elementor-widget-global elementor-global-4128 elementor-widget-social-icons\" data-id=\"b7f8d81\" data-element_type=\"widget\" data-widget_type=\"social-icons.default\">\n\t\t\t\t<div class=\"elementor-widget-container\">\n\t\t\t\t\t\t\t<div class=\"elementor-social-icons-wrapper elementor-grid\" role=\"list\">\n\t\t\t\t\t\t\t<span class=\"elementor-grid-item\" role=\"listitem\">\n\t\t\t\t\t<a class=\"elementor-icon elementor-social-icon elementor-social-icon-facebook elementor-repeater-item-4d4f44d\" href=\"https:\/\/www.facebook.com\/lericimusicfestival\" target=\"_blank\">\n\t\t\t\t\t\t<span class=\"elementor-screen-only\">Facebook<\/span>\n\t\t\t\t\t\t<i class=\"fab fa-facebook\"><\/i>\t\t\t\t\t<\/a>\n\t\t\t\t<\/span>\n\t\t\t\t\t\t\t<span class=\"elementor-grid-item\" role=\"listitem\">\n\t\t\t\t\t<a class=\"elementor-icon elementor-social-icon elementor-social-icon-instagram elementor-repeater-item-54037cb\" href=\"https:\/\/www.instagram.com\/lericimusicfestival\/\" target=\"_blank\">\n\t\t\t\t\t\t<span class=\"elementor-screen-only\">Instagram<\/span>\n\t\t\t\t\t\t<i class=\"fab fa-instagram\"><\/i>\t\t\t\t\t<\/a>\n\t\t\t\t<\/span>\n\t\t\t\t\t\t\t<span class=\"elementor-grid-item\" role=\"listitem\">\n\t\t\t\t\t<a class=\"elementor-icon elementor-social-icon elementor-social-icon-youtube elementor-repeater-item-a5d2fe4\" href=\"https:\/\/www.youtube.com\/@lericimusicfestival327\/videos\" target=\"_blank\">\n\t\t\t\t\t\t<span class=\"elementor-screen-only\">Youtube<\/span>\n\t\t\t\t\t\t<i class=\"fab fa-youtube\"><\/i>\t\t\t\t\t<\/a>\n\t\t\t\t<\/span>\n\t\t\t\t\t<\/div>\n\t\t\t\t\t\t<\/div>\n\t\t\t\t<\/div>\n\t\t\t\t<div class=\"elementor-element elementor-element-d91a06a elementor-widget elementor-widget-text-editor\" data-id=\"d91a06a\" data-element_type=\"widget\" data-widget_type=\"text-editor.default\">\n\t\t\t\t<div class=\"elementor-widget-container\">\n\t\t\t\t\t\t\t\t\t<p><b>CONCERT START<br \/><\/b>The concert is scheduled to begin at <b>9:15<\/b> pm. The kind audience is advised to arrive early to proceed to take their seats.<\/p>\n\t\t\t\t\t\t\t\t<\/div>\n\t\t\t\t<\/div>\n\t\t\t\t<div class=\"elementor-element elementor-element-275f5f8 elementor-widget elementor-widget-text-editor\" data-id=\"275f5f8\" data-element_type=\"widget\" data-widget_type=\"text-editor.default\">\n\t\t\t\t<div class=\"elementor-widget-container\">\n\t\t\t\t\t\t\t\t\t<p><b>HOW TO GET THERE<br \/><\/b><\/p>\n\t\t\t\t\t\t\t\t<\/div>\n\t\t\t\t<\/div>\n\t\t\t\t<div class=\"elementor-element elementor-element-b9b4edf elementor-align-left elementor-icon-list--layout-traditional elementor-list-item-link-full_width elementor-widget elementor-widget-icon-list\" data-id=\"b9b4edf\" data-element_type=\"widget\" data-widget_type=\"icon-list.default\">\n\t\t\t\t<div class=\"elementor-widget-container\">\n\t\t\t\t\t\t\t<ul class=\"elementor-icon-list-items\">\n\t\t\t\t\t\t\t<li class=\"elementor-icon-list-item\">\n\t\t\t\t\t\t\t\t\t\t\t<span class=\"elementor-icon-list-icon\">\n\t\t\t\t\t\t\t<i aria-hidden=\"true\" class=\"fas fa-chair\"><\/i>\t\t\t\t\t\t<\/span>\n\t\t\t\t\t\t\t\t\t\t<span class=\"elementor-icon-list-text\">130 SEATS<\/span>\n\t\t\t\t\t\t\t\t\t<\/li>\n\t\t\t\t\t\t\t\t<li class=\"elementor-icon-list-item\">\n\t\t\t\t\t\t\t\t\t\t\t<a href=\"#\" target=\"_blank\">\n\n\t\t\t\t\t\t\t\t\t\t\t\t<span class=\"elementor-icon-list-icon\">\n\t\t\t\t\t\t\t<i aria-hidden=\"true\" class=\"fas fa-theater-masks\"><\/i>\t\t\t\t\t\t<\/span>\n\t\t\t\t\t\t\t\t\t\t<span class=\"elementor-icon-list-text\">SEAT MAP<\/span>\n\t\t\t\t\t\t\t\t\t\t\t<\/a>\n\t\t\t\t\t\t\t\t\t<\/li>\n\t\t\t\t\t\t\t\t<li class=\"elementor-icon-list-item\">\n\t\t\t\t\t\t\t\t\t\t\t<a href=\"https:\/\/lericimusicfestival.org\/en\/box-office\/\" target=\"_blank\">\n\n\t\t\t\t\t\t\t\t\t\t\t\t<span class=\"elementor-icon-list-icon\">\n\t\t\t\t\t\t\t<i aria-hidden=\"true\" class=\"fas fa-info-circle\"><\/i>\t\t\t\t\t\t<\/span>\n\t\t\t\t\t\t\t\t\t\t<span class=\"elementor-icon-list-text\">INFO AND BOX OFFICE<\/span>\n\t\t\t\t\t\t\t\t\t\t\t<\/a>\n\t\t\t\t\t\t\t\t\t<\/li>\n\t\t\t\t\t\t\t\t<li class=\"elementor-icon-list-item\">\n\t\t\t\t\t\t\t\t\t\t\t<span class=\"elementor-icon-list-icon\">\n\t\t\t\t\t\t\t<i aria-hidden=\"true\" class=\"fas fa-phone-alt\"><\/i>\t\t\t\t\t\t<\/span>\n\t\t\t\t\t\t\t\t\t\t<span class=\"elementor-icon-list-text\">  +39 379 1379677<\/span>\n\t\t\t\t\t\t\t\t\t<\/li>\n\t\t\t\t\t\t<\/ul>\n\t\t\t\t\t\t<\/div>\n\t\t\t\t<\/div>\n\t\t\t\t<div class=\"elementor-element elementor-element-5815200 elementor-widget elementor-widget-spacer\" data-id=\"5815200\" data-element_type=\"widget\" data-widget_type=\"spacer.default\">\n\t\t\t\t<div class=\"elementor-widget-container\">\n\t\t\t\t\t\t\t<div class=\"elementor-spacer\">\n\t\t\t<div class=\"elementor-spacer-inner\"><\/div>\n\t\t<\/div>\n\t\t\t\t\t\t<\/div>\n\t\t\t\t<\/div>\n\t\t\t\t<div class=\"elementor-element elementor-element-3449f74 elementor-align-left elementor-icon-list--layout-traditional elementor-list-item-link-full_width elementor-widget elementor-widget-icon-list\" data-id=\"3449f74\" data-element_type=\"widget\" data-widget_type=\"icon-list.default\">\n\t\t\t\t<div class=\"elementor-widget-container\">\n\t\t\t\t\t\t\t<ul class=\"elementor-icon-list-items\">\n\t\t\t\t\t\t\t<li class=\"elementor-icon-list-item\">\n\t\t\t\t\t\t\t\t\t\t\t<span class=\"elementor-icon-list-icon\">\n\t\t\t\t\t\t\t<i aria-hidden=\"true\" class=\"fas fa-euro-sign\"><\/i>\t\t\t\t\t\t<\/span>\n\t\t\t\t\t\t\t\t\t\t<span class=\"elementor-icon-list-text\">TICKET PRICES<\/span>\n\t\t\t\t\t\t\t\t\t<\/li>\n\t\t\t\t\t\t\t\t<li class=\"elementor-icon-list-item\">\n\t\t\t\t\t\t\t\t\t\t\t<span class=\"elementor-icon-list-icon\">\n\t\t\t\t\t\t\t<svg xmlns=\"http:\/\/www.w3.org\/2000\/svg\" xmlns:xlink=\"http:\/\/www.w3.org\/1999\/xlink\" width=\"100\" viewBox=\"0 0 75 74.999997\" height=\"100\" preserveAspectRatio=\"xMidYMid meet\"><rect x=\"-7.5\" width=\"90\" fill=\"#ffffff\" y=\"-7.5\" height=\"89.999996\" fill-opacity=\"1\"><\/rect><rect x=\"-7.5\" width=\"90\" fill=\"#ffffff\" y=\"-7.5\" height=\"89.999996\" fill-opacity=\"1\"><\/rect><rect x=\"-7.5\" width=\"90\" fill=\"#ffffff\" y=\"-7.5\" height=\"89.999996\" fill-opacity=\"1\"><\/rect><rect x=\"-7.5\" width=\"90\" fill=\"#aa81dc\" y=\"-7.5\" height=\"89.999996\" fill-opacity=\"1\"><\/rect><\/svg>\t\t\t\t\t\t<\/span>\n\t\t\t\t\t\t\t\t\t\t<span class=\"elementor-icon-list-text\">SECTION A - EUR 35.00<\/span>\n\t\t\t\t\t\t\t\t\t<\/li>\n\t\t\t\t\t\t\t\t<li class=\"elementor-icon-list-item\">\n\t\t\t\t\t\t\t\t\t\t\t<span class=\"elementor-icon-list-icon\">\n\t\t\t\t\t\t\t<svg xmlns=\"http:\/\/www.w3.org\/2000\/svg\" xmlns:xlink=\"http:\/\/www.w3.org\/1999\/xlink\" width=\"100\" viewBox=\"0 0 75 74.999997\" height=\"100\" preserveAspectRatio=\"xMidYMid meet\"><rect x=\"-7.5\" width=\"90\" fill=\"#ffffff\" y=\"-7.5\" height=\"89.999996\" fill-opacity=\"1\"><\/rect><rect x=\"-7.5\" width=\"90\" fill=\"#ffffff\" y=\"-7.5\" height=\"89.999996\" fill-opacity=\"1\"><\/rect><rect x=\"-7.5\" width=\"90\" fill=\"#f5982d\" y=\"-7.5\" height=\"89.999996\" fill-opacity=\"1\"><\/rect><\/svg>\t\t\t\t\t\t<\/span>\n\t\t\t\t\t\t\t\t\t\t<span class=\"elementor-icon-list-text\">FASCIA B - EUR 20.00<\/span>\n\t\t\t\t\t\t\t\t\t<\/li>\n\t\t\t\t\t\t\t\t<li class=\"elementor-icon-list-item\">\n\t\t\t\t\t\t\t\t\t\t\t<span class=\"elementor-icon-list-icon\">\n\t\t\t\t\t\t\t<svg xmlns=\"http:\/\/www.w3.org\/2000\/svg\" xmlns:xlink=\"http:\/\/www.w3.org\/1999\/xlink\" width=\"100\" viewBox=\"0 0 75 74.999997\" height=\"100\" preserveAspectRatio=\"xMidYMid meet\"><rect x=\"-7.5\" width=\"90\" fill=\"#ffffff\" y=\"-7.5\" height=\"89.999996\" fill-opacity=\"1\"><\/rect><rect x=\"-7.5\" width=\"90\" fill=\"#34cc99\" y=\"-7.5\" height=\"89.999996\" fill-opacity=\"1\"><\/rect><rect x=\"-7.5\" width=\"90\" fill=\"#34cc99\" y=\"-7.5\" height=\"89.999996\" fill-opacity=\"1\"><\/rect><\/svg>\t\t\t\t\t\t<\/span>\n\t\t\t\t\t\t\t\t\t\t<span class=\"elementor-icon-list-text\">SECTION C - EUR 20.00<\/span>\n\t\t\t\t\t\t\t\t\t<\/li>\n\t\t\t\t\t\t<\/ul>\n\t\t\t\t\t\t<\/div>\n\t\t\t\t<\/div>\n\t\t\t\t<div class=\"elementor-element elementor-element-b791340 elementor-widget elementor-widget-spacer\" data-id=\"b791340\" data-element_type=\"widget\" data-widget_type=\"spacer.default\">\n\t\t\t\t<div class=\"elementor-widget-container\">\n\t\t\t\t\t\t\t<div class=\"elementor-spacer\">\n\t\t\t<div class=\"elementor-spacer-inner\"><\/div>\n\t\t<\/div>\n\t\t\t\t\t\t<\/div>\n\t\t\t\t<\/div>\n\t\t\t\t<div class=\"elementor-element elementor-element-f970316 elementor-align-center elementor-widget elementor-widget-button\" data-id=\"f970316\" data-element_type=\"widget\" data-widget_type=\"button.default\">\n\t\t\t\t<div class=\"elementor-widget-container\">\n\t\t\t\t\t\t\t\t\t<div class=\"elementor-button-wrapper\">\n\t\t\t\t\t<a class=\"elementor-button elementor-button-link elementor-size-sm\" href=\"https:\/\/www.vivaticket.com\/it\/ticket\/su-temi-ebraici\/235988\">\n\t\t\t\t\t\t<span class=\"elementor-button-content-wrapper\">\n\t\t\t\t\t\t\t\t\t<span class=\"elementor-button-text\">BUY TICKETS<\/span>\n\t\t\t\t\t<\/span>\n\t\t\t\t\t<\/a>\n\t\t\t\t<\/div>\n\t\t\t\t\t\t\t\t<\/div>\n\t\t\t\t<\/div>\n\t\t\t\t<div class=\"elementor-element elementor-element-77779e8 elementor-widget elementor-widget-spacer\" data-id=\"77779e8\" data-element_type=\"widget\" data-widget_type=\"spacer.default\">\n\t\t\t\t<div class=\"elementor-widget-container\">\n\t\t\t\t\t\t\t<div class=\"elementor-spacer\">\n\t\t\t<div class=\"elementor-spacer-inner\"><\/div>\n\t\t<\/div>\n\t\t\t\t\t\t<\/div>\n\t\t\t\t<\/div>\n\t\t\t\t\t<\/div>\n\t\t<\/div>\n\t\t\t\t\t<\/div>\n\t\t<\/section>\n\t\t\t\t<div class=\"elementor-element elementor-element-211dcbf elementor-widget elementor-widget-spacer\" data-id=\"211dcbf\" data-element_type=\"widget\" data-widget_type=\"spacer.default\">\n\t\t\t\t<div class=\"elementor-widget-container\">\n\t\t\t\t\t\t\t<div class=\"elementor-spacer\">\n\t\t\t<div class=\"elementor-spacer-inner\"><\/div>\n\t\t<\/div>\n\t\t\t\t\t\t<\/div>\n\t\t\t\t<\/div>\n\t\t\t\t\t<\/div>\n\t\t<\/div>\n\t\t\t\t\t<\/div>\n\t\t<\/section>\n\t\t\t\t<section class=\"elementor-section elementor-top-section elementor-element elementor-element-1c293c53 elementor-section-content-middle elementor-section-boxed elementor-section-height-default elementor-section-height-default\" data-id=\"1c293c53\" data-element_type=\"section\" data-settings=\"{&quot;background_background&quot;:&quot;classic&quot;}\">\n\t\t\t\t\t\t<div class=\"elementor-container elementor-column-gap-no\">\n\t\t\t\t\t<div class=\"elementor-column elementor-col-100 elementor-top-column elementor-element elementor-element-4e59321a\" data-id=\"4e59321a\" data-element_type=\"column\">\n\t\t\t<div class=\"elementor-widget-wrap elementor-element-populated\">\n\t\t\t\t\t\t<div class=\"elementor-element elementor-element-5c99921 elementor-widget elementor-widget-gallery\" data-id=\"5c99921\" data-element_type=\"widget\" data-settings=\"{&quot;gallery_layout&quot;:&quot;masonry&quot;,&quot;lazyload&quot;:&quot;yes&quot;,&quot;columns&quot;:4,&quot;columns_tablet&quot;:2,&quot;columns_mobile&quot;:1,&quot;gap&quot;:{&quot;unit&quot;:&quot;px&quot;,&quot;size&quot;:10,&quot;sizes&quot;:[]},&quot;gap_tablet&quot;:{&quot;unit&quot;:&quot;px&quot;,&quot;size&quot;:10,&quot;sizes&quot;:[]},&quot;gap_mobile&quot;:{&quot;unit&quot;:&quot;px&quot;,&quot;size&quot;:10,&quot;sizes&quot;:[]},&quot;link_to&quot;:&quot;file&quot;,&quot;show_all_galleries&quot;:&quot;yes&quot;,&quot;overlay_background&quot;:&quot;yes&quot;,&quot;content_hover_animation&quot;:&quot;fade-in&quot;}\" data-widget_type=\"gallery.default\">\n\t\t\t\t<div class=\"elementor-widget-container\">\n\t\t\t\t\t\t\t\t<div class=\"elementor-gallery__titles-container e--pointer-underline e--animation-fade\" aria-label=\"Gallery filter\">\n\t\t\t\t\t\t\t\t\t<a class=\"elementor-item elementor-gallery-title\" role=\"button\" tabindex=\"0\" data-gallery-index=\"all\">\n\t\t\t\t\t\t\t\t\t\t\t<\/a>\n\t\t\t\t\n\t\t\t\t\t\t\t\t\t<a class=\"elementor-item elementor-gallery-title\" role=\"button\" tabindex=\"0\" data-gallery-index=\"0\">\n\t\t\t\t\t\t\t\t\t\t\t<\/a>\n\t\t\t\t\t\t\t\t<\/div>\n\t\t\t\t\t<div class=\"elementor-gallery__container\">\n\t\t\t\t\t\t\t<a class=\"e-gallery-item elementor-gallery-item elementor-animated-content\" data-e-gallery-tags=\"0\" href=\"https:\/\/lericimusicfestival.org\/wp-content\/uploads\/2024\/06\/Alberto-Bologni.webp\" data-elementor-open-lightbox=\"yes\" data-elementor-lightbox-slideshow=\"5c99921\" data-elementor-lightbox-title=\"Alberto Bologni\" data-e-action-hash=\"#elementor-action%3Aaction%3Dlightbox%26settings%3DeyJpZCI6NjM1NCwidXJsIjoiaHR0cHM6XC9cL2xlcmljaW11c2ljZmVzdGl2YWwub3JnXC93cC1jb250ZW50XC91cGxvYWRzXC8yMDI0XC8wNlwvQWxiZXJ0by1Cb2xvZ25pLndlYnAiLCJzbGlkZXNob3ciOiI1Yzk5OTIxIn0%3D\">\n\t\t\t\t\t<div class=\"e-gallery-image elementor-gallery-item__image\" data-thumbnail=\"https:\/\/lericimusicfestival.org\/wp-content\/uploads\/2024\/06\/Alberto-Bologni.webp\" data-width=\"1000\" data-height=\"1500\" aria-label=\"\" role=\"img\" ><\/div>\n\t\t\t\t\t\t\t\t\t\t\t<div class=\"elementor-gallery-item__overlay\"><\/div>\n\t\t\t\t\t\t\t\t\t\t\t\t\t\t<\/a>\n\t\t\t\t\t\t\t<a class=\"e-gallery-item elementor-gallery-item elementor-animated-content\" data-e-gallery-tags=\"0\" href=\"https:\/\/lericimusicfestival.org\/wp-content\/uploads\/2023\/04\/20230729-Alexander_Bedenko_photo-by-Dinara_Khairova.jpeg\" data-elementor-open-lightbox=\"yes\" data-elementor-lightbox-slideshow=\"5c99921\" data-elementor-lightbox-title=\"20230729 Alexander_Bedenko_photo by Dinara_Khairova\" data-elementor-lightbox-description=\"20230729 Alexander_Bedenko_photo by Dinara_Khairova\" data-e-action-hash=\"#elementor-action%3Aaction%3Dlightbox%26settings%3DeyJpZCI6NDkxNCwidXJsIjoiaHR0cHM6XC9cL2xlcmljaW11c2ljZmVzdGl2YWwub3JnXC93cC1jb250ZW50XC91cGxvYWRzXC8yMDIzXC8wNFwvMjAyMzA3MjktQWxleGFuZGVyX0JlZGVua29fcGhvdG8tYnktRGluYXJhX0toYWlyb3ZhLmpwZWciLCJzbGlkZXNob3ciOiI1Yzk5OTIxIn0%3D\">\n\t\t\t\t\t<div class=\"e-gallery-image elementor-gallery-item__image\" data-thumbnail=\"https:\/\/lericimusicfestival.org\/wp-content\/uploads\/2023\/04\/20230729-Alexander_Bedenko_photo-by-Dinara_Khairova.jpeg\" data-width=\"1032\" data-height=\"1548\" aria-label=\"\" role=\"img\" ><\/div>\n\t\t\t\t\t\t\t\t\t\t\t<div class=\"elementor-gallery-item__overlay\"><\/div>\n\t\t\t\t\t\t\t\t\t\t\t\t\t\t<\/a>\n\t\t\t\t\t\t\t<a class=\"e-gallery-item elementor-gallery-item elementor-animated-content\" data-e-gallery-tags=\"0\" href=\"https:\/\/lericimusicfestival.org\/wp-content\/uploads\/2024\/06\/Miriam-Prandi-photo-by-Fabrizio-Sansoni.webp\" data-elementor-open-lightbox=\"yes\" data-elementor-lightbox-slideshow=\"5c99921\" data-elementor-lightbox-title=\"Miriam Prandi photo by Fabrizio Sansoni\" data-elementor-lightbox-description=\"Miriam Prandi photo by Fabrizio Sansoni\" data-e-action-hash=\"#elementor-action%3Aaction%3Dlightbox%26settings%3DeyJpZCI6NjQzOSwidXJsIjoiaHR0cHM6XC9cL2xlcmljaW11c2ljZmVzdGl2YWwub3JnXC93cC1jb250ZW50XC91cGxvYWRzXC8yMDI0XC8wNlwvTWlyaWFtLVByYW5kaS1waG90by1ieS1GYWJyaXppby1TYW5zb25pLndlYnAiLCJzbGlkZXNob3ciOiI1Yzk5OTIxIn0%3D\">\n\t\t\t\t\t<div class=\"e-gallery-image elementor-gallery-item__image\" data-thumbnail=\"https:\/\/lericimusicfestival.org\/wp-content\/uploads\/2024\/06\/Miriam-Prandi-photo-by-Fabrizio-Sansoni.webp\" data-width=\"1066\" data-height=\"1600\" aria-label=\"Miriam Prandi photo by Fabrizio Sansoni\" role=\"img\" ><\/div>\n\t\t\t\t\t\t\t\t\t\t\t<div class=\"elementor-gallery-item__overlay\"><\/div>\n\t\t\t\t\t\t\t\t\t\t\t\t\t\t<\/a>\n\t\t\t\t\t\t\t<a class=\"e-gallery-item elementor-gallery-item elementor-animated-content\" data-e-gallery-tags=\"0\" href=\"https:\/\/lericimusicfestival.org\/wp-content\/uploads\/2023\/02\/Elly-Suh-violin.jpeg\" data-elementor-open-lightbox=\"yes\" data-elementor-lightbox-slideshow=\"5c99921\" data-elementor-lightbox-title=\"Elly Suh violin\" data-elementor-lightbox-description=\"Elly Suh violin\" data-e-action-hash=\"#elementor-action%3Aaction%3Dlightbox%26settings%3DeyJpZCI6NDgxNywidXJsIjoiaHR0cHM6XC9cL2xlcmljaW11c2ljZmVzdGl2YWwub3JnXC93cC1jb250ZW50XC91cGxvYWRzXC8yMDIzXC8wMlwvRWxseS1TdWgtdmlvbGluLmpwZWciLCJzbGlkZXNob3ciOiI1Yzk5OTIxIn0%3D\">\n\t\t\t\t\t<div class=\"e-gallery-image elementor-gallery-item__image\" data-thumbnail=\"https:\/\/lericimusicfestival.org\/wp-content\/uploads\/2023\/02\/Elly-Suh-violin.jpeg\" data-width=\"480\" data-height=\"270\" aria-label=\"\" role=\"img\" ><\/div>\n\t\t\t\t\t\t\t\t\t\t\t<div class=\"elementor-gallery-item__overlay\"><\/div>\n\t\t\t\t\t\t\t\t\t\t\t\t\t\t<\/a>\n\t\t\t\t\t\t\t<a class=\"e-gallery-item elementor-gallery-item elementor-animated-content\" data-e-gallery-tags=\"0\" href=\"https:\/\/lericimusicfestival.org\/wp-content\/uploads\/2024\/06\/Vitaly-Pisarenko-by-Andreea-Tufescu.webp\" data-elementor-open-lightbox=\"yes\" data-elementor-lightbox-slideshow=\"5c99921\" data-elementor-lightbox-title=\"Vitaly Pisarenko by Andreea Tufescu\" data-elementor-lightbox-description=\"Pianist Vitaly Pisarenko - portraits and headshots by London photographer Andreea Tufescu\" data-e-action-hash=\"#elementor-action%3Aaction%3Dlightbox%26settings%3DeyJpZCI6NjQ2MSwidXJsIjoiaHR0cHM6XC9cL2xlcmljaW11c2ljZmVzdGl2YWwub3JnXC93cC1jb250ZW50XC91cGxvYWRzXC8yMDI0XC8wNlwvVml0YWx5LVBpc2FyZW5rby1ieS1BbmRyZWVhLVR1ZmVzY3Uud2VicCIsInNsaWRlc2hvdyI6IjVjOTk5MjEifQ%3D%3D\">\n\t\t\t\t\t<div class=\"e-gallery-image elementor-gallery-item__image\" data-thumbnail=\"https:\/\/lericimusicfestival.org\/wp-content\/uploads\/2024\/06\/Vitaly-Pisarenko-by-Andreea-Tufescu.webp\" data-width=\"1500\" data-height=\"2250\" aria-label=\"Pianist Vitaly Pisarenko - portraits and headshots by London photographer Andreea Tufescu\" role=\"img\" ><\/div>\n\t\t\t\t\t\t\t\t\t\t\t<div class=\"elementor-gallery-item__overlay\"><\/div>\n\t\t\t\t\t\t\t\t\t\t\t\t\t\t<\/a>\n\t\t\t\t\t<\/div>\n\t\t\t\t\t<\/div>\n\t\t\t\t<\/div>\n\t\t\t\t\t<\/div>\n\t\t<\/div>\n\t\t\t\t\t<\/div>\n\t\t<\/section>\n\t\t\t\t<\/div>\n\t\t","protected":false},"excerpt":{"rendered":"<p>07\/08On Jewish Themes THE CONCERT On Jewish Themes August 07, 9:15 p.m.Villa Marigola, Lerici THE PROGRAM Sergei Prokofiev (1891 &#8211; 1953) Overture on Hebrew Themes, op. 34 Max Bruch (1838 &#8211; 1920) Selection from 8 pieces for clarinet, viola and piano, op. 83 Dmitry Shostakovich (1906 &#8211; 1975) Sonata in D minor for cello and [&hellip;]<\/p>\n","protected":false},"author":4,"featured_media":0,"parent":0,"menu_order":0,"comment_status":"closed","ping_status":"closed","template":"","meta":{"_monsterinsights_skip_tracking":false,"_monsterinsights_sitenote_active":false,"_monsterinsights_sitenote_note":"","_monsterinsights_sitenote_category":0,"footnotes":""},"class_list":["post-7591","page","type-page","status-publish","hentry"],"yoast_head":"<!-- This site is optimized with the Yoast SEO plugin v25.6 - https:\/\/yoast.com\/wordpress\/plugins\/seo\/ -->\n<title>00 07 AUGUST ON JEWISH THEMES - Lerici Music Festival<\/title>\n<meta name=\"robots\" content=\"index, follow, max-snippet:-1, max-image-preview:large, max-video-preview:-1\" \/>\n<link rel=\"canonical\" href=\"https:\/\/lericimusicfestival.org\/en\/00-07-august-on-jewish-themes\/\" \/>\n<meta property=\"og:locale\" content=\"en_US\" \/>\n<meta property=\"og:type\" content=\"article\" \/>\n<meta property=\"og:title\" content=\"00 07 AUGUST ON JEWISH THEMES - Lerici Music Festival\" \/>\n<meta property=\"og:description\" content=\"07\/08On Jewish Themes THE CONCERT On Jewish Themes August 07, 9:15 p.m.Villa Marigola, Lerici THE PROGRAM Sergei Prokofiev (1891 &#8211; 1953) Overture on Hebrew Themes, op. 34 Max Bruch (1838 &#8211; 1920) Selection from 8 pieces for clarinet, viola and piano, op. 83 Dmitry Shostakovich (1906 &#8211; 1975) Sonata in D minor for cello and [&hellip;]\" \/>\n<meta property=\"og:url\" content=\"https:\/\/lericimusicfestival.org\/en\/00-07-august-on-jewish-themes\/\" \/>\n<meta property=\"og:site_name\" content=\"Lerici Music Festival\" \/>\n<meta property=\"article:publisher\" content=\"https:\/\/www.facebook.com\/lericimusicfestival\" \/>\n<meta property=\"article:modified_time\" content=\"2024-07-24T11:07:26+00:00\" \/>\n<meta name=\"twitter:card\" content=\"summary_large_image\" \/>\n<meta name=\"twitter:label1\" content=\"Est. reading time\" \/>\n\t<meta name=\"twitter:data1\" content=\"7 minutes\" \/>\n<script type=\"application\/ld+json\" class=\"yoast-schema-graph\">{\"@context\":\"https:\/\/schema.org\",\"@graph\":[{\"@type\":\"WebPage\",\"@id\":\"https:\/\/lericimusicfestival.org\/en\/00-07-august-on-jewish-themes\/\",\"url\":\"https:\/\/lericimusicfestival.org\/en\/00-07-august-on-jewish-themes\/\",\"name\":\"00 07 AUGUST ON JEWISH THEMES - Lerici Music Festival\",\"isPartOf\":{\"@id\":\"https:\/\/lericimusicfestival.org\/en\/#website\"},\"datePublished\":\"2024-06-29T18:52:38+00:00\",\"dateModified\":\"2024-07-24T11:07:26+00:00\",\"breadcrumb\":{\"@id\":\"https:\/\/lericimusicfestival.org\/en\/00-07-august-on-jewish-themes\/#breadcrumb\"},\"inLanguage\":\"en-US\",\"potentialAction\":[{\"@type\":\"ReadAction\",\"target\":[\"https:\/\/lericimusicfestival.org\/en\/00-07-august-on-jewish-themes\/\"]}]},{\"@type\":\"BreadcrumbList\",\"@id\":\"https:\/\/lericimusicfestival.org\/en\/00-07-august-on-jewish-themes\/#breadcrumb\",\"itemListElement\":[{\"@type\":\"ListItem\",\"position\":1,\"name\":\"Home\",\"item\":\"https:\/\/lericimusicfestival.org\/en\/\"},{\"@type\":\"ListItem\",\"position\":2,\"name\":\"00 07 AUGUST ON JEWISH THEMES\"}]},{\"@type\":\"WebSite\",\"@id\":\"https:\/\/lericimusicfestival.org\/en\/#website\",\"url\":\"https:\/\/lericimusicfestival.org\/en\/\",\"name\":\"Lerici Music Festival\",\"description\":\"Officiall website for the Lerici Music Festival\",\"publisher\":{\"@id\":\"https:\/\/lericimusicfestival.org\/en\/#organization\"},\"potentialAction\":[{\"@type\":\"SearchAction\",\"target\":{\"@type\":\"EntryPoint\",\"urlTemplate\":\"https:\/\/lericimusicfestival.org\/en\/?s={search_term_string}\"},\"query-input\":{\"@type\":\"PropertyValueSpecification\",\"valueRequired\":true,\"valueName\":\"search_term_string\"}}],\"inLanguage\":\"en-US\"},{\"@type\":\"Organization\",\"@id\":\"https:\/\/lericimusicfestival.org\/en\/#organization\",\"name\":\"Lerici Music Festival\",\"url\":\"https:\/\/lericimusicfestival.org\/en\/\",\"logo\":{\"@type\":\"ImageObject\",\"inLanguage\":\"en-US\",\"@id\":\"https:\/\/lericimusicfestival.org\/en\/#\/schema\/logo\/image\/\",\"url\":\"https:\/\/lericimusicfestival.org\/wp-content\/uploads\/2023\/03\/LERICI-FESTIVAL-FAVICON.png\",\"contentUrl\":\"https:\/\/lericimusicfestival.org\/wp-content\/uploads\/2023\/03\/LERICI-FESTIVAL-FAVICON.png\",\"width\":500,\"height\":325,\"caption\":\"Lerici Music Festival\"},\"image\":{\"@id\":\"https:\/\/lericimusicfestival.org\/en\/#\/schema\/logo\/image\/\"},\"sameAs\":[\"https:\/\/www.facebook.com\/lericimusicfestival\",\"https:\/\/www.instagram.com\/lericimusicfestival\/\"]}]}<\/script>\n<!-- \/ Yoast SEO plugin. -->","yoast_head_json":{"title":"00 07 AUGUST ON JEWISH THEMES - Lerici Music Festival","robots":{"index":"index","follow":"follow","max-snippet":"max-snippet:-1","max-image-preview":"max-image-preview:large","max-video-preview":"max-video-preview:-1"},"canonical":"https:\/\/lericimusicfestival.org\/en\/00-07-august-on-jewish-themes\/","og_locale":"en_US","og_type":"article","og_title":"00 07 AUGUST ON JEWISH THEMES - Lerici Music Festival","og_description":"07\/08On Jewish Themes THE CONCERT On Jewish Themes August 07, 9:15 p.m.Villa Marigola, Lerici THE PROGRAM Sergei Prokofiev (1891 &#8211; 1953) Overture on Hebrew Themes, op. 34 Max Bruch (1838 &#8211; 1920) Selection from 8 pieces for clarinet, viola and piano, op. 83 Dmitry Shostakovich (1906 &#8211; 1975) Sonata in D minor for cello and [&hellip;]","og_url":"https:\/\/lericimusicfestival.org\/en\/00-07-august-on-jewish-themes\/","og_site_name":"Lerici Music Festival","article_publisher":"https:\/\/www.facebook.com\/lericimusicfestival","article_modified_time":"2024-07-24T11:07:26+00:00","twitter_card":"summary_large_image","twitter_misc":{"Est. reading time":"7 minutes"},"schema":{"@context":"https:\/\/schema.org","@graph":[{"@type":"WebPage","@id":"https:\/\/lericimusicfestival.org\/en\/00-07-august-on-jewish-themes\/","url":"https:\/\/lericimusicfestival.org\/en\/00-07-august-on-jewish-themes\/","name":"00 07 AUGUST ON JEWISH THEMES - Lerici Music Festival","isPartOf":{"@id":"https:\/\/lericimusicfestival.org\/en\/#website"},"datePublished":"2024-06-29T18:52:38+00:00","dateModified":"2024-07-24T11:07:26+00:00","breadcrumb":{"@id":"https:\/\/lericimusicfestival.org\/en\/00-07-august-on-jewish-themes\/#breadcrumb"},"inLanguage":"en-US","potentialAction":[{"@type":"ReadAction","target":["https:\/\/lericimusicfestival.org\/en\/00-07-august-on-jewish-themes\/"]}]},{"@type":"BreadcrumbList","@id":"https:\/\/lericimusicfestival.org\/en\/00-07-august-on-jewish-themes\/#breadcrumb","itemListElement":[{"@type":"ListItem","position":1,"name":"Home","item":"https:\/\/lericimusicfestival.org\/en\/"},{"@type":"ListItem","position":2,"name":"00 07 AUGUST ON JEWISH THEMES"}]},{"@type":"WebSite","@id":"https:\/\/lericimusicfestival.org\/en\/#website","url":"https:\/\/lericimusicfestival.org\/en\/","name":"Lerici Music Festival","description":"Officiall website for the Lerici Music Festival","publisher":{"@id":"https:\/\/lericimusicfestival.org\/en\/#organization"},"potentialAction":[{"@type":"SearchAction","target":{"@type":"EntryPoint","urlTemplate":"https:\/\/lericimusicfestival.org\/en\/?s={search_term_string}"},"query-input":{"@type":"PropertyValueSpecification","valueRequired":true,"valueName":"search_term_string"}}],"inLanguage":"en-US"},{"@type":"Organization","@id":"https:\/\/lericimusicfestival.org\/en\/#organization","name":"Lerici Music Festival","url":"https:\/\/lericimusicfestival.org\/en\/","logo":{"@type":"ImageObject","inLanguage":"en-US","@id":"https:\/\/lericimusicfestival.org\/en\/#\/schema\/logo\/image\/","url":"https:\/\/lericimusicfestival.org\/wp-content\/uploads\/2023\/03\/LERICI-FESTIVAL-FAVICON.png","contentUrl":"https:\/\/lericimusicfestival.org\/wp-content\/uploads\/2023\/03\/LERICI-FESTIVAL-FAVICON.png","width":500,"height":325,"caption":"Lerici Music Festival"},"image":{"@id":"https:\/\/lericimusicfestival.org\/en\/#\/schema\/logo\/image\/"},"sameAs":["https:\/\/www.facebook.com\/lericimusicfestival","https:\/\/www.instagram.com\/lericimusicfestival\/"]}]}},"_links":{"self":[{"href":"https:\/\/lericimusicfestival.org\/en\/wp-json\/wp\/v2\/pages\/7591","targetHints":{"allow":["GET"]}}],"collection":[{"href":"https:\/\/lericimusicfestival.org\/en\/wp-json\/wp\/v2\/pages"}],"about":[{"href":"https:\/\/lericimusicfestival.org\/en\/wp-json\/wp\/v2\/types\/page"}],"author":[{"embeddable":true,"href":"https:\/\/lericimusicfestival.org\/en\/wp-json\/wp\/v2\/users\/4"}],"replies":[{"embeddable":true,"href":"https:\/\/lericimusicfestival.org\/en\/wp-json\/wp\/v2\/comments?post=7591"}],"version-history":[{"count":7,"href":"https:\/\/lericimusicfestival.org\/en\/wp-json\/wp\/v2\/pages\/7591\/revisions"}],"predecessor-version":[{"id":8561,"href":"https:\/\/lericimusicfestival.org\/en\/wp-json\/wp\/v2\/pages\/7591\/revisions\/8561"}],"wp:attachment":[{"href":"https:\/\/lericimusicfestival.org\/en\/wp-json\/wp\/v2\/media?parent=7591"}],"curies":[{"name":"wp","href":"https:\/\/api.w.org\/{rel}","templated":true}]}}